{"id":4423,"date":"2023-07-12T11:22:14","date_gmt":"2023-07-12T11:22:14","guid":{"rendered":"https:\/\/mikailakar.com\/presse\/"},"modified":"2023-07-29T08:34:06","modified_gmt":"2023-07-29T08:34:06","slug":"press","status":"publish","type":"page","link":"https:\/\/mikailakar.com\/en\/press\/","title":{"rendered":"Press"},"content":{"rendered":"\t\t<div data-elementor-type=\"wp-page\" data-elementor-id=\"4423\" class=\"elementor elementor-4423 elementor-66\" data-elementor-post-type=\"page\">\n\t\t\t\t\t\t<section data-particle_enable=\"false\" data-particle-mobile-disabled=\"false\" class=\"elementor-section elementor-top-section elementor-element elementor-element-4a67a63 elementor-section-boxed elementor-section-height-default elementor-section-height-default\" data-id=\"4a67a63\" data-element_type=\"section\" data-settings=\"{&quot;background_background&quot;:&quot;classic&quot;}\">\n\t\t\t\t\t\t\t<div class=\"elementor-background-overlay\"><\/div>\n\t\t\t\t\t\t\t<div class=\"elementor-container elementor-column-gap-default\">\n\t\t\t\t\t<div class=\"elementor-column elementor-col-100 elementor-top-column elementor-element elementor-element-523cc17\" data-id=\"523cc17\" data-element_type=\"column\">\n\t\t\t<div class=\"elementor-widget-wrap elementor-element-populated\">\n\t\t\t\t\t\t<section data-particle_enable=\"false\" data-particle-mobile-disabled=\"false\" class=\"elementor-section elementor-inner-section elementor-element elementor-element-1754241 elementor-section-height-min-height elementor-section-boxed elementor-section-height-default\" data-id=\"1754241\" data-element_type=\"section\">\n\t\t\t\t\t\t<div class=\"elementor-container elementor-column-gap-default\">\n\t\t\t\t\t<div class=\"elementor-column elementor-col-100 elementor-inner-column elementor-element elementor-element-9ecd8bb\" data-id=\"9ecd8bb\" data-element_type=\"column\">\n\t\t\t<div class=\"elementor-widget-wrap elementor-element-populated\">\n\t\t\t\t\t\t<div class=\"elementor-element elementor-element-5703c9b eael-infobox-content-align--left elementor-widget__width-initial elementor-widget elementor-widget-eael-info-box\" data-id=\"5703c9b\" data-element_type=\"widget\" data-widget_type=\"eael-info-box.default\">\n\t\t\t\t<div class=\"elementor-widget-container\">\n\t\t\t\t\t        <div class=\"eael-infobox\">\n\t            <div class=\"infobox-content\">\n            <h1 class=\"title\">Stay up to date with the latest reports from Mikail Akar<\/h1><div>Welcome to the press release page about Mikail Akar, where you can stay informed about the latest news, announcements and exciting developments of the young artist.\n<\/div>        <\/div>\n            <\/div>\n\n\t\t\t\t\t\t<\/div>\n\t\t\t\t<\/div>\n\t\t\t\t<div class=\"elementor-element elementor-element-5e1a459 elementor-widget elementor-widget-button\" data-id=\"5e1a459\" data-element_type=\"widget\" data-widget_type=\"button.default\">\n\t\t\t\t<div class=\"elementor-widget-container\">\n\t\t\t\t\t\t\t\t\t<div class=\"elementor-button-wrapper\">\n\t\t\t\t\t<a class=\"elementor-button elementor-button-link elementor-size-sm elementor-animation-float\" href=\"\/en\/contact\/\">\n\t\t\t\t\t\t<span class=\"elementor-button-content-wrapper\">\n\t\t\t\t\t\t\t\t\t<span class=\"elementor-button-text\">Send press inquiry \u2192<\/span>\n\t\t\t\t\t<\/span>\n\t\t\t\t\t<\/a>\n\t\t\t\t<\/div>\n\t\t\t\t\t\t\t\t<\/div>\n\t\t\t\t<\/div>\n\t\t\t\t\t<\/div>\n\t\t<\/div>\n\t\t\t\t\t<\/div>\n\t\t<\/section>\n\t\t\t\t\t<\/div>\n\t\t<\/div>\n\t\t\t\t\t<\/div>\n\t\t<\/section>\n\t\t\t\t<section data-particle_enable=\"false\" data-particle-mobile-disabled=\"false\" class=\"elementor-section elementor-top-section elementor-element elementor-element-5de5bc3 elementor-section-boxed elementor-section-height-default elementor-section-height-default\" data-id=\"5de5bc3\" data-element_type=\"section\">\n\t\t\t\t\t\t<div class=\"elementor-container elementor-column-gap-default\">\n\t\t\t\t\t<div class=\"elementor-column elementor-col-100 elementor-top-column elementor-element elementor-element-b4e326d\" data-id=\"b4e326d\" data-element_type=\"column\">\n\t\t\t<div class=\"elementor-widget-wrap elementor-element-populated\">\n\t\t\t\t\t\t<div class=\"elementor-element elementor-element-08e95ab elementor-grid-tablet_extra-3 elementor-grid-tablet-2 elementor-grid-mobile-1 elementor-grid-3 elementor-widget elementor-widget-loop-grid\" data-id=\"08e95ab\" data-element_type=\"widget\" data-settings=\"{&quot;template_id&quot;:6347,&quot;columns_tablet_extra&quot;:3,&quot;columns_tablet&quot;:2,&quot;columns_mobile&quot;:1,&quot;pagination_type&quot;:&quot;load_more_infinite_scroll&quot;,&quot;row_gap&quot;:{&quot;unit&quot;:&quot;px&quot;,&quot;size&quot;:30,&quot;sizes&quot;:[]},&quot;masonry&quot;:&quot;yes&quot;,&quot;_skin&quot;:&quot;post&quot;,&quot;columns&quot;:&quot;3&quot;,&quot;edit_handle_selector&quot;:&quot;[data-elementor-type=\\&quot;loop-item\\&quot;]&quot;,&quot;load_more_spinner&quot;:{&quot;value&quot;:&quot;fas fa-spinner&quot;,&quot;library&quot;:&quot;fa-solid&quot;},&quot;row_gap_tablet_extra&quot;:{&quot;unit&quot;:&quot;px&quot;,&quot;size&quot;:&quot;&quot;,&quot;sizes&quot;:[]},&quot;row_gap_tablet&quot;:{&quot;unit&quot;:&quot;px&quot;,&quot;size&quot;:&quot;&quot;,&quot;sizes&quot;:[]},&quot;row_gap_mobile&quot;:{&quot;unit&quot;:&quot;px&quot;,&quot;size&quot;:&quot;&quot;,&quot;sizes&quot;:[]}}\" data-widget_type=\"loop-grid.post\">\n\t\t\t\t<div class=\"elementor-widget-container\">\n\t\t\t\t\t\t\t<div class=\"elementor-loop-container elementor-grid\">\n\t\t<style id=\"loop-6347\">.elementor-widget-section .eael-protected-content-message{font-family:var( --e-global-typography-secondary-font-family ), Sans-serif;font-weight:var( --e-global-typography-secondary-font-weight );}.elementor-widget-section .protected-content-error-msg{font-family:var( --e-global-typography-secondary-font-family ), Sans-serif;font-weight:var( --e-global-typography-secondary-font-weight );}.elementor-6347 .elementor-element.elementor-element-51713bb:not(.elementor-motion-effects-element-type-background), .elementor-6347 .elementor-element.elementor-element-51713bb > .elementor-motion-effects-container > .elementor-motion-effects-layer{background-color:var( --e-global-color-a896177 );}.elementor-6347 .elementor-element.elementor-element-51713bb{border-style:solid;border-width:0px 0px 1px 0px;border-color:var( --e-global-color-f79f62f );box-shadow:5px 8px 24px 0px rgba(0, 0, 0, 0.08);transition:background 0.3s, border 0.3s, border-radius 0.3s, box-shadow 0.3s;padding:14px 14px 14px 14px;}.elementor-6347 .elementor-element.elementor-element-51713bb > .elementor-background-overlay{transition:background 0.3s, border-radius 0.3s, opacity 0.3s;}.elementor-6347 .elementor-element.elementor-element-9485dab > .elementor-container > .elementor-column > .elementor-widget-wrap{align-content:center;align-items:center;}.elementor-widget-image .eael-protected-content-message{font-family:var( --e-global-typography-secondary-font-family ), Sans-serif;font-weight:var( --e-global-typography-secondary-font-weight );}.elementor-widget-image .protected-content-error-msg{font-family:var( --e-global-typography-secondary-font-family ), Sans-serif;font-weight:var( --e-global-typography-secondary-font-weight );}.elementor-widget-image .widget-image-caption{color:var( --e-global-color-text );font-family:var( --e-global-typography-text-font-family ), Sans-serif;font-weight:var( --e-global-typography-text-font-weight );}.elementor-widget-heading .eael-protected-content-message{font-family:var( --e-global-typography-secondary-font-family ), Sans-serif;font-weight:var( --e-global-typography-secondary-font-weight );}.elementor-widget-heading .protected-content-error-msg{font-family:var( --e-global-typography-secondary-font-family ), Sans-serif;font-weight:var( --e-global-typography-secondary-font-weight );}.elementor-widget-heading .elementor-heading-title{font-family:var( --e-global-typography-primary-font-family ), Sans-serif;font-weight:var( --e-global-typography-primary-font-weight );color:var( --e-global-color-primary );}.elementor-6347 .elementor-element.elementor-element-afca23e > .elementor-widget-container{margin:10px 0px 0px 0px;}.elementor-6347 .elementor-element.elementor-element-afca23e .elementor-heading-title{font-family:\"Satoshi\", Sans-serif;font-size:20px;font-weight:700;text-transform:uppercase;color:var( --e-global-color-c4a40c1 );}.elementor-widget-theme-post-excerpt .eael-protected-content-message{font-family:var( --e-global-typography-secondary-font-family ), Sans-serif;font-weight:var( --e-global-typography-secondary-font-weight );}.elementor-widget-theme-post-excerpt .protected-content-error-msg{font-family:var( --e-global-typography-secondary-font-family ), Sans-serif;font-weight:var( --e-global-typography-secondary-font-weight );}.elementor-widget-theme-post-excerpt .elementor-widget-container{color:var( --e-global-color-text );font-family:var( --e-global-typography-text-font-family ), Sans-serif;font-weight:var( --e-global-typography-text-font-weight );}.elementor-6347 .elementor-element.elementor-element-93d4680 > .elementor-widget-container{margin:10px 0px 0px 0px;}.elementor-6347 .elementor-element.elementor-element-93d4680 .elementor-widget-container{font-family:\"Satoshi\", Sans-serif;font-weight:500;}@media(max-width:1200px){.elementor-6347 .elementor-element.elementor-element-93d4680 > .elementor-widget-container{margin:2px 0px 0px 0px;}}@media(max-width:767px){.elementor-6347 .elementor-element.elementor-element-afca23e .elementor-heading-title{font-size:16px;}.elementor-6347 .elementor-element.elementor-element-93d4680 .elementor-widget-container{font-size:14px;}}<\/style>\t\t<div data-elementor-type=\"loop-item\" data-elementor-id=\"6347\" class=\"elementor elementor-6347 elementor-2616 e-loop-item e-loop-item-11516 post-11516 press type-press status-publish has-post-thumbnail hentry\" data-elementor-post-type=\"elementor_library\" data-custom-edit-handle=\"1\">\n\t\t\t<a class=\"eael-wrapper-link-51713bb --eael-wrapper-link-tag\" href=\"https:\/\/koeln.t-online.de\/region\/koeln\/id_100960910\/mikail-akar-aus-koeln-malt-bilder-fuer-manuel-neuer-und-peter-maffay.html\" target=\"_blank\" rel=\"nofollow noopener\"><\/a>\t\t<section data-eael-wrapper-link=\"eael-wrapper-link-51713bb\" data-particle_enable=\"false\" data-particle-mobile-disabled=\"false\" class=\"elementor-section elementor-top-section elementor-element elementor-element-51713bb elementor-section-boxed elementor-section-height-default elementor-section-height-default\" data-id=\"51713bb\" data-element_type=\"section\" data-settings=\"{&quot;background_background&quot;:&quot;classic&quot;}\">\n\t\t\t\t\t\t<div class=\"elementor-container elementor-column-gap-no\">\n\t\t\t\t\t<div class=\"elementor-column elementor-col-100 elementor-top-column elementor-element elementor-element-4594f1c\" data-id=\"4594f1c\" data-element_type=\"column\">\n\t\t\t<div class=\"elementor-widget-wrap elementor-element-populated\">\n\t\t\t\t\t\t<section data-particle_enable=\"false\" data-particle-mobile-disabled=\"false\" class=\"elementor-section elementor-inner-section elementor-element elementor-element-9485dab elementor-section-content-middle elementor-section-boxed elementor-section-height-default elementor-section-height-default\" data-id=\"9485dab\" data-element_type=\"section\">\n\t\t\t\t\t\t<div class=\"elementor-container elementor-column-gap-default\">\n\t\t\t\t\t<div class=\"elementor-column elementor-col-100 elementor-inner-column elementor-element elementor-element-5ef2d7a\" data-id=\"5ef2d7a\" data-element_type=\"column\">\n\t\t\t<div class=\"elementor-widget-wrap elementor-element-populated\">\n\t\t\t\t\t\t<div class=\"elementor-element elementor-element-279c5a5 elementor-widget elementor-widget-image\" data-id=\"279c5a5\" data-element_type=\"widget\" data-widget_type=\"image.default\">\n\t\t\t\t<div class=\"elementor-widget-container\">\n\t\t\t\t\t\t\t\t\t\t\t\t\t\t\t<img fetchpriority=\"high\" decoding=\"async\" width=\"370\" height=\"620\" src=\"https:\/\/mikailakar.com\/wp-content\/uploads\/2026\/01\/Mikail-Akar-aus-Koln-malt-Bilder-fur-Manuel-Neuer-und-Peter-Maffay-01-16-2026_02_09_PM.png\" class=\"attachment-full size-full wp-image-11510\" alt=\"Mikail-Akar-aus-K\u00f6ln-malt-Bilder-f\u00fcr-Manuel-Neuer-und-Peter-Maffay-01-16-2026_02_09_PM\" srcset=\"https:\/\/mikailakar.com\/wp-content\/uploads\/2026\/01\/Mikail-Akar-aus-Koln-malt-Bilder-fur-Manuel-Neuer-und-Peter-Maffay-01-16-2026_02_09_PM.png 370w, https:\/\/mikailakar.com\/wp-content\/uploads\/2026\/01\/Mikail-Akar-aus-Koln-malt-Bilder-fur-Manuel-Neuer-und-Peter-Maffay-01-16-2026_02_09_PM-179x300.png 179w\" sizes=\"(max-width: 370px) 100vw, 370px\" \/>\t\t\t\t\t\t\t\t\t\t\t\t\t\t\t<\/div>\n\t\t\t\t<\/div>\n\t\t\t\t\t<\/div>\n\t\t<\/div>\n\t\t\t\t\t<\/div>\n\t\t<\/section>\n\t\t\t\t<div class=\"elementor-element elementor-element-afca23e elementor-widget elementor-widget-heading\" data-id=\"afca23e\" data-element_type=\"widget\" data-widget_type=\"heading.default\">\n\t\t\t\t<div class=\"elementor-widget-container\">\n\t\t\t\t\t<h3 class=\"elementor-heading-title elementor-size-default\">Stars kaufen seine Bilder f\u00fcr viel Geld \u2013 dabei ist er erst 13<\/h3>\t\t\t\t<\/div>\n\t\t\t\t<\/div>\n\t\t\t\t\t<\/div>\n\t\t<\/div>\n\t\t\t\t\t<\/div>\n\t\t<\/section>\n\t\t\t\t<\/div>\n\t\t\t\t<div data-elementor-type=\"loop-item\" data-elementor-id=\"6347\" class=\"elementor elementor-6347 elementor-2616 e-loop-item e-loop-item-11503 post-11503 press type-press status-publish has-post-thumbnail hentry\" data-elementor-post-type=\"elementor_library\" data-custom-edit-handle=\"1\">\n\t\t\t<a class=\"eael-wrapper-link-51713bb --eael-wrapper-link-tag\" href=\"https:\/\/www.express.de\/koeln\/rasanter-aufstieg-von-koelner-wunderkind-14-die-welt-feiert-ihn-1190845\" target=\"_blank\" rel=\"nofollow noopener\"><\/a>\t\t<section data-eael-wrapper-link=\"eael-wrapper-link-51713bb\" data-particle_enable=\"false\" data-particle-mobile-disabled=\"false\" class=\"elementor-section elementor-top-section elementor-element elementor-element-51713bb elementor-section-boxed elementor-section-height-default elementor-section-height-default\" data-id=\"51713bb\" data-element_type=\"section\" data-settings=\"{&quot;background_background&quot;:&quot;classic&quot;}\">\n\t\t\t\t\t\t<div class=\"elementor-container elementor-column-gap-no\">\n\t\t\t\t\t<div class=\"elementor-column elementor-col-100 elementor-top-column elementor-element elementor-element-4594f1c\" data-id=\"4594f1c\" data-element_type=\"column\">\n\t\t\t<div class=\"elementor-widget-wrap elementor-element-populated\">\n\t\t\t\t\t\t<section data-particle_enable=\"false\" data-particle-mobile-disabled=\"false\" class=\"elementor-section elementor-inner-section elementor-element elementor-element-9485dab elementor-section-content-middle elementor-section-boxed elementor-section-height-default elementor-section-height-default\" data-id=\"9485dab\" data-element_type=\"section\">\n\t\t\t\t\t\t<div class=\"elementor-container elementor-column-gap-default\">\n\t\t\t\t\t<div class=\"elementor-column elementor-col-100 elementor-inner-column elementor-element elementor-element-5ef2d7a\" data-id=\"5ef2d7a\" data-element_type=\"column\">\n\t\t\t<div class=\"elementor-widget-wrap elementor-element-populated\">\n\t\t\t\t\t\t<div class=\"elementor-element elementor-element-279c5a5 elementor-widget elementor-widget-image\" data-id=\"279c5a5\" data-element_type=\"widget\" data-widget_type=\"image.default\">\n\t\t\t\t<div class=\"elementor-widget-container\">\n\t\t\t\t\t\t\t\t\t\t\t\t\t\t\t<img decoding=\"async\" width=\"367\" height=\"638\" src=\"https:\/\/mikailakar.com\/wp-content\/uploads\/2026\/01\/Rasanter-Aufstieg-von-Kolner-Wunderkind-14-Die-Welt-feiert-ihn-Express-01-16-2026_02_07_PM.png\" class=\"attachment-full size-full wp-image-11497\" alt=\"Rasanter-Aufstieg-von-K\u00f6lner-Wunderkind-14-Die-Welt-feiert-ihn-Express-01-16-2026_02_07_PM\" srcset=\"https:\/\/mikailakar.com\/wp-content\/uploads\/2026\/01\/Rasanter-Aufstieg-von-Kolner-Wunderkind-14-Die-Welt-feiert-ihn-Express-01-16-2026_02_07_PM.png 367w, https:\/\/mikailakar.com\/wp-content\/uploads\/2026\/01\/Rasanter-Aufstieg-von-Kolner-Wunderkind-14-Die-Welt-feiert-ihn-Express-01-16-2026_02_07_PM-173x300.png 173w\" sizes=\"(max-width: 367px) 100vw, 367px\" \/>\t\t\t\t\t\t\t\t\t\t\t\t\t\t\t<\/div>\n\t\t\t\t<\/div>\n\t\t\t\t\t<\/div>\n\t\t<\/div>\n\t\t\t\t\t<\/div>\n\t\t<\/section>\n\t\t\t\t<div class=\"elementor-element elementor-element-afca23e elementor-widget elementor-widget-heading\" data-id=\"afca23e\" data-element_type=\"widget\" data-widget_type=\"heading.default\">\n\t\t\t\t<div class=\"elementor-widget-container\">\n\t\t\t\t\t<h3 class=\"elementor-heading-title elementor-size-default\">Rasanter Aufstieg von K\u00f6lner Wunderkind (14)<\/h3>\t\t\t\t<\/div>\n\t\t\t\t<\/div>\n\t\t\t\t\t<\/div>\n\t\t<\/div>\n\t\t\t\t\t<\/div>\n\t\t<\/section>\n\t\t\t\t<\/div>\n\t\t\t\t<div data-elementor-type=\"loop-item\" data-elementor-id=\"6347\" class=\"elementor elementor-6347 elementor-2616 e-loop-item e-loop-item-11485 post-11485 press type-press status-publish has-post-thumbnail hentry\" data-elementor-post-type=\"elementor_library\" data-custom-edit-handle=\"1\">\n\t\t\t<a class=\"eael-wrapper-link-51713bb --eael-wrapper-link-tag\" href=\"https:\/\/www.ksta.de\/koeln\/ehrenfeld\/ehrenfeld\/14-jaehriger-mikail-akar-aus-koeln-weltweit-als-mal-wunderkind-gefeiert-1189123\" target=\"_blank\" rel=\"nofollow noopener\"><\/a>\t\t<section data-eael-wrapper-link=\"eael-wrapper-link-51713bb\" data-particle_enable=\"false\" data-particle-mobile-disabled=\"false\" class=\"elementor-section elementor-top-section elementor-element elementor-element-51713bb elementor-section-boxed elementor-section-height-default elementor-section-height-default\" data-id=\"51713bb\" data-element_type=\"section\" data-settings=\"{&quot;background_background&quot;:&quot;classic&quot;}\">\n\t\t\t\t\t\t<div class=\"elementor-container elementor-column-gap-no\">\n\t\t\t\t\t<div class=\"elementor-column elementor-col-100 elementor-top-column elementor-element elementor-element-4594f1c\" data-id=\"4594f1c\" data-element_type=\"column\">\n\t\t\t<div class=\"elementor-widget-wrap elementor-element-populated\">\n\t\t\t\t\t\t<section data-particle_enable=\"false\" data-particle-mobile-disabled=\"false\" class=\"elementor-section elementor-inner-section elementor-element elementor-element-9485dab elementor-section-content-middle elementor-section-boxed elementor-section-height-default elementor-section-height-default\" data-id=\"9485dab\" data-element_type=\"section\">\n\t\t\t\t\t\t<div class=\"elementor-container elementor-column-gap-default\">\n\t\t\t\t\t<div class=\"elementor-column elementor-col-100 elementor-inner-column elementor-element elementor-element-5ef2d7a\" data-id=\"5ef2d7a\" data-element_type=\"column\">\n\t\t\t<div class=\"elementor-widget-wrap elementor-element-populated\">\n\t\t\t\t\t\t<div class=\"elementor-element elementor-element-279c5a5 elementor-widget elementor-widget-image\" data-id=\"279c5a5\" data-element_type=\"widget\" data-widget_type=\"image.default\">\n\t\t\t\t<div class=\"elementor-widget-container\">\n\t\t\t\t\t\t\t\t\t\t\t\t\t\t\t<img decoding=\"async\" width=\"367\" height=\"708\" src=\"https:\/\/mikailakar.com\/wp-content\/uploads\/2026\/01\/14-jahriger-Mikail-Akar-aus-Koln-weltweit-als-Mal-Wunderkind-gefeiert-Kolner-Stadt-Anzeiger-01-16-2026_02_05_PM.png\" class=\"attachment-full size-full wp-image-11479\" alt=\"14-j\u00e4hriger-Mikail-Akar-aus-K\u00f6ln-weltweit-als-Mal-Wunderkind-gefeiert-K\u00f6lner-Stadt-Anzeiger-01-16-2026_02_05_PM\" srcset=\"https:\/\/mikailakar.com\/wp-content\/uploads\/2026\/01\/14-jahriger-Mikail-Akar-aus-Koln-weltweit-als-Mal-Wunderkind-gefeiert-Kolner-Stadt-Anzeiger-01-16-2026_02_05_PM.png 367w, https:\/\/mikailakar.com\/wp-content\/uploads\/2026\/01\/14-jahriger-Mikail-Akar-aus-Koln-weltweit-als-Mal-Wunderkind-gefeiert-Kolner-Stadt-Anzeiger-01-16-2026_02_05_PM-156x300.png 156w\" sizes=\"(max-width: 367px) 100vw, 367px\" \/>\t\t\t\t\t\t\t\t\t\t\t\t\t\t\t<\/div>\n\t\t\t\t<\/div>\n\t\t\t\t\t<\/div>\n\t\t<\/div>\n\t\t\t\t\t<\/div>\n\t\t<\/section>\n\t\t\t\t<div class=\"elementor-element elementor-element-afca23e elementor-widget elementor-widget-heading\" data-id=\"afca23e\" data-element_type=\"widget\" data-widget_type=\"heading.default\">\n\t\t\t\t<div class=\"elementor-widget-container\">\n\t\t\t\t\t<h3 class=\"elementor-heading-title elementor-size-default\">14-j\u00e4hriger Mikail Akar aus K\u00f6ln weltweit als Mal-Wunderkind gefeiert<\/h3>\t\t\t\t<\/div>\n\t\t\t\t<\/div>\n\t\t\t\t\t<\/div>\n\t\t<\/div>\n\t\t\t\t\t<\/div>\n\t\t<\/section>\n\t\t\t\t<\/div>\n\t\t\t\t<div data-elementor-type=\"loop-item\" data-elementor-id=\"6347\" class=\"elementor elementor-6347 elementor-2616 e-loop-item e-loop-item-10247 post-10247 press type-press status-publish has-post-thumbnail hentry\" data-elementor-post-type=\"elementor_library\" data-custom-edit-handle=\"1\">\n\t\t\t<a class=\"eael-wrapper-link-51713bb --eael-wrapper-link-tag\" href=\"https:\/\/www.spiegel.de\/panorama\/kuenstler-mikail-akar-bitte-nicht-wunderkind-a-f11efe1b-c8e4-4003-a644-49f042ff43b6\" target=\"_blank\" rel=\"nofollow noopener\"><\/a>\t\t<section data-eael-wrapper-link=\"eael-wrapper-link-51713bb\" data-particle_enable=\"false\" data-particle-mobile-disabled=\"false\" class=\"elementor-section elementor-top-section elementor-element elementor-element-51713bb elementor-section-boxed elementor-section-height-default elementor-section-height-default\" data-id=\"51713bb\" data-element_type=\"section\" data-settings=\"{&quot;background_background&quot;:&quot;classic&quot;}\">\n\t\t\t\t\t\t<div class=\"elementor-container elementor-column-gap-no\">\n\t\t\t\t\t<div class=\"elementor-column elementor-col-100 elementor-top-column elementor-element elementor-element-4594f1c\" data-id=\"4594f1c\" data-element_type=\"column\">\n\t\t\t<div class=\"elementor-widget-wrap elementor-element-populated\">\n\t\t\t\t\t\t<section data-particle_enable=\"false\" data-particle-mobile-disabled=\"false\" class=\"elementor-section elementor-inner-section elementor-element elementor-element-9485dab elementor-section-content-middle elementor-section-boxed elementor-section-height-default elementor-section-height-default\" data-id=\"9485dab\" data-element_type=\"section\">\n\t\t\t\t\t\t<div class=\"elementor-container elementor-column-gap-default\">\n\t\t\t\t\t<div class=\"elementor-column elementor-col-100 elementor-inner-column elementor-element elementor-element-5ef2d7a\" data-id=\"5ef2d7a\" data-element_type=\"column\">\n\t\t\t<div class=\"elementor-widget-wrap elementor-element-populated\">\n\t\t\t\t\t\t<div class=\"elementor-element elementor-element-279c5a5 elementor-widget elementor-widget-image\" data-id=\"279c5a5\" data-element_type=\"widget\" data-widget_type=\"image.default\">\n\t\t\t\t<div class=\"elementor-widget-container\">\n\t\t\t\t\t\t\t\t\t\t\t\t\t\t\t<img loading=\"lazy\" decoding=\"async\" width=\"342\" height=\"556\" src=\"https:\/\/mikailakar.com\/wp-content\/uploads\/2025\/01\/Mikail-Akar.png\" class=\"attachment-full size-full wp-image-10248\" alt=\"Mikail Akar Spiegel\" srcset=\"https:\/\/mikailakar.com\/wp-content\/uploads\/2025\/01\/Mikail-Akar.png 342w, https:\/\/mikailakar.com\/wp-content\/uploads\/2025\/01\/Mikail-Akar-185x300.png 185w\" sizes=\"(max-width: 342px) 100vw, 342px\" \/>\t\t\t\t\t\t\t\t\t\t\t\t\t\t\t<\/div>\n\t\t\t\t<\/div>\n\t\t\t\t\t<\/div>\n\t\t<\/div>\n\t\t\t\t\t<\/div>\n\t\t<\/section>\n\t\t\t\t<div class=\"elementor-element elementor-element-afca23e elementor-widget elementor-widget-heading\" data-id=\"afca23e\" data-element_type=\"widget\" data-widget_type=\"heading.default\">\n\t\t\t\t<div class=\"elementor-widget-container\">\n\t\t\t\t\t<h3 class=\"elementor-heading-title elementor-size-default\">Bitte nicht \u00bbWunderkind\u00ab<\/h3>\t\t\t\t<\/div>\n\t\t\t\t<\/div>\n\t\t\t\t\t<\/div>\n\t\t<\/div>\n\t\t\t\t\t<\/div>\n\t\t<\/section>\n\t\t\t\t<\/div>\n\t\t\t\t<div data-elementor-type=\"loop-item\" data-elementor-id=\"6347\" class=\"elementor elementor-6347 elementor-2616 e-loop-item e-loop-item-10189 post-10189 press type-press status-publish has-post-thumbnail hentry\" data-elementor-post-type=\"elementor_library\" data-custom-edit-handle=\"1\">\n\t\t\t<a class=\"eael-wrapper-link-51713bb --eael-wrapper-link-tag\" href=\"https:\/\/m.bild.de\/regional\/koeln\/koeln-kleiner-kuenstler-mikail-macht-uber-autos-schick-672fbf3c97f2db3e32b62657\" target=\"_blank\" rel=\"nofollow noopener\"><\/a>\t\t<section data-eael-wrapper-link=\"eael-wrapper-link-51713bb\" data-particle_enable=\"false\" data-particle-mobile-disabled=\"false\" class=\"elementor-section elementor-top-section elementor-element elementor-element-51713bb elementor-section-boxed elementor-section-height-default elementor-section-height-default\" data-id=\"51713bb\" data-element_type=\"section\" data-settings=\"{&quot;background_background&quot;:&quot;classic&quot;}\">\n\t\t\t\t\t\t<div class=\"elementor-container elementor-column-gap-no\">\n\t\t\t\t\t<div class=\"elementor-column elementor-col-100 elementor-top-column elementor-element elementor-element-4594f1c\" data-id=\"4594f1c\" data-element_type=\"column\">\n\t\t\t<div class=\"elementor-widget-wrap elementor-element-populated\">\n\t\t\t\t\t\t<section data-particle_enable=\"false\" data-particle-mobile-disabled=\"false\" class=\"elementor-section elementor-inner-section elementor-element elementor-element-9485dab elementor-section-content-middle elementor-section-boxed elementor-section-height-default elementor-section-height-default\" data-id=\"9485dab\" data-element_type=\"section\">\n\t\t\t\t\t\t<div class=\"elementor-container elementor-column-gap-default\">\n\t\t\t\t\t<div class=\"elementor-column elementor-col-100 elementor-inner-column elementor-element elementor-element-5ef2d7a\" data-id=\"5ef2d7a\" data-element_type=\"column\">\n\t\t\t<div class=\"elementor-widget-wrap elementor-element-populated\">\n\t\t\t\t\t\t<div class=\"elementor-element elementor-element-279c5a5 elementor-widget elementor-widget-image\" data-id=\"279c5a5\" data-element_type=\"widget\" data-widget_type=\"image.default\">\n\t\t\t\t<div class=\"elementor-widget-container\">\n\t\t\t\t\t\t\t\t\t\t\t\t\t\t\t<img loading=\"lazy\" decoding=\"async\" width=\"366\" height=\"733\" src=\"https:\/\/mikailakar.com\/wp-content\/uploads\/2024\/11\/Screenshot-2024-11-15-144843.png\" class=\"attachment-full size-full wp-image-10183\" alt=\"Screenshot 2024-11-15 144843\" srcset=\"https:\/\/mikailakar.com\/wp-content\/uploads\/2024\/11\/Screenshot-2024-11-15-144843.png 366w, https:\/\/mikailakar.com\/wp-content\/uploads\/2024\/11\/Screenshot-2024-11-15-144843-150x300.png 150w\" sizes=\"(max-width: 366px) 100vw, 366px\" \/>\t\t\t\t\t\t\t\t\t\t\t\t\t\t\t<\/div>\n\t\t\t\t<\/div>\n\t\t\t\t\t<\/div>\n\t\t<\/div>\n\t\t\t\t\t<\/div>\n\t\t<\/section>\n\t\t\t\t<div class=\"elementor-element elementor-element-afca23e elementor-widget elementor-widget-heading\" data-id=\"afca23e\" data-element_type=\"widget\" data-widget_type=\"heading.default\">\n\t\t\t\t<div class=\"elementor-widget-container\">\n\t\t\t\t\t<h3 class=\"elementor-heading-title elementor-size-default\">Little artist Mikail makes Uber cars chic<\/h3>\t\t\t\t<\/div>\n\t\t\t\t<\/div>\n\t\t\t\t\t<\/div>\n\t\t<\/div>\n\t\t\t\t\t<\/div>\n\t\t<\/section>\n\t\t\t\t<\/div>\n\t\t\t\t<div data-elementor-type=\"loop-item\" data-elementor-id=\"6347\" class=\"elementor elementor-6347 elementor-2616 e-loop-item e-loop-item-10078 post-10078 press type-press status-publish has-post-thumbnail hentry\" data-elementor-post-type=\"elementor_library\" data-custom-edit-handle=\"1\">\n\t\t\t<a class=\"eael-wrapper-link-51713bb --eael-wrapper-link-tag\" href=\"https:\/\/www.tagesspiegel.de\/berlin\/elfjahriger-feiert-vernissage-auf-der-berlin-art-week-mit-pinseln-und-farben-komme-ich-in-eine-andere-welt-12373187.html\" target=\"_blank\" rel=\"nofollow noopener\"><\/a>\t\t<section data-eael-wrapper-link=\"eael-wrapper-link-51713bb\" data-particle_enable=\"false\" data-particle-mobile-disabled=\"false\" class=\"elementor-section elementor-top-section elementor-element elementor-element-51713bb elementor-section-boxed elementor-section-height-default elementor-section-height-default\" data-id=\"51713bb\" data-element_type=\"section\" data-settings=\"{&quot;background_background&quot;:&quot;classic&quot;}\">\n\t\t\t\t\t\t<div class=\"elementor-container elementor-column-gap-no\">\n\t\t\t\t\t<div class=\"elementor-column elementor-col-100 elementor-top-column elementor-element elementor-element-4594f1c\" data-id=\"4594f1c\" data-element_type=\"column\">\n\t\t\t<div class=\"elementor-widget-wrap elementor-element-populated\">\n\t\t\t\t\t\t<section data-particle_enable=\"false\" data-particle-mobile-disabled=\"false\" class=\"elementor-section elementor-inner-section elementor-element elementor-element-9485dab elementor-section-content-middle elementor-section-boxed elementor-section-height-default elementor-section-height-default\" data-id=\"9485dab\" data-element_type=\"section\">\n\t\t\t\t\t\t<div class=\"elementor-container elementor-column-gap-default\">\n\t\t\t\t\t<div class=\"elementor-column elementor-col-100 elementor-inner-column elementor-element elementor-element-5ef2d7a\" data-id=\"5ef2d7a\" data-element_type=\"column\">\n\t\t\t<div class=\"elementor-widget-wrap elementor-element-populated\">\n\t\t\t\t\t\t<div class=\"elementor-element elementor-element-279c5a5 elementor-widget elementor-widget-image\" data-id=\"279c5a5\" data-element_type=\"widget\" data-widget_type=\"image.default\">\n\t\t\t\t<div class=\"elementor-widget-container\">\n\t\t\t\t\t\t\t\t\t\t\t\t\t\t\t<img loading=\"lazy\" decoding=\"async\" width=\"500\" height=\"803\" src=\"https:\/\/mikailakar.com\/wp-content\/uploads\/2024\/09\/Elfjahriger-feiert-Vernissage-auf-der-Berlin-Art-Week-\u201eMit-Pinseln-und-Farben-komme-ich-in-eine-andere-Welt-09-29-2024_07_49_PM.png\" class=\"attachment-full size-full wp-image-10079\" alt=\"\" srcset=\"https:\/\/mikailakar.com\/wp-content\/uploads\/2024\/09\/Elfjahriger-feiert-Vernissage-auf-der-Berlin-Art-Week-\u201eMit-Pinseln-und-Farben-komme-ich-in-eine-andere-Welt-09-29-2024_07_49_PM.png 500w, https:\/\/mikailakar.com\/wp-content\/uploads\/2024\/09\/Elfjahriger-feiert-Vernissage-auf-der-Berlin-Art-Week-\u201eMit-Pinseln-und-Farben-komme-ich-in-eine-andere-Welt-09-29-2024_07_49_PM-187x300.png 187w\" sizes=\"(max-width: 500px) 100vw, 500px\" \/>\t\t\t\t\t\t\t\t\t\t\t\t\t\t\t<\/div>\n\t\t\t\t<\/div>\n\t\t\t\t\t<\/div>\n\t\t<\/div>\n\t\t\t\t\t<\/div>\n\t\t<\/section>\n\t\t\t\t<div class=\"elementor-element elementor-element-afca23e elementor-widget elementor-widget-heading\" data-id=\"afca23e\" data-element_type=\"widget\" data-widget_type=\"heading.default\">\n\t\t\t\t<div class=\"elementor-widget-container\">\n\t\t\t\t\t<h3 class=\"elementor-heading-title elementor-size-default\">Elfj\u00e4hriger feiert Vernissage auf der Berlin Art Week<\/h3>\t\t\t\t<\/div>\n\t\t\t\t<\/div>\n\t\t\t\t\t<\/div>\n\t\t<\/div>\n\t\t\t\t\t<\/div>\n\t\t<\/section>\n\t\t\t\t<\/div>\n\t\t\t\t<div data-elementor-type=\"loop-item\" data-elementor-id=\"6347\" class=\"elementor elementor-6347 elementor-2616 e-loop-item e-loop-item-10070 post-10070 press type-press status-publish has-post-thumbnail hentry\" data-elementor-post-type=\"elementor_library\" data-custom-edit-handle=\"1\">\n\t\t\t<a class=\"eael-wrapper-link-51713bb --eael-wrapper-link-tag\" href=\"https:\/\/www.meinbezirk.at\/innere-stadt\/c-regionauten-community\/rosewood-vienna_a6922131\" target=\"_blank\" rel=\"nofollow noopener\"><\/a>\t\t<section data-eael-wrapper-link=\"eael-wrapper-link-51713bb\" data-particle_enable=\"false\" data-particle-mobile-disabled=\"false\" class=\"elementor-section elementor-top-section elementor-element elementor-element-51713bb elementor-section-boxed elementor-section-height-default elementor-section-height-default\" data-id=\"51713bb\" data-element_type=\"section\" data-settings=\"{&quot;background_background&quot;:&quot;classic&quot;}\">\n\t\t\t\t\t\t<div class=\"elementor-container elementor-column-gap-no\">\n\t\t\t\t\t<div class=\"elementor-column elementor-col-100 elementor-top-column elementor-element elementor-element-4594f1c\" data-id=\"4594f1c\" data-element_type=\"column\">\n\t\t\t<div class=\"elementor-widget-wrap elementor-element-populated\">\n\t\t\t\t\t\t<section data-particle_enable=\"false\" data-particle-mobile-disabled=\"false\" class=\"elementor-section elementor-inner-section elementor-element elementor-element-9485dab elementor-section-content-middle elementor-section-boxed elementor-section-height-default elementor-section-height-default\" data-id=\"9485dab\" data-element_type=\"section\">\n\t\t\t\t\t\t<div class=\"elementor-container elementor-column-gap-default\">\n\t\t\t\t\t<div class=\"elementor-column elementor-col-100 elementor-inner-column elementor-element elementor-element-5ef2d7a\" data-id=\"5ef2d7a\" data-element_type=\"column\">\n\t\t\t<div class=\"elementor-widget-wrap elementor-element-populated\">\n\t\t\t\t\t\t<div class=\"elementor-element elementor-element-279c5a5 elementor-widget elementor-widget-image\" data-id=\"279c5a5\" data-element_type=\"widget\" data-widget_type=\"image.default\">\n\t\t\t\t<div class=\"elementor-widget-container\">\n\t\t\t\t\t\t\t\t\t\t\t\t\t\t\t<img loading=\"lazy\" decoding=\"async\" width=\"500\" height=\"803\" src=\"https:\/\/mikailakar.com\/wp-content\/uploads\/2024\/09\/Mikail-Akar-Ausstellung-27-09-2024-Rosewood-Vienna-Innere-Stadt-09-29-2024_07_44_PM.png\" class=\"attachment-full size-full wp-image-10071\" alt=\"Mikail-Akar-Ausstellung-27-09-2024-Rosewood-Vienna-Innere-Stadt-09-29-2024_07_44_PM\" srcset=\"https:\/\/mikailakar.com\/wp-content\/uploads\/2024\/09\/Mikail-Akar-Ausstellung-27-09-2024-Rosewood-Vienna-Innere-Stadt-09-29-2024_07_44_PM.png 500w, https:\/\/mikailakar.com\/wp-content\/uploads\/2024\/09\/Mikail-Akar-Ausstellung-27-09-2024-Rosewood-Vienna-Innere-Stadt-09-29-2024_07_44_PM-187x300.png 187w\" sizes=\"(max-width: 500px) 100vw, 500px\" \/>\t\t\t\t\t\t\t\t\t\t\t\t\t\t\t<\/div>\n\t\t\t\t<\/div>\n\t\t\t\t\t<\/div>\n\t\t<\/div>\n\t\t\t\t\t<\/div>\n\t\t<\/section>\n\t\t\t\t<div class=\"elementor-element elementor-element-afca23e elementor-widget elementor-widget-heading\" data-id=\"afca23e\" data-element_type=\"widget\" data-widget_type=\"heading.default\">\n\t\t\t\t<div class=\"elementor-widget-container\">\n\t\t\t\t\t<h3 class=\"elementor-heading-title elementor-size-default\">Rosewood Vienna<\/h3>\t\t\t\t<\/div>\n\t\t\t\t<\/div>\n\t\t\t\t\t<\/div>\n\t\t<\/div>\n\t\t\t\t\t<\/div>\n\t\t<\/section>\n\t\t\t\t<\/div>\n\t\t\t\t<div data-elementor-type=\"loop-item\" data-elementor-id=\"6347\" class=\"elementor elementor-6347 elementor-2616 e-loop-item e-loop-item-10005 post-10005 press type-press status-publish has-post-thumbnail hentry\" data-elementor-post-type=\"elementor_library\" data-custom-edit-handle=\"1\">\n\t\t\t<a class=\"eael-wrapper-link-51713bb --eael-wrapper-link-tag\" href=\"https:\/\/www.ksta.de\/wir-helfen\/koelner-wunderkind-kunstwerk-wird-fuer-wir-helfen-versteigert-859073\" target=\"_blank\" rel=\"nofollow noopener\"><\/a>\t\t<section data-eael-wrapper-link=\"eael-wrapper-link-51713bb\" data-particle_enable=\"false\" data-particle-mobile-disabled=\"false\" class=\"elementor-section elementor-top-section elementor-element elementor-element-51713bb elementor-section-boxed elementor-section-height-default elementor-section-height-default\" data-id=\"51713bb\" data-element_type=\"section\" data-settings=\"{&quot;background_background&quot;:&quot;classic&quot;}\">\n\t\t\t\t\t\t<div class=\"elementor-container elementor-column-gap-no\">\n\t\t\t\t\t<div class=\"elementor-column elementor-col-100 elementor-top-column elementor-element elementor-element-4594f1c\" data-id=\"4594f1c\" data-element_type=\"column\">\n\t\t\t<div class=\"elementor-widget-wrap elementor-element-populated\">\n\t\t\t\t\t\t<section data-particle_enable=\"false\" data-particle-mobile-disabled=\"false\" class=\"elementor-section elementor-inner-section elementor-element elementor-element-9485dab elementor-section-content-middle elementor-section-boxed elementor-section-height-default elementor-section-height-default\" data-id=\"9485dab\" data-element_type=\"section\">\n\t\t\t\t\t\t<div class=\"elementor-container elementor-column-gap-default\">\n\t\t\t\t\t<div class=\"elementor-column elementor-col-100 elementor-inner-column elementor-element elementor-element-5ef2d7a\" data-id=\"5ef2d7a\" data-element_type=\"column\">\n\t\t\t<div class=\"elementor-widget-wrap elementor-element-populated\">\n\t\t\t\t\t\t<div class=\"elementor-element elementor-element-279c5a5 elementor-widget elementor-widget-image\" data-id=\"279c5a5\" data-element_type=\"widget\" data-widget_type=\"image.default\">\n\t\t\t\t<div class=\"elementor-widget-container\">\n\t\t\t\t\t\t\t\t\t\t\t\t\t\t\t<img loading=\"lazy\" decoding=\"async\" width=\"500\" height=\"803\" src=\"https:\/\/mikailakar.com\/wp-content\/uploads\/2024\/09\/Kolner-Wunderkind-Kunstwerk-wird-fur-\u201ewir-helfen-versteigert-Kolner-Stadt-Anzeiger.png\" class=\"attachment-full size-full wp-image-9999\" alt=\"K\u00f6lner-Wunderkind-Kunstwerk-wird-f\u00fcr-\u201ewir-helfen\u201c-versteigert-K\u00f6lner-Stadt-Anzeiger\" srcset=\"https:\/\/mikailakar.com\/wp-content\/uploads\/2024\/09\/Kolner-Wunderkind-Kunstwerk-wird-fur-\u201ewir-helfen-versteigert-Kolner-Stadt-Anzeiger.png 500w, https:\/\/mikailakar.com\/wp-content\/uploads\/2024\/09\/Kolner-Wunderkind-Kunstwerk-wird-fur-\u201ewir-helfen-versteigert-Kolner-Stadt-Anzeiger-187x300.png 187w\" sizes=\"(max-width: 500px) 100vw, 500px\" \/>\t\t\t\t\t\t\t\t\t\t\t\t\t\t\t<\/div>\n\t\t\t\t<\/div>\n\t\t\t\t\t<\/div>\n\t\t<\/div>\n\t\t\t\t\t<\/div>\n\t\t<\/section>\n\t\t\t\t<div class=\"elementor-element elementor-element-afca23e elementor-widget elementor-widget-heading\" data-id=\"afca23e\" data-element_type=\"widget\" data-widget_type=\"heading.default\">\n\t\t\t\t<div class=\"elementor-widget-container\">\n\t\t\t\t\t<h3 class=\"elementor-heading-title elementor-size-default\">Gem\u00e4lde wird f\u00fcr \u201ewir helfen\u201c versteigert<\/h3>\t\t\t\t<\/div>\n\t\t\t\t<\/div>\n\t\t\t\t\t<\/div>\n\t\t<\/div>\n\t\t\t\t\t<\/div>\n\t\t<\/section>\n\t\t\t\t<\/div>\n\t\t\t\t<div data-elementor-type=\"loop-item\" data-elementor-id=\"6347\" class=\"elementor elementor-6347 elementor-2616 e-loop-item e-loop-item-9670 post-9670 press type-press status-publish has-post-thumbnail hentry\" data-elementor-post-type=\"elementor_library\" data-custom-edit-handle=\"1\">\n\t\t\t<a class=\"eael-wrapper-link-51713bb --eael-wrapper-link-tag\" href=\"https:\/\/www.youtube.com\/watch?v=LQWdMlj5w58&#038;ab_channel=KiKAvonARDundZDF\" target=\"_blank\" rel=\"nofollow noopener\"><\/a>\t\t<section data-eael-wrapper-link=\"eael-wrapper-link-51713bb\" data-particle_enable=\"false\" data-particle-mobile-disabled=\"false\" class=\"elementor-section elementor-top-section elementor-element elementor-element-51713bb elementor-section-boxed elementor-section-height-default elementor-section-height-default\" data-id=\"51713bb\" data-element_type=\"section\" data-settings=\"{&quot;background_background&quot;:&quot;classic&quot;}\">\n\t\t\t\t\t\t<div class=\"elementor-container elementor-column-gap-no\">\n\t\t\t\t\t<div class=\"elementor-column elementor-col-100 elementor-top-column elementor-element elementor-element-4594f1c\" data-id=\"4594f1c\" data-element_type=\"column\">\n\t\t\t<div class=\"elementor-widget-wrap elementor-element-populated\">\n\t\t\t\t\t\t<section data-particle_enable=\"false\" data-particle-mobile-disabled=\"false\" class=\"elementor-section elementor-inner-section elementor-element elementor-element-9485dab elementor-section-content-middle elementor-section-boxed elementor-section-height-default elementor-section-height-default\" data-id=\"9485dab\" data-element_type=\"section\">\n\t\t\t\t\t\t<div class=\"elementor-container elementor-column-gap-default\">\n\t\t\t\t\t<div class=\"elementor-column elementor-col-100 elementor-inner-column elementor-element elementor-element-5ef2d7a\" data-id=\"5ef2d7a\" data-element_type=\"column\">\n\t\t\t<div class=\"elementor-widget-wrap elementor-element-populated\">\n\t\t\t\t\t\t<div class=\"elementor-element elementor-element-279c5a5 elementor-widget elementor-widget-image\" data-id=\"279c5a5\" data-element_type=\"widget\" data-widget_type=\"image.default\">\n\t\t\t\t<div class=\"elementor-widget-container\">\n\t\t\t\t\t\t\t\t\t\t\t\t\t\t\t<img loading=\"lazy\" decoding=\"async\" width=\"500\" height=\"803\" src=\"https:\/\/mikailakar.com\/wp-content\/uploads\/2024\/06\/Schau-in-meine-Welt-KiKA.png\" class=\"attachment-full size-full wp-image-9664\" alt=\"Schau-in-meine-Welt-KiKA\" srcset=\"https:\/\/mikailakar.com\/wp-content\/uploads\/2024\/06\/Schau-in-meine-Welt-KiKA.png 500w, https:\/\/mikailakar.com\/wp-content\/uploads\/2024\/06\/Schau-in-meine-Welt-KiKA-187x300.png 187w\" sizes=\"(max-width: 500px) 100vw, 500px\" \/>\t\t\t\t\t\t\t\t\t\t\t\t\t\t\t<\/div>\n\t\t\t\t<\/div>\n\t\t\t\t\t<\/div>\n\t\t<\/div>\n\t\t\t\t\t<\/div>\n\t\t<\/section>\n\t\t\t\t<div class=\"elementor-element elementor-element-afca23e elementor-widget elementor-widget-heading\" data-id=\"afca23e\" data-element_type=\"widget\" data-widget_type=\"heading.default\">\n\t\t\t\t<div class=\"elementor-widget-container\">\n\t\t\t\t\t<h3 class=\"elementor-heading-title elementor-size-default\">Mikail &#8211; von klein auf Kunst | Schau in meine Welt!<\/h3>\t\t\t\t<\/div>\n\t\t\t\t<\/div>\n\t\t\t\t\t<\/div>\n\t\t<\/div>\n\t\t\t\t\t<\/div>\n\t\t<\/section>\n\t\t\t\t<\/div>\n\t\t\t\t<div data-elementor-type=\"loop-item\" data-elementor-id=\"6347\" class=\"elementor elementor-6347 elementor-2616 e-loop-item e-loop-item-9501 post-9501 press type-press status-publish has-post-thumbnail hentry\" data-elementor-post-type=\"elementor_library\" data-custom-edit-handle=\"1\">\n\t\t\t<a class=\"eael-wrapper-link-51713bb --eael-wrapper-link-tag\" href=\"https:\/\/www.express.de\/koeln\/koelner-wunderkind-mikail-macht-kunst-aus-alten-flugzeugteilen-800078\" target=\"_blank\" rel=\"nofollow noopener\"><\/a>\t\t<section data-eael-wrapper-link=\"eael-wrapper-link-51713bb\" data-particle_enable=\"false\" data-particle-mobile-disabled=\"false\" class=\"elementor-section elementor-top-section elementor-element elementor-element-51713bb elementor-section-boxed elementor-section-height-default elementor-section-height-default\" data-id=\"51713bb\" data-element_type=\"section\" data-settings=\"{&quot;background_background&quot;:&quot;classic&quot;}\">\n\t\t\t\t\t\t<div class=\"elementor-container elementor-column-gap-no\">\n\t\t\t\t\t<div class=\"elementor-column elementor-col-100 elementor-top-column elementor-element elementor-element-4594f1c\" data-id=\"4594f1c\" data-element_type=\"column\">\n\t\t\t<div class=\"elementor-widget-wrap elementor-element-populated\">\n\t\t\t\t\t\t<section data-particle_enable=\"false\" data-particle-mobile-disabled=\"false\" class=\"elementor-section elementor-inner-section elementor-element elementor-element-9485dab elementor-section-content-middle elementor-section-boxed elementor-section-height-default elementor-section-height-default\" data-id=\"9485dab\" data-element_type=\"section\">\n\t\t\t\t\t\t<div class=\"elementor-container elementor-column-gap-default\">\n\t\t\t\t\t<div class=\"elementor-column elementor-col-100 elementor-inner-column elementor-element elementor-element-5ef2d7a\" data-id=\"5ef2d7a\" data-element_type=\"column\">\n\t\t\t<div class=\"elementor-widget-wrap elementor-element-populated\">\n\t\t\t\t\t\t<div class=\"elementor-element elementor-element-279c5a5 elementor-widget elementor-widget-image\" data-id=\"279c5a5\" data-element_type=\"widget\" data-widget_type=\"image.default\">\n\t\t\t\t<div class=\"elementor-widget-container\">\n\t\t\t\t\t\t\t\t\t\t\t\t\t\t\t<img loading=\"lazy\" decoding=\"async\" width=\"450\" height=\"800\" src=\"https:\/\/mikailakar.com\/wp-content\/uploads\/2024\/06\/Kolner-Wunderkind-Mikail-macht-Kunst-aus-alten-Flugzeugteilen-Express.png\" class=\"attachment-full size-full wp-image-9495\" alt=\"K\u00f6lner-Wunderkind-Mikail-macht-Kunst-aus-alten-Flugzeugteilen-Express\" srcset=\"https:\/\/mikailakar.com\/wp-content\/uploads\/2024\/06\/Kolner-Wunderkind-Mikail-macht-Kunst-aus-alten-Flugzeugteilen-Express.png 450w, https:\/\/mikailakar.com\/wp-content\/uploads\/2024\/06\/Kolner-Wunderkind-Mikail-macht-Kunst-aus-alten-Flugzeugteilen-Express-169x300.png 169w\" sizes=\"(max-width: 450px) 100vw, 450px\" \/>\t\t\t\t\t\t\t\t\t\t\t\t\t\t\t<\/div>\n\t\t\t\t<\/div>\n\t\t\t\t\t<\/div>\n\t\t<\/div>\n\t\t\t\t\t<\/div>\n\t\t<\/section>\n\t\t\t\t<div class=\"elementor-element elementor-element-afca23e elementor-widget elementor-widget-heading\" data-id=\"afca23e\" data-element_type=\"widget\" data-widget_type=\"heading.default\">\n\t\t\t\t<div class=\"elementor-widget-container\">\n\t\t\t\t\t<h3 class=\"elementor-heading-title elementor-size-default\">K\u00f6lner WunderkindMikail (11) mit neuer Ausstellung in besonderer Location<\/h3>\t\t\t\t<\/div>\n\t\t\t\t<\/div>\n\t\t\t\t\t<\/div>\n\t\t<\/div>\n\t\t\t\t\t<\/div>\n\t\t<\/section>\n\t\t\t\t<\/div>\n\t\t\t\t<div data-elementor-type=\"loop-item\" data-elementor-id=\"6347\" class=\"elementor elementor-6347 elementor-2616 e-loop-item e-loop-item-9472 post-9472 press type-press status-publish has-post-thumbnail hentry\" data-elementor-post-type=\"elementor_library\" data-custom-edit-handle=\"1\">\n\t\t\t<a class=\"eael-wrapper-link-51713bb --eael-wrapper-link-tag\" href=\"https:\/\/boldjourney.com\/meet-mikail-akar\/\" target=\"_blank\" rel=\"nofollow noopener\"><\/a>\t\t<section data-eael-wrapper-link=\"eael-wrapper-link-51713bb\" data-particle_enable=\"false\" data-particle-mobile-disabled=\"false\" class=\"elementor-section elementor-top-section elementor-element elementor-element-51713bb elementor-section-boxed elementor-section-height-default elementor-section-height-default\" data-id=\"51713bb\" data-element_type=\"section\" data-settings=\"{&quot;background_background&quot;:&quot;classic&quot;}\">\n\t\t\t\t\t\t<div class=\"elementor-container elementor-column-gap-no\">\n\t\t\t\t\t<div class=\"elementor-column elementor-col-100 elementor-top-column elementor-element elementor-element-4594f1c\" data-id=\"4594f1c\" data-element_type=\"column\">\n\t\t\t<div class=\"elementor-widget-wrap elementor-element-populated\">\n\t\t\t\t\t\t<section data-particle_enable=\"false\" data-particle-mobile-disabled=\"false\" class=\"elementor-section elementor-inner-section elementor-element elementor-element-9485dab elementor-section-content-middle elementor-section-boxed elementor-section-height-default elementor-section-height-default\" data-id=\"9485dab\" data-element_type=\"section\">\n\t\t\t\t\t\t<div class=\"elementor-container elementor-column-gap-default\">\n\t\t\t\t\t<div class=\"elementor-column elementor-col-100 elementor-inner-column elementor-element elementor-element-5ef2d7a\" data-id=\"5ef2d7a\" data-element_type=\"column\">\n\t\t\t<div class=\"elementor-widget-wrap elementor-element-populated\">\n\t\t\t\t\t\t<div class=\"elementor-element elementor-element-279c5a5 elementor-widget elementor-widget-image\" data-id=\"279c5a5\" data-element_type=\"widget\" data-widget_type=\"image.default\">\n\t\t\t\t<div class=\"elementor-widget-container\">\n\t\t\t\t\t\t\t\t\t\t\t\t\t\t\t<img loading=\"lazy\" decoding=\"async\" width=\"450\" height=\"800\" src=\"https:\/\/mikailakar.com\/wp-content\/uploads\/2024\/06\/Meet-Mikail-Akar-Bold-Journey-Magazine.png\" class=\"attachment-full size-full wp-image-9466\" alt=\"Meet-Mikail-Akar-Bold-Journey-Magazine\" srcset=\"https:\/\/mikailakar.com\/wp-content\/uploads\/2024\/06\/Meet-Mikail-Akar-Bold-Journey-Magazine.png 450w, https:\/\/mikailakar.com\/wp-content\/uploads\/2024\/06\/Meet-Mikail-Akar-Bold-Journey-Magazine-169x300.png 169w\" sizes=\"(max-width: 450px) 100vw, 450px\" \/>\t\t\t\t\t\t\t\t\t\t\t\t\t\t\t<\/div>\n\t\t\t\t<\/div>\n\t\t\t\t\t<\/div>\n\t\t<\/div>\n\t\t\t\t\t<\/div>\n\t\t<\/section>\n\t\t\t\t<div class=\"elementor-element elementor-element-afca23e elementor-widget elementor-widget-heading\" data-id=\"afca23e\" data-element_type=\"widget\" data-widget_type=\"heading.default\">\n\t\t\t\t<div class=\"elementor-widget-container\">\n\t\t\t\t\t<h3 class=\"elementor-heading-title elementor-size-default\">Meet Mikail Akar<\/h3>\t\t\t\t<\/div>\n\t\t\t\t<\/div>\n\t\t\t\t\t<\/div>\n\t\t<\/div>\n\t\t\t\t\t<\/div>\n\t\t<\/section>\n\t\t\t\t<\/div>\n\t\t\t\t<div data-elementor-type=\"loop-item\" data-elementor-id=\"6347\" class=\"elementor elementor-6347 elementor-2616 e-loop-item e-loop-item-9312 post-9312 press type-press status-publish has-post-thumbnail hentry\" data-elementor-post-type=\"elementor_library\" data-custom-edit-handle=\"1\">\n\t\t\t<a class=\"eael-wrapper-link-51713bb --eael-wrapper-link-tag\" href=\"https:\/\/www.bild.de\/regional\/koeln\/koeln-aktuell\/mikails-gemaelde-verkaufen-sich-weltweit-deutscher-mini-kuenstler-11-malt-live-i-87787270.bild.htm\" target=\"_blank\" rel=\"nofollow noopener\"><\/a>\t\t<section data-eael-wrapper-link=\"eael-wrapper-link-51713bb\" data-particle_enable=\"false\" data-particle-mobile-disabled=\"false\" class=\"elementor-section elementor-top-section elementor-element elementor-element-51713bb elementor-section-boxed elementor-section-height-default elementor-section-height-default\" data-id=\"51713bb\" data-element_type=\"section\" data-settings=\"{&quot;background_background&quot;:&quot;classic&quot;}\">\n\t\t\t\t\t\t<div class=\"elementor-container elementor-column-gap-no\">\n\t\t\t\t\t<div class=\"elementor-column elementor-col-100 elementor-top-column elementor-element elementor-element-4594f1c\" data-id=\"4594f1c\" data-element_type=\"column\">\n\t\t\t<div class=\"elementor-widget-wrap elementor-element-populated\">\n\t\t\t\t\t\t<section data-particle_enable=\"false\" data-particle-mobile-disabled=\"false\" class=\"elementor-section elementor-inner-section elementor-element elementor-element-9485dab elementor-section-content-middle elementor-section-boxed elementor-section-height-default elementor-section-height-default\" data-id=\"9485dab\" data-element_type=\"section\">\n\t\t\t\t\t\t<div class=\"elementor-container elementor-column-gap-default\">\n\t\t\t\t\t<div class=\"elementor-column elementor-col-100 elementor-inner-column elementor-element elementor-element-5ef2d7a\" data-id=\"5ef2d7a\" data-element_type=\"column\">\n\t\t\t<div class=\"elementor-widget-wrap elementor-element-populated\">\n\t\t\t\t\t\t<div class=\"elementor-element elementor-element-279c5a5 elementor-widget elementor-widget-image\" data-id=\"279c5a5\" data-element_type=\"widget\" data-widget_type=\"image.default\">\n\t\t\t\t<div class=\"elementor-widget-container\">\n\t\t\t\t\t\t\t\t\t\t\t\t\t\t\t<img loading=\"lazy\" decoding=\"async\" width=\"443\" height=\"718\" src=\"https:\/\/mikailakar.com\/wp-content\/uploads\/2024\/04\/Mikail-Koln.png\" class=\"attachment-full size-full wp-image-9313\" alt=\"Mikail K\u00f6ln\" srcset=\"https:\/\/mikailakar.com\/wp-content\/uploads\/2024\/04\/Mikail-Koln.png 443w, https:\/\/mikailakar.com\/wp-content\/uploads\/2024\/04\/Mikail-Koln-185x300.png 185w\" sizes=\"(max-width: 443px) 100vw, 443px\" \/>\t\t\t\t\t\t\t\t\t\t\t\t\t\t\t<\/div>\n\t\t\t\t<\/div>\n\t\t\t\t\t<\/div>\n\t\t<\/div>\n\t\t\t\t\t<\/div>\n\t\t<\/section>\n\t\t\t\t<div class=\"elementor-element elementor-element-afca23e elementor-widget elementor-widget-heading\" data-id=\"afca23e\" data-element_type=\"widget\" data-widget_type=\"heading.default\">\n\t\t\t\t<div class=\"elementor-widget-container\">\n\t\t\t\t\t<h3 class=\"elementor-heading-title elementor-size-default\">Deutscher Mini-K\u00fcnstler (11) malt live in New York<\/h3>\t\t\t\t<\/div>\n\t\t\t\t<\/div>\n\t\t\t\t\t<\/div>\n\t\t<\/div>\n\t\t\t\t\t<\/div>\n\t\t<\/section>\n\t\t\t\t<\/div>\n\t\t\t\t<div data-elementor-type=\"loop-item\" data-elementor-id=\"6347\" class=\"elementor elementor-6347 elementor-2616 e-loop-item e-loop-item-9033 post-9033 press type-press status-publish has-post-thumbnail hentry\" data-elementor-post-type=\"elementor_library\" data-custom-edit-handle=\"1\">\n\t\t\t<a class=\"eael-wrapper-link-51713bb --eael-wrapper-link-tag\" href=\"https:\/\/www.rtl.de\/videos\/mikail-akar-65a025cc08567a767b070e62.html\" target=\"_blank\" rel=\"nofollow noopener\"><\/a>\t\t<section data-eael-wrapper-link=\"eael-wrapper-link-51713bb\" data-particle_enable=\"false\" data-particle-mobile-disabled=\"false\" class=\"elementor-section elementor-top-section elementor-element elementor-element-51713bb elementor-section-boxed elementor-section-height-default elementor-section-height-default\" data-id=\"51713bb\" data-element_type=\"section\" data-settings=\"{&quot;background_background&quot;:&quot;classic&quot;}\">\n\t\t\t\t\t\t<div class=\"elementor-container elementor-column-gap-no\">\n\t\t\t\t\t<div class=\"elementor-column elementor-col-100 elementor-top-column elementor-element elementor-element-4594f1c\" data-id=\"4594f1c\" data-element_type=\"column\">\n\t\t\t<div class=\"elementor-widget-wrap elementor-element-populated\">\n\t\t\t\t\t\t<section data-particle_enable=\"false\" data-particle-mobile-disabled=\"false\" class=\"elementor-section elementor-inner-section elementor-element elementor-element-9485dab elementor-section-content-middle elementor-section-boxed elementor-section-height-default elementor-section-height-default\" data-id=\"9485dab\" data-element_type=\"section\">\n\t\t\t\t\t\t<div class=\"elementor-container elementor-column-gap-default\">\n\t\t\t\t\t<div class=\"elementor-column elementor-col-100 elementor-inner-column elementor-element elementor-element-5ef2d7a\" data-id=\"5ef2d7a\" data-element_type=\"column\">\n\t\t\t<div class=\"elementor-widget-wrap elementor-element-populated\">\n\t\t\t\t\t\t<div class=\"elementor-element elementor-element-279c5a5 elementor-widget elementor-widget-image\" data-id=\"279c5a5\" data-element_type=\"widget\" data-widget_type=\"image.default\">\n\t\t\t\t<div class=\"elementor-widget-container\">\n\t\t\t\t\t\t\t\t\t\t\t\t\t\t\t<img loading=\"lazy\" decoding=\"async\" width=\"370\" height=\"802\" src=\"https:\/\/mikailakar.com\/wp-content\/uploads\/2024\/01\/elfjahriger-Kunstler-Mikail-Akar-RTL-de.png\" class=\"attachment-full size-full wp-image-9034\" alt=\"elfj\u00e4hriger-K\u00fcnstler-Mikail-Akar-RTL-de\" srcset=\"https:\/\/mikailakar.com\/wp-content\/uploads\/2024\/01\/elfjahriger-Kunstler-Mikail-Akar-RTL-de.png 370w, https:\/\/mikailakar.com\/wp-content\/uploads\/2024\/01\/elfjahriger-Kunstler-Mikail-Akar-RTL-de-138x300.png 138w\" sizes=\"(max-width: 370px) 100vw, 370px\" \/>\t\t\t\t\t\t\t\t\t\t\t\t\t\t\t<\/div>\n\t\t\t\t<\/div>\n\t\t\t\t\t<\/div>\n\t\t<\/div>\n\t\t\t\t\t<\/div>\n\t\t<\/section>\n\t\t\t\t<div class=\"elementor-element elementor-element-afca23e elementor-widget elementor-widget-heading\" data-id=\"afca23e\" data-element_type=\"widget\" data-widget_type=\"heading.default\">\n\t\t\t\t<div class=\"elementor-widget-container\">\n\t\t\t\t\t<h3 class=\"elementor-heading-title elementor-size-default\">Elfj\u00e4hriger K\u00fcnstler Mikail Akar<\/h3>\t\t\t\t<\/div>\n\t\t\t\t<\/div>\n\t\t\t\t\t<\/div>\n\t\t<\/div>\n\t\t\t\t\t<\/div>\n\t\t<\/section>\n\t\t\t\t<\/div>\n\t\t\t\t<div data-elementor-type=\"loop-item\" data-elementor-id=\"6347\" class=\"elementor elementor-6347 elementor-2616 e-loop-item e-loop-item-9025 post-9025 press type-press status-publish has-post-thumbnail hentry\" data-elementor-post-type=\"elementor_library\" data-custom-edit-handle=\"1\">\n\t\t\t<a class=\"eael-wrapper-link-51713bb --eael-wrapper-link-tag\" href=\"https:\/\/www.msn.com\/en-gb\/news\/world\/child-prodigy-11-sells-art-for-five-figure-prices\/ss-AA1mCe4s\" target=\"_blank\" rel=\"nofollow noopener\"><\/a>\t\t<section data-eael-wrapper-link=\"eael-wrapper-link-51713bb\" data-particle_enable=\"false\" data-particle-mobile-disabled=\"false\" class=\"elementor-section elementor-top-section elementor-element elementor-element-51713bb elementor-section-boxed elementor-section-height-default elementor-section-height-default\" data-id=\"51713bb\" data-element_type=\"section\" data-settings=\"{&quot;background_background&quot;:&quot;classic&quot;}\">\n\t\t\t\t\t\t<div class=\"elementor-container elementor-column-gap-no\">\n\t\t\t\t\t<div class=\"elementor-column elementor-col-100 elementor-top-column elementor-element elementor-element-4594f1c\" data-id=\"4594f1c\" data-element_type=\"column\">\n\t\t\t<div class=\"elementor-widget-wrap elementor-element-populated\">\n\t\t\t\t\t\t<section data-particle_enable=\"false\" data-particle-mobile-disabled=\"false\" class=\"elementor-section elementor-inner-section elementor-element elementor-element-9485dab elementor-section-content-middle elementor-section-boxed elementor-section-height-default elementor-section-height-default\" data-id=\"9485dab\" data-element_type=\"section\">\n\t\t\t\t\t\t<div class=\"elementor-container elementor-column-gap-default\">\n\t\t\t\t\t<div class=\"elementor-column elementor-col-100 elementor-inner-column elementor-element elementor-element-5ef2d7a\" data-id=\"5ef2d7a\" data-element_type=\"column\">\n\t\t\t<div class=\"elementor-widget-wrap elementor-element-populated\">\n\t\t\t\t\t\t<div class=\"elementor-element elementor-element-279c5a5 elementor-widget elementor-widget-image\" data-id=\"279c5a5\" data-element_type=\"widget\" data-widget_type=\"image.default\">\n\t\t\t\t<div class=\"elementor-widget-container\">\n\t\t\t\t\t\t\t\t\t\t\t\t\t\t\t<img loading=\"lazy\" decoding=\"async\" width=\"370\" height=\"802\" src=\"https:\/\/mikailakar.com\/wp-content\/uploads\/2024\/01\/Child-prodigy-11-sells-art-for-five-figure-prices.png\" class=\"attachment-full size-full wp-image-9026\" alt=\"Child-prodigy-11-sells-art-for-five-figure-prices\" srcset=\"https:\/\/mikailakar.com\/wp-content\/uploads\/2024\/01\/Child-prodigy-11-sells-art-for-five-figure-prices.png 370w, https:\/\/mikailakar.com\/wp-content\/uploads\/2024\/01\/Child-prodigy-11-sells-art-for-five-figure-prices-138x300.png 138w\" sizes=\"(max-width: 370px) 100vw, 370px\" \/>\t\t\t\t\t\t\t\t\t\t\t\t\t\t\t<\/div>\n\t\t\t\t<\/div>\n\t\t\t\t\t<\/div>\n\t\t<\/div>\n\t\t\t\t\t<\/div>\n\t\t<\/section>\n\t\t\t\t<div class=\"elementor-element elementor-element-afca23e elementor-widget elementor-widget-heading\" data-id=\"afca23e\" data-element_type=\"widget\" data-widget_type=\"heading.default\">\n\t\t\t\t<div class=\"elementor-widget-container\">\n\t\t\t\t\t<h3 class=\"elementor-heading-title elementor-size-default\">Child prodigy, 11, sells art for five-figure prices<\/h3>\t\t\t\t<\/div>\n\t\t\t\t<\/div>\n\t\t\t\t\t<\/div>\n\t\t<\/div>\n\t\t\t\t\t<\/div>\n\t\t<\/section>\n\t\t\t\t<\/div>\n\t\t\t\t<div data-elementor-type=\"loop-item\" data-elementor-id=\"6347\" class=\"elementor elementor-6347 elementor-2616 e-loop-item e-loop-item-9017 post-9017 press type-press status-publish has-post-thumbnail hentry\" data-elementor-post-type=\"elementor_library\" data-custom-edit-handle=\"1\">\n\t\t\t<a class=\"eael-wrapper-link-51713bb --eael-wrapper-link-tag\" href=\"https:\/\/www.rundschau-online.de\/region\/rhein-erft\/pulheim\/pulheim-mikail-akar-stellt-sein-neues-bild-in-koeln-vor-679861\" target=\"_blank\" rel=\"nofollow noopener\"><\/a>\t\t<section data-eael-wrapper-link=\"eael-wrapper-link-51713bb\" data-particle_enable=\"false\" data-particle-mobile-disabled=\"false\" class=\"elementor-section elementor-top-section elementor-element elementor-element-51713bb elementor-section-boxed elementor-section-height-default elementor-section-height-default\" data-id=\"51713bb\" data-element_type=\"section\" data-settings=\"{&quot;background_background&quot;:&quot;classic&quot;}\">\n\t\t\t\t\t\t<div class=\"elementor-container elementor-column-gap-no\">\n\t\t\t\t\t<div class=\"elementor-column elementor-col-100 elementor-top-column elementor-element elementor-element-4594f1c\" data-id=\"4594f1c\" data-element_type=\"column\">\n\t\t\t<div class=\"elementor-widget-wrap elementor-element-populated\">\n\t\t\t\t\t\t<section data-particle_enable=\"false\" data-particle-mobile-disabled=\"false\" class=\"elementor-section elementor-inner-section elementor-element elementor-element-9485dab elementor-section-content-middle elementor-section-boxed elementor-section-height-default elementor-section-height-default\" data-id=\"9485dab\" data-element_type=\"section\">\n\t\t\t\t\t\t<div class=\"elementor-container elementor-column-gap-default\">\n\t\t\t\t\t<div class=\"elementor-column elementor-col-100 elementor-inner-column elementor-element elementor-element-5ef2d7a\" data-id=\"5ef2d7a\" data-element_type=\"column\">\n\t\t\t<div class=\"elementor-widget-wrap elementor-element-populated\">\n\t\t\t\t\t\t<div class=\"elementor-element elementor-element-279c5a5 elementor-widget elementor-widget-image\" data-id=\"279c5a5\" data-element_type=\"widget\" data-widget_type=\"image.default\">\n\t\t\t\t<div class=\"elementor-widget-container\">\n\t\t\t\t\t\t\t\t\t\t\t\t\t\t\t<img loading=\"lazy\" decoding=\"async\" width=\"370\" height=\"802\" src=\"https:\/\/mikailakar.com\/wp-content\/uploads\/2024\/01\/Pulheim-Mikail-Akar-stellt-sein-neues-Bild-in-Koln-vor-Rundschau-Online.png\" class=\"attachment-full size-full wp-image-9018\" alt=\"Pulheim-Mikail-Akar-stellt-sein-neues-Bild-in-K\u00f6ln-vor-Rundschau-Online\" srcset=\"https:\/\/mikailakar.com\/wp-content\/uploads\/2024\/01\/Pulheim-Mikail-Akar-stellt-sein-neues-Bild-in-Koln-vor-Rundschau-Online.png 370w, https:\/\/mikailakar.com\/wp-content\/uploads\/2024\/01\/Pulheim-Mikail-Akar-stellt-sein-neues-Bild-in-Koln-vor-Rundschau-Online-138x300.png 138w\" sizes=\"(max-width: 370px) 100vw, 370px\" \/>\t\t\t\t\t\t\t\t\t\t\t\t\t\t\t<\/div>\n\t\t\t\t<\/div>\n\t\t\t\t\t<\/div>\n\t\t<\/div>\n\t\t\t\t\t<\/div>\n\t\t<\/section>\n\t\t\t\t<div class=\"elementor-element elementor-element-afca23e elementor-widget elementor-widget-heading\" data-id=\"afca23e\" data-element_type=\"widget\" data-widget_type=\"heading.default\">\n\t\t\t\t<div class=\"elementor-widget-container\">\n\t\t\t\t\t<h3 class=\"elementor-heading-title elementor-size-default\">K\u00fcnstler Mikail Akar aus Pulheim vollendet sein bislang gr\u00f6\u00dftes Werk<\/h3>\t\t\t\t<\/div>\n\t\t\t\t<\/div>\n\t\t\t\t\t<\/div>\n\t\t<\/div>\n\t\t\t\t\t<\/div>\n\t\t<\/section>\n\t\t\t\t<\/div>\n\t\t\t\t<div data-elementor-type=\"loop-item\" data-elementor-id=\"6347\" class=\"elementor elementor-6347 elementor-2616 e-loop-item e-loop-item-8189 post-8189 press type-press status-publish hentry\" data-elementor-post-type=\"elementor_library\" data-custom-edit-handle=\"1\">\n\t\t\t<a class=\"eael-wrapper-link-51713bb --eael-wrapper-link-tag\" href=\"https:\/\/www.bild.de\/regional\/koeln\/koeln-aktuell\/koeln-mikail-akar-ist-11-ich-bin-der-juengste-galerist-deutschlands-86193790.bild.html\" target=\"_blank\" rel=\"nofollow noopener\"><\/a>\t\t<section data-eael-wrapper-link=\"eael-wrapper-link-51713bb\" data-particle_enable=\"false\" data-particle-mobile-disabled=\"false\" class=\"elementor-section elementor-top-section elementor-element elementor-element-51713bb elementor-section-boxed elementor-section-height-default elementor-section-height-default\" data-id=\"51713bb\" data-element_type=\"section\" data-settings=\"{&quot;background_background&quot;:&quot;classic&quot;}\">\n\t\t\t\t\t\t<div class=\"elementor-container elementor-column-gap-no\">\n\t\t\t\t\t<div class=\"elementor-column elementor-col-100 elementor-top-column elementor-element elementor-element-4594f1c\" data-id=\"4594f1c\" data-element_type=\"column\">\n\t\t\t<div class=\"elementor-widget-wrap elementor-element-populated\">\n\t\t\t\t\t\t<section data-particle_enable=\"false\" data-particle-mobile-disabled=\"false\" class=\"elementor-section elementor-inner-section elementor-element elementor-element-9485dab elementor-section-content-middle elementor-section-boxed elementor-section-height-default elementor-section-height-default\" data-id=\"9485dab\" data-element_type=\"section\">\n\t\t\t\t\t\t<div class=\"elementor-container elementor-column-gap-default\">\n\t\t\t\t\t<div class=\"elementor-column elementor-col-100 elementor-inner-column elementor-element elementor-element-5ef2d7a\" data-id=\"5ef2d7a\" data-element_type=\"column\">\n\t\t\t<div class=\"elementor-widget-wrap elementor-element-populated\">\n\t\t\t\t\t\t\t<\/div>\n\t\t<\/div>\n\t\t\t\t\t<\/div>\n\t\t<\/section>\n\t\t\t\t<div class=\"elementor-element elementor-element-afca23e elementor-widget elementor-widget-heading\" data-id=\"afca23e\" data-element_type=\"widget\" data-widget_type=\"heading.default\">\n\t\t\t\t<div class=\"elementor-widget-container\">\n\t\t\t\t\t<h3 class=\"elementor-heading-title elementor-size-default\">Mikail is the youngest gallery owner in Germany<\/h3>\t\t\t\t<\/div>\n\t\t\t\t<\/div>\n\t\t\t\t\t<\/div>\n\t\t<\/div>\n\t\t\t\t\t<\/div>\n\t\t<\/section>\n\t\t\t\t<\/div>\n\t\t\t\t<div data-elementor-type=\"loop-item\" data-elementor-id=\"6347\" class=\"elementor elementor-6347 elementor-2616 e-loop-item e-loop-item-7385 post-7385 press type-press status-publish has-post-thumbnail hentry\" data-elementor-post-type=\"elementor_library\" data-custom-edit-handle=\"1\">\n\t\t\t\t\t<section data-particle_enable=\"false\" data-particle-mobile-disabled=\"false\" class=\"elementor-section elementor-top-section elementor-element elementor-element-51713bb elementor-section-boxed elementor-section-height-default elementor-section-height-default\" data-id=\"51713bb\" data-element_type=\"section\" data-settings=\"{&quot;background_background&quot;:&quot;classic&quot;}\">\n\t\t\t\t\t\t<div class=\"elementor-container elementor-column-gap-no\">\n\t\t\t\t\t<div class=\"elementor-column elementor-col-100 elementor-top-column elementor-element elementor-element-4594f1c\" data-id=\"4594f1c\" data-element_type=\"column\">\n\t\t\t<div class=\"elementor-widget-wrap elementor-element-populated\">\n\t\t\t\t\t\t<section data-particle_enable=\"false\" data-particle-mobile-disabled=\"false\" class=\"elementor-section elementor-inner-section elementor-element elementor-element-9485dab elementor-section-content-middle elementor-section-boxed elementor-section-height-default elementor-section-height-default\" data-id=\"9485dab\" data-element_type=\"section\">\n\t\t\t\t\t\t<div class=\"elementor-container elementor-column-gap-default\">\n\t\t\t\t\t<div class=\"elementor-column elementor-col-100 elementor-inner-column elementor-element elementor-element-5ef2d7a\" data-id=\"5ef2d7a\" data-element_type=\"column\">\n\t\t\t<div class=\"elementor-widget-wrap elementor-element-populated\">\n\t\t\t\t\t\t<div class=\"elementor-element elementor-element-279c5a5 elementor-widget elementor-widget-image\" data-id=\"279c5a5\" data-element_type=\"widget\" data-widget_type=\"image.default\">\n\t\t\t\t<div class=\"elementor-widget-container\">\n\t\t\t\t\t\t\t\t\t\t\t\t\t\t\t<img loading=\"lazy\" decoding=\"async\" width=\"1272\" height=\"1991\" src=\"https:\/\/mikailakar.com\/wp-content\/uploads\/2023\/08\/IMG_7651.jpg\" class=\"attachment-full size-full wp-image-7379\" alt=\"\" srcset=\"https:\/\/mikailakar.com\/wp-content\/uploads\/2023\/08\/IMG_7651.jpg 1272w, https:\/\/mikailakar.com\/wp-content\/uploads\/2023\/08\/IMG_7651-192x300.jpg 192w, https:\/\/mikailakar.com\/wp-content\/uploads\/2023\/08\/IMG_7651-654x1024.jpg 654w, https:\/\/mikailakar.com\/wp-content\/uploads\/2023\/08\/IMG_7651-768x1202.jpg 768w, https:\/\/mikailakar.com\/wp-content\/uploads\/2023\/08\/IMG_7651-981x1536.jpg 981w\" sizes=\"(max-width: 1272px) 100vw, 1272px\" \/>\t\t\t\t\t\t\t\t\t\t\t\t\t\t\t<\/div>\n\t\t\t\t<\/div>\n\t\t\t\t\t<\/div>\n\t\t<\/div>\n\t\t\t\t\t<\/div>\n\t\t<\/section>\n\t\t\t\t<div class=\"elementor-element elementor-element-afca23e elementor-widget elementor-widget-heading\" data-id=\"afca23e\" data-element_type=\"widget\" data-widget_type=\"heading.default\">\n\t\t\t\t<div class=\"elementor-widget-container\">\n\t\t\t\t\t<h3 class=\"elementor-heading-title elementor-size-default\">10 YEAR OLD PAINTS LUXURY CAR<\/h3>\t\t\t\t<\/div>\n\t\t\t\t<\/div>\n\t\t\t\t<div class=\"elementor-element elementor-element-93d4680 elementor-widget elementor-widget-theme-post-excerpt\" data-id=\"93d4680\" data-element_type=\"widget\" data-widget_type=\"theme-post-excerpt.default\">\n\t\t\t\t<div class=\"elementor-widget-container\">\n\t\t\t\t\t<p>10-year-old artist Mikail Akar from Cologne is one of Germany&#8217;s most successful artists. His latest commission: to turn a brand-new Rolls-Royce into a one-off.<\/p>\n\t\t\t\t<\/div>\n\t\t\t\t<\/div>\n\t\t\t\t\t<\/div>\n\t\t<\/div>\n\t\t\t\t\t<\/div>\n\t\t<\/section>\n\t\t\t\t<\/div>\n\t\t\t\t<div data-elementor-type=\"loop-item\" data-elementor-id=\"6347\" class=\"elementor elementor-6347 elementor-2616 e-loop-item e-loop-item-7157 post-7157 press type-press status-publish has-post-thumbnail hentry\" data-elementor-post-type=\"elementor_library\" data-custom-edit-handle=\"1\">\n\t\t\t<a class=\"eael-wrapper-link-51713bb --eael-wrapper-link-tag\" href=\"https:\/\/www1.wdr.de\/fernsehen\/hier-und-heute\/kultursommer\/kultursommer-mikail-akar-100.html\" target=\"_blank\" rel=\"nofollow noopener\"><\/a>\t\t<section data-eael-wrapper-link=\"eael-wrapper-link-51713bb\" data-particle_enable=\"false\" data-particle-mobile-disabled=\"false\" class=\"elementor-section elementor-top-section elementor-element elementor-element-51713bb elementor-section-boxed elementor-section-height-default elementor-section-height-default\" data-id=\"51713bb\" data-element_type=\"section\" data-settings=\"{&quot;background_background&quot;:&quot;classic&quot;}\">\n\t\t\t\t\t\t<div class=\"elementor-container elementor-column-gap-no\">\n\t\t\t\t\t<div class=\"elementor-column elementor-col-100 elementor-top-column elementor-element elementor-element-4594f1c\" data-id=\"4594f1c\" data-element_type=\"column\">\n\t\t\t<div class=\"elementor-widget-wrap elementor-element-populated\">\n\t\t\t\t\t\t<section data-particle_enable=\"false\" data-particle-mobile-disabled=\"false\" class=\"elementor-section elementor-inner-section elementor-element elementor-element-9485dab elementor-section-content-middle elementor-section-boxed elementor-section-height-default elementor-section-height-default\" data-id=\"9485dab\" data-element_type=\"section\">\n\t\t\t\t\t\t<div class=\"elementor-container elementor-column-gap-default\">\n\t\t\t\t\t<div class=\"elementor-column elementor-col-100 elementor-inner-column elementor-element elementor-element-5ef2d7a\" data-id=\"5ef2d7a\" data-element_type=\"column\">\n\t\t\t<div class=\"elementor-widget-wrap elementor-element-populated\">\n\t\t\t\t\t\t<div class=\"elementor-element elementor-element-279c5a5 elementor-widget elementor-widget-image\" data-id=\"279c5a5\" data-element_type=\"widget\" data-widget_type=\"image.default\">\n\t\t\t\t<div class=\"elementor-widget-container\">\n\t\t\t\t\t\t\t\t\t\t\t\t\t\t\t<img loading=\"lazy\" decoding=\"async\" width=\"1290\" height=\"2037\" src=\"https:\/\/mikailakar.com\/wp-content\/uploads\/2023\/08\/IMG_7648.jpg\" class=\"attachment-full size-full wp-image-7132\" alt=\"\" srcset=\"https:\/\/mikailakar.com\/wp-content\/uploads\/2023\/08\/IMG_7648.jpg 1290w, https:\/\/mikailakar.com\/wp-content\/uploads\/2023\/08\/IMG_7648-190x300.jpg 190w, https:\/\/mikailakar.com\/wp-content\/uploads\/2023\/08\/IMG_7648-648x1024.jpg 648w, https:\/\/mikailakar.com\/wp-content\/uploads\/2023\/08\/IMG_7648-768x1213.jpg 768w, https:\/\/mikailakar.com\/wp-content\/uploads\/2023\/08\/IMG_7648-973x1536.jpg 973w\" sizes=\"(max-width: 1290px) 100vw, 1290px\" \/>\t\t\t\t\t\t\t\t\t\t\t\t\t\t\t<\/div>\n\t\t\t\t<\/div>\n\t\t\t\t\t<\/div>\n\t\t<\/div>\n\t\t\t\t\t<\/div>\n\t\t<\/section>\n\t\t\t\t<div class=\"elementor-element elementor-element-afca23e elementor-widget elementor-widget-heading\" data-id=\"afca23e\" data-element_type=\"widget\" data-widget_type=\"heading.default\">\n\t\t\t\t<div class=\"elementor-widget-container\">\n\t\t\t\t\t<h3 class=\"elementor-heading-title elementor-size-default\">WDR Culture Summer 2023: Mikail Akar<\/h3>\t\t\t\t<\/div>\n\t\t\t\t<\/div>\n\t\t\t\t<div class=\"elementor-element elementor-element-93d4680 elementor-widget elementor-widget-theme-post-excerpt\" data-id=\"93d4680\" data-element_type=\"widget\" data-widget_type=\"theme-post-excerpt.default\">\n\t\t\t\t<div class=\"elementor-widget-container\">\n\t\t\t\t\t<p>Mikail Akar from Pulheim is only ten years old, but his abstract paintings are already being exhibited by galleries in Europe and the USA. He has even painted on the Empire State Building in New York.<\/p>\n\t\t\t\t<\/div>\n\t\t\t\t<\/div>\n\t\t\t\t\t<\/div>\n\t\t<\/div>\n\t\t\t\t\t<\/div>\n\t\t<\/section>\n\t\t\t\t<\/div>\n\t\t\t\t<div data-elementor-type=\"loop-item\" data-elementor-id=\"6347\" class=\"elementor elementor-6347 elementor-2616 e-loop-item e-loop-item-7168 post-7168 press type-press status-publish has-post-thumbnail hentry\" data-elementor-post-type=\"elementor_library\" data-custom-edit-handle=\"1\">\n\t\t\t<a class=\"eael-wrapper-link-51713bb --eael-wrapper-link-tag\" href=\"https:\/\/www.stern.de\/kultur\/mikail-akar--zu-besuch-beim--mini-picasso--aus-koeln-33502178.html\" target=\"_blank\" rel=\"nofollow noopener\"><\/a>\t\t<section data-eael-wrapper-link=\"eael-wrapper-link-51713bb\" data-particle_enable=\"false\" data-particle-mobile-disabled=\"false\" class=\"elementor-section elementor-top-section elementor-element elementor-element-51713bb elementor-section-boxed elementor-section-height-default elementor-section-height-default\" data-id=\"51713bb\" data-element_type=\"section\" data-settings=\"{&quot;background_background&quot;:&quot;classic&quot;}\">\n\t\t\t\t\t\t<div class=\"elementor-container elementor-column-gap-no\">\n\t\t\t\t\t<div class=\"elementor-column elementor-col-100 elementor-top-column elementor-element elementor-element-4594f1c\" data-id=\"4594f1c\" data-element_type=\"column\">\n\t\t\t<div class=\"elementor-widget-wrap elementor-element-populated\">\n\t\t\t\t\t\t<section data-particle_enable=\"false\" data-particle-mobile-disabled=\"false\" class=\"elementor-section elementor-inner-section elementor-element elementor-element-9485dab elementor-section-content-middle elementor-section-boxed elementor-section-height-default elementor-section-height-default\" data-id=\"9485dab\" data-element_type=\"section\">\n\t\t\t\t\t\t<div class=\"elementor-container elementor-column-gap-default\">\n\t\t\t\t\t<div class=\"elementor-column elementor-col-100 elementor-inner-column elementor-element elementor-element-5ef2d7a\" data-id=\"5ef2d7a\" data-element_type=\"column\">\n\t\t\t<div class=\"elementor-widget-wrap elementor-element-populated\">\n\t\t\t\t\t\t<div class=\"elementor-element elementor-element-279c5a5 elementor-widget elementor-widget-image\" data-id=\"279c5a5\" data-element_type=\"widget\" data-widget_type=\"image.default\">\n\t\t\t\t<div class=\"elementor-widget-container\">\n\t\t\t\t\t\t\t\t\t\t\t\t\t\t\t<img loading=\"lazy\" decoding=\"async\" width=\"1290\" height=\"2114\" src=\"https:\/\/mikailakar.com\/wp-content\/uploads\/2023\/08\/IMG_7647.jpg\" class=\"attachment-full size-full wp-image-7124\" alt=\"\" srcset=\"https:\/\/mikailakar.com\/wp-content\/uploads\/2023\/08\/IMG_7647.jpg 1290w, https:\/\/mikailakar.com\/wp-content\/uploads\/2023\/08\/IMG_7647-183x300.jpg 183w, https:\/\/mikailakar.com\/wp-content\/uploads\/2023\/08\/IMG_7647-625x1024.jpg 625w, https:\/\/mikailakar.com\/wp-content\/uploads\/2023\/08\/IMG_7647-768x1259.jpg 768w, https:\/\/mikailakar.com\/wp-content\/uploads\/2023\/08\/IMG_7647-937x1536.jpg 937w, https:\/\/mikailakar.com\/wp-content\/uploads\/2023\/08\/IMG_7647-1250x2048.jpg 1250w\" sizes=\"(max-width: 1290px) 100vw, 1290px\" \/>\t\t\t\t\t\t\t\t\t\t\t\t\t\t\t<\/div>\n\t\t\t\t<\/div>\n\t\t\t\t\t<\/div>\n\t\t<\/div>\n\t\t\t\t\t<\/div>\n\t\t<\/section>\n\t\t\t\t<div class=\"elementor-element elementor-element-afca23e elementor-widget elementor-widget-heading\" data-id=\"afca23e\" data-element_type=\"widget\" data-widget_type=\"heading.default\">\n\t\t\t\t<div class=\"elementor-widget-container\">\n\t\t\t\t\t<h3 class=\"elementor-heading-title elementor-size-default\">Mikail Akar is ten years old. Art collectors are lining up for his paintings.<\/h3>\t\t\t\t<\/div>\n\t\t\t\t<\/div>\n\t\t\t\t<div class=\"elementor-element elementor-element-93d4680 elementor-widget elementor-widget-theme-post-excerpt\" data-id=\"93d4680\" data-element_type=\"widget\" data-widget_type=\"theme-post-excerpt.default\">\n\t\t\t\t<div class=\"elementor-widget-container\">\n\t\t\t\t\t<p>Mikail Akar has been painting since he was four years old. Mikail Akar has been painting since he was four years old, and now he is ten and sells his paintings for more money than other people earn in a year. But life as a child prodigy also has its downsides. How Mikail&#8217;s career changed [&hellip;]<\/p>\n\t\t\t\t<\/div>\n\t\t\t\t<\/div>\n\t\t\t\t\t<\/div>\n\t\t<\/div>\n\t\t\t\t\t<\/div>\n\t\t<\/section>\n\t\t\t\t<\/div>\n\t\t\t\t<div data-elementor-type=\"loop-item\" data-elementor-id=\"6347\" class=\"elementor elementor-6347 elementor-2616 e-loop-item e-loop-item-7177 post-7177 press type-press status-publish has-post-thumbnail hentry\" data-elementor-post-type=\"elementor_library\" data-custom-edit-handle=\"1\">\n\t\t\t<a class=\"eael-wrapper-link-51713bb --eael-wrapper-link-tag\" href=\"https:\/\/www.dailymail.co.uk\/femail\/article-12190715\/10-year-old-art-prodigy-paints-Rolls-Royce-sells-450-000.html\" target=\"_blank\" rel=\"nofollow noopener\"><\/a>\t\t<section data-eael-wrapper-link=\"eael-wrapper-link-51713bb\" data-particle_enable=\"false\" data-particle-mobile-disabled=\"false\" class=\"elementor-section elementor-top-section elementor-element elementor-element-51713bb elementor-section-boxed elementor-section-height-default elementor-section-height-default\" data-id=\"51713bb\" data-element_type=\"section\" data-settings=\"{&quot;background_background&quot;:&quot;classic&quot;}\">\n\t\t\t\t\t\t<div class=\"elementor-container elementor-column-gap-no\">\n\t\t\t\t\t<div class=\"elementor-column elementor-col-100 elementor-top-column elementor-element elementor-element-4594f1c\" data-id=\"4594f1c\" data-element_type=\"column\">\n\t\t\t<div class=\"elementor-widget-wrap elementor-element-populated\">\n\t\t\t\t\t\t<section data-particle_enable=\"false\" data-particle-mobile-disabled=\"false\" class=\"elementor-section elementor-inner-section elementor-element elementor-element-9485dab elementor-section-content-middle elementor-section-boxed elementor-section-height-default elementor-section-height-default\" data-id=\"9485dab\" data-element_type=\"section\">\n\t\t\t\t\t\t<div class=\"elementor-container elementor-column-gap-default\">\n\t\t\t\t\t<div class=\"elementor-column elementor-col-100 elementor-inner-column elementor-element elementor-element-5ef2d7a\" data-id=\"5ef2d7a\" data-element_type=\"column\">\n\t\t\t<div class=\"elementor-widget-wrap elementor-element-populated\">\n\t\t\t\t\t\t<div class=\"elementor-element elementor-element-279c5a5 elementor-widget elementor-widget-image\" data-id=\"279c5a5\" data-element_type=\"widget\" data-widget_type=\"image.default\">\n\t\t\t\t<div class=\"elementor-widget-container\">\n\t\t\t\t\t\t\t\t\t\t\t\t\t\t\t<img loading=\"lazy\" decoding=\"async\" width=\"1290\" height=\"1599\" src=\"https:\/\/mikailakar.com\/wp-content\/uploads\/2023\/08\/IMG_7646.jpg\" class=\"attachment-full size-full wp-image-7115\" alt=\"\" srcset=\"https:\/\/mikailakar.com\/wp-content\/uploads\/2023\/08\/IMG_7646.jpg 1290w, https:\/\/mikailakar.com\/wp-content\/uploads\/2023\/08\/IMG_7646-242x300.jpg 242w, https:\/\/mikailakar.com\/wp-content\/uploads\/2023\/08\/IMG_7646-826x1024.jpg 826w, https:\/\/mikailakar.com\/wp-content\/uploads\/2023\/08\/IMG_7646-768x952.jpg 768w, https:\/\/mikailakar.com\/wp-content\/uploads\/2023\/08\/IMG_7646-1239x1536.jpg 1239w\" sizes=\"(max-width: 1290px) 100vw, 1290px\" \/>\t\t\t\t\t\t\t\t\t\t\t\t\t\t\t<\/div>\n\t\t\t\t<\/div>\n\t\t\t\t\t<\/div>\n\t\t<\/div>\n\t\t\t\t\t<\/div>\n\t\t<\/section>\n\t\t\t\t<div class=\"elementor-element elementor-element-93d4680 elementor-widget elementor-widget-theme-post-excerpt\" data-id=\"93d4680\" data-element_type=\"widget\" data-widget_type=\"theme-post-excerpt.default\">\n\t\t\t\t<div class=\"elementor-widget-container\">\n\t\t\t\t\t<p>A luxury Rolls-Royce that was hand-painted by a 10-year-old art prodigy has sold for a staggering $450,000 to a multi-millionaire collector. Pint-sized painter Mikail Akar hails from Cologne and has been taking the art world by storm with a series of art exhibitions &#8211; including his New York debut, Unbelievable, where he sold $80,000 worth [&hellip;]<\/p>\n\t\t\t\t<\/div>\n\t\t\t\t<\/div>\n\t\t\t\t\t<\/div>\n\t\t<\/div>\n\t\t\t\t\t<\/div>\n\t\t<\/section>\n\t\t\t\t<\/div>\n\t\t\t\t<div data-elementor-type=\"loop-item\" data-elementor-id=\"6347\" class=\"elementor elementor-6347 elementor-2616 e-loop-item e-loop-item-7010 post-7010 press type-press status-publish has-post-thumbnail hentry\" data-elementor-post-type=\"elementor_library\" data-custom-edit-handle=\"1\">\n\t\t\t<a class=\"eael-wrapper-link-51713bb --eael-wrapper-link-tag\" href=\"https:\/\/www.dailymail.co.uk\/news\/article-11952765\/10-year-old-German-art-prodigy-takes-New-Yorks-art-scene-storm.html\" target=\"_blank\" rel=\"nofollow noopener\"><\/a>\t\t<section data-eael-wrapper-link=\"eael-wrapper-link-51713bb\" data-particle_enable=\"false\" data-particle-mobile-disabled=\"false\" class=\"elementor-section elementor-top-section elementor-element elementor-element-51713bb elementor-section-boxed elementor-section-height-default elementor-section-height-default\" data-id=\"51713bb\" data-element_type=\"section\" data-settings=\"{&quot;background_background&quot;:&quot;classic&quot;}\">\n\t\t\t\t\t\t<div class=\"elementor-container elementor-column-gap-no\">\n\t\t\t\t\t<div class=\"elementor-column elementor-col-100 elementor-top-column elementor-element elementor-element-4594f1c\" data-id=\"4594f1c\" data-element_type=\"column\">\n\t\t\t<div class=\"elementor-widget-wrap elementor-element-populated\">\n\t\t\t\t\t\t<section data-particle_enable=\"false\" data-particle-mobile-disabled=\"false\" class=\"elementor-section elementor-inner-section elementor-element elementor-element-9485dab elementor-section-content-middle elementor-section-boxed elementor-section-height-default elementor-section-height-default\" data-id=\"9485dab\" data-element_type=\"section\">\n\t\t\t\t\t\t<div class=\"elementor-container elementor-column-gap-default\">\n\t\t\t\t\t<div class=\"elementor-column elementor-col-100 elementor-inner-column elementor-element elementor-element-5ef2d7a\" data-id=\"5ef2d7a\" data-element_type=\"column\">\n\t\t\t<div class=\"elementor-widget-wrap elementor-element-populated\">\n\t\t\t\t\t\t<div class=\"elementor-element elementor-element-279c5a5 elementor-widget elementor-widget-image\" data-id=\"279c5a5\" data-element_type=\"widget\" data-widget_type=\"image.default\">\n\t\t\t\t<div class=\"elementor-widget-container\">\n\t\t\t\t\t\t\t\t\t\t\t\t\t\t\t<img loading=\"lazy\" decoding=\"async\" width=\"1024\" height=\"1774\" src=\"https:\/\/mikailakar.com\/wp-content\/uploads\/2023\/07\/10-YEAR-OLD-GERMAN-ART-PRODIGY-SELLS-OVER-80000-WORTH-OF-ART-TO-NEW-YORKS-HIGH-SOCIETY-IN-SECOND-EXHIBITIONS-OPENING-WEEKEND-1-1.jpg\" class=\"attachment-full size-full wp-image-1336\" alt=\"\" srcset=\"https:\/\/mikailakar.com\/wp-content\/uploads\/2023\/07\/10-YEAR-OLD-GERMAN-ART-PRODIGY-SELLS-OVER-80000-WORTH-OF-ART-TO-NEW-YORKS-HIGH-SOCIETY-IN-SECOND-EXHIBITIONS-OPENING-WEEKEND-1-1.jpg 1024w, https:\/\/mikailakar.com\/wp-content\/uploads\/2023\/07\/10-YEAR-OLD-GERMAN-ART-PRODIGY-SELLS-OVER-80000-WORTH-OF-ART-TO-NEW-YORKS-HIGH-SOCIETY-IN-SECOND-EXHIBITIONS-OPENING-WEEKEND-1-1-173x300.jpg 173w, https:\/\/mikailakar.com\/wp-content\/uploads\/2023\/07\/10-YEAR-OLD-GERMAN-ART-PRODIGY-SELLS-OVER-80000-WORTH-OF-ART-TO-NEW-YORKS-HIGH-SOCIETY-IN-SECOND-EXHIBITIONS-OPENING-WEEKEND-1-1-591x1024.jpg 591w, https:\/\/mikailakar.com\/wp-content\/uploads\/2023\/07\/10-YEAR-OLD-GERMAN-ART-PRODIGY-SELLS-OVER-80000-WORTH-OF-ART-TO-NEW-YORKS-HIGH-SOCIETY-IN-SECOND-EXHIBITIONS-OPENING-WEEKEND-1-1-768x1331.jpg 768w, https:\/\/mikailakar.com\/wp-content\/uploads\/2023\/07\/10-YEAR-OLD-GERMAN-ART-PRODIGY-SELLS-OVER-80000-WORTH-OF-ART-TO-NEW-YORKS-HIGH-SOCIETY-IN-SECOND-EXHIBITIONS-OPENING-WEEKEND-1-1-887x1536.jpg 887w\" sizes=\"(max-width: 1024px) 100vw, 1024px\" \/>\t\t\t\t\t\t\t\t\t\t\t\t\t\t\t<\/div>\n\t\t\t\t<\/div>\n\t\t\t\t\t<\/div>\n\t\t<\/div>\n\t\t\t\t\t<\/div>\n\t\t<\/section>\n\t\t\t\t<div class=\"elementor-element elementor-element-afca23e elementor-widget elementor-widget-heading\" data-id=\"afca23e\" data-element_type=\"widget\" data-widget_type=\"heading.default\">\n\t\t\t\t<div class=\"elementor-widget-container\">\n\t\t\t\t\t<h3 class=\"elementor-heading-title elementor-size-default\">10-YEAR-OLD GERMAN ART PRODIGY SELLS OVER $80,000 WORTH OF ARTWORK TO NEW YORK HIGH SOCIETY ON OPENING WEEKEND OF SECOND EXHIBITION<\/h3>\t\t\t\t<\/div>\n\t\t\t\t<\/div>\n\t\t\t\t<div class=\"elementor-element elementor-element-93d4680 elementor-widget elementor-widget-theme-post-excerpt\" data-id=\"93d4680\" data-element_type=\"widget\" data-widget_type=\"theme-post-excerpt.default\">\n\t\t\t\t<div class=\"elementor-widget-container\">\n\t\t\t\t\t<p>&#013; German wunderkind Mikail Akar takes the New York art scene by storm. &#013;<\/p>\n\t\t\t\t<\/div>\n\t\t\t\t<\/div>\n\t\t\t\t\t<\/div>\n\t\t<\/div>\n\t\t\t\t\t<\/div>\n\t\t<\/section>\n\t\t\t\t<\/div>\n\t\t\t\t<div data-elementor-type=\"loop-item\" data-elementor-id=\"6347\" class=\"elementor elementor-6347 elementor-2616 e-loop-item e-loop-item-7016 post-7016 press type-press status-publish has-post-thumbnail hentry\" data-elementor-post-type=\"elementor_library\" data-custom-edit-handle=\"1\">\n\t\t\t<a class=\"eael-wrapper-link-51713bb --eael-wrapper-link-tag\" href=\"https:\/\/www.bild.de\/regional\/koeln\/koeln-aktuell\/koeln-kunst-wunderkind-mikail-malt-auf-dem-empire-state-building-83509380.bild.html\" target=\"_blank\" rel=\"nofollow noopener\"><\/a>\t\t<section data-eael-wrapper-link=\"eael-wrapper-link-51713bb\" data-particle_enable=\"false\" data-particle-mobile-disabled=\"false\" class=\"elementor-section elementor-top-section elementor-element elementor-element-51713bb elementor-section-boxed elementor-section-height-default elementor-section-height-default\" data-id=\"51713bb\" data-element_type=\"section\" data-settings=\"{&quot;background_background&quot;:&quot;classic&quot;}\">\n\t\t\t\t\t\t<div class=\"elementor-container elementor-column-gap-no\">\n\t\t\t\t\t<div class=\"elementor-column elementor-col-100 elementor-top-column elementor-element elementor-element-4594f1c\" data-id=\"4594f1c\" data-element_type=\"column\">\n\t\t\t<div class=\"elementor-widget-wrap elementor-element-populated\">\n\t\t\t\t\t\t<section data-particle_enable=\"false\" data-particle-mobile-disabled=\"false\" class=\"elementor-section elementor-inner-section elementor-element elementor-element-9485dab elementor-section-content-middle elementor-section-boxed elementor-section-height-default elementor-section-height-default\" data-id=\"9485dab\" data-element_type=\"section\">\n\t\t\t\t\t\t<div class=\"elementor-container elementor-column-gap-default\">\n\t\t\t\t\t<div class=\"elementor-column elementor-col-100 elementor-inner-column elementor-element elementor-element-5ef2d7a\" data-id=\"5ef2d7a\" data-element_type=\"column\">\n\t\t\t<div class=\"elementor-widget-wrap elementor-element-populated\">\n\t\t\t\t\t\t<div class=\"elementor-element elementor-element-279c5a5 elementor-widget elementor-widget-image\" data-id=\"279c5a5\" data-element_type=\"widget\" data-widget_type=\"image.default\">\n\t\t\t\t<div class=\"elementor-widget-container\">\n\t\t\t\t\t\t\t\t\t\t\t\t\t\t\t<img loading=\"lazy\" decoding=\"async\" width=\"1024\" height=\"730\" src=\"https:\/\/mikailakar.com\/wp-content\/uploads\/2023\/07\/KOLNER-VIERTKLASSLER-MALT-AUF-DEM-EMPIRE-STATE-BUILDING-MIT-GOLD-1-1.jpg\" class=\"attachment-full size-full wp-image-1332\" alt=\"\" srcset=\"https:\/\/mikailakar.com\/wp-content\/uploads\/2023\/07\/KOLNER-VIERTKLASSLER-MALT-AUF-DEM-EMPIRE-STATE-BUILDING-MIT-GOLD-1-1.jpg 1024w, https:\/\/mikailakar.com\/wp-content\/uploads\/2023\/07\/KOLNER-VIERTKLASSLER-MALT-AUF-DEM-EMPIRE-STATE-BUILDING-MIT-GOLD-1-1-300x214.jpg 300w, https:\/\/mikailakar.com\/wp-content\/uploads\/2023\/07\/KOLNER-VIERTKLASSLER-MALT-AUF-DEM-EMPIRE-STATE-BUILDING-MIT-GOLD-1-1-768x548.jpg 768w\" sizes=\"(max-width: 1024px) 100vw, 1024px\" \/>\t\t\t\t\t\t\t\t\t\t\t\t\t\t\t<\/div>\n\t\t\t\t<\/div>\n\t\t\t\t\t<\/div>\n\t\t<\/div>\n\t\t\t\t\t<\/div>\n\t\t<\/section>\n\t\t\t\t<div class=\"elementor-element elementor-element-afca23e elementor-widget elementor-widget-heading\" data-id=\"afca23e\" data-element_type=\"widget\" data-widget_type=\"heading.default\">\n\t\t\t\t<div class=\"elementor-widget-container\">\n\t\t\t\t\t<h3 class=\"elementor-heading-title elementor-size-default\">COLOGNE FOURTH GRADER PAINTS ON THE EMPIRE STATE BUILDING WITH GOLD<\/h3>\t\t\t\t<\/div>\n\t\t\t\t<\/div>\n\t\t\t\t<div class=\"elementor-element elementor-element-93d4680 elementor-widget elementor-widget-theme-post-excerpt\" data-id=\"93d4680\" data-element_type=\"widget\" data-widget_type=\"theme-post-excerpt.default\">\n\t\t\t\t<div class=\"elementor-widget-container\">\n\t\t\t\t\t<p>&#013; The little painter always wanted to fly high. And now he has managed to do just that: on the visitors&#8217; platform of the Empire State Building in New York, Mikail Akar (10) painted his latest work &#8230; &#013;<\/p>\n\t\t\t\t<\/div>\n\t\t\t\t<\/div>\n\t\t\t\t\t<\/div>\n\t\t<\/div>\n\t\t\t\t\t<\/div>\n\t\t<\/section>\n\t\t\t\t<\/div>\n\t\t\t\t<div data-elementor-type=\"loop-item\" data-elementor-id=\"6347\" class=\"elementor elementor-6347 elementor-2616 e-loop-item e-loop-item-7206 post-7206 press type-press status-publish has-post-thumbnail hentry\" data-elementor-post-type=\"elementor_library\" data-custom-edit-handle=\"1\">\n\t\t\t<a class=\"eael-wrapper-link-51713bb --eael-wrapper-link-tag\" href=\"https:\/\/www.bild.de\/regional\/koeln\/koeln-aktuell\/kunst-wunderkind-aus-koeln-mikail-10-macht-rolls-royce-zur-leinwand-83275970.bild.html\" target=\"_blank\" rel=\"nofollow noopener\"><\/a>\t\t<section data-eael-wrapper-link=\"eael-wrapper-link-51713bb\" data-particle_enable=\"false\" data-particle-mobile-disabled=\"false\" class=\"elementor-section elementor-top-section elementor-element elementor-element-51713bb elementor-section-boxed elementor-section-height-default elementor-section-height-default\" data-id=\"51713bb\" data-element_type=\"section\" data-settings=\"{&quot;background_background&quot;:&quot;classic&quot;}\">\n\t\t\t\t\t\t<div class=\"elementor-container elementor-column-gap-no\">\n\t\t\t\t\t<div class=\"elementor-column elementor-col-100 elementor-top-column elementor-element elementor-element-4594f1c\" data-id=\"4594f1c\" data-element_type=\"column\">\n\t\t\t<div class=\"elementor-widget-wrap elementor-element-populated\">\n\t\t\t\t\t\t<section data-particle_enable=\"false\" data-particle-mobile-disabled=\"false\" class=\"elementor-section elementor-inner-section elementor-element elementor-element-9485dab elementor-section-content-middle elementor-section-boxed elementor-section-height-default elementor-section-height-default\" data-id=\"9485dab\" data-element_type=\"section\">\n\t\t\t\t\t\t<div class=\"elementor-container elementor-column-gap-default\">\n\t\t\t\t\t<div class=\"elementor-column elementor-col-100 elementor-inner-column elementor-element elementor-element-5ef2d7a\" data-id=\"5ef2d7a\" data-element_type=\"column\">\n\t\t\t<div class=\"elementor-widget-wrap elementor-element-populated\">\n\t\t\t\t\t\t<div class=\"elementor-element elementor-element-279c5a5 elementor-widget elementor-widget-image\" data-id=\"279c5a5\" data-element_type=\"widget\" data-widget_type=\"image.default\">\n\t\t\t\t<div class=\"elementor-widget-container\">\n\t\t\t\t\t\t\t\t\t\t\t\t\t\t\t<img loading=\"lazy\" decoding=\"async\" width=\"1266\" height=\"1763\" src=\"https:\/\/mikailakar.com\/wp-content\/uploads\/2023\/07\/KLEINER-MIKAIL-10-MACHT-ROLLS-ROYCE-ZUR-LEINWAN-1.jpg\" class=\"attachment-full size-full wp-image-1328\" alt=\"\" srcset=\"https:\/\/mikailakar.com\/wp-content\/uploads\/2023\/07\/KLEINER-MIKAIL-10-MACHT-ROLLS-ROYCE-ZUR-LEINWAN-1.jpg 1266w, https:\/\/mikailakar.com\/wp-content\/uploads\/2023\/07\/KLEINER-MIKAIL-10-MACHT-ROLLS-ROYCE-ZUR-LEINWAN-1-215x300.jpg 215w, https:\/\/mikailakar.com\/wp-content\/uploads\/2023\/07\/KLEINER-MIKAIL-10-MACHT-ROLLS-ROYCE-ZUR-LEINWAN-1-735x1024.jpg 735w, https:\/\/mikailakar.com\/wp-content\/uploads\/2023\/07\/KLEINER-MIKAIL-10-MACHT-ROLLS-ROYCE-ZUR-LEINWAN-1-768x1069.jpg 768w, https:\/\/mikailakar.com\/wp-content\/uploads\/2023\/07\/KLEINER-MIKAIL-10-MACHT-ROLLS-ROYCE-ZUR-LEINWAN-1-1103x1536.jpg 1103w\" sizes=\"(max-width: 1266px) 100vw, 1266px\" \/>\t\t\t\t\t\t\t\t\t\t\t\t\t\t\t<\/div>\n\t\t\t\t<\/div>\n\t\t\t\t\t<\/div>\n\t\t<\/div>\n\t\t\t\t\t<\/div>\n\t\t<\/section>\n\t\t\t\t<div class=\"elementor-element elementor-element-afca23e elementor-widget elementor-widget-heading\" data-id=\"afca23e\" data-element_type=\"widget\" data-widget_type=\"heading.default\">\n\t\t\t\t<div class=\"elementor-widget-container\">\n\t\t\t\t\t<h3 class=\"elementor-heading-title elementor-size-default\">LITTLE MIKAIL (10) TURNS ROLLS ROYCE INTO A CANVAS<\/h3>\t\t\t\t<\/div>\n\t\t\t\t<\/div>\n\t\t\t\t<div class=\"elementor-element elementor-element-93d4680 elementor-widget elementor-widget-theme-post-excerpt\" data-id=\"93d4680\" data-element_type=\"widget\" data-widget_type=\"theme-post-excerpt.default\">\n\t\t\t\t<div class=\"elementor-widget-container\">\n\t\t\t\t\t<p>&#013; He gets to do what other kids his age dream of and is celebrated for it! &#013;<\/p>\n\t\t\t\t<\/div>\n\t\t\t\t<\/div>\n\t\t\t\t\t<\/div>\n\t\t<\/div>\n\t\t\t\t\t<\/div>\n\t\t<\/section>\n\t\t\t\t<\/div>\n\t\t\t\t<div data-elementor-type=\"loop-item\" data-elementor-id=\"6347\" class=\"elementor elementor-6347 elementor-2616 e-loop-item e-loop-item-7216 post-7216 press type-press status-publish has-post-thumbnail hentry\" data-elementor-post-type=\"elementor_library\" data-custom-edit-handle=\"1\">\n\t\t\t<a class=\"eael-wrapper-link-51713bb --eael-wrapper-link-tag\" href=\"https:\/\/www.express.de\/koeln\/koeln-mikail-akar-bemalt-rolls-royce-fuer-mega-summe-verkauft-536305\" target=\"_blank\" rel=\"nofollow noopener\"><\/a>\t\t<section data-eael-wrapper-link=\"eael-wrapper-link-51713bb\" data-particle_enable=\"false\" data-particle-mobile-disabled=\"false\" class=\"elementor-section elementor-top-section elementor-element elementor-element-51713bb elementor-section-boxed elementor-section-height-default elementor-section-height-default\" data-id=\"51713bb\" data-element_type=\"section\" data-settings=\"{&quot;background_background&quot;:&quot;classic&quot;}\">\n\t\t\t\t\t\t<div class=\"elementor-container elementor-column-gap-no\">\n\t\t\t\t\t<div class=\"elementor-column elementor-col-100 elementor-top-column elementor-element elementor-element-4594f1c\" data-id=\"4594f1c\" data-element_type=\"column\">\n\t\t\t<div class=\"elementor-widget-wrap elementor-element-populated\">\n\t\t\t\t\t\t<section data-particle_enable=\"false\" data-particle-mobile-disabled=\"false\" class=\"elementor-section elementor-inner-section elementor-element elementor-element-9485dab elementor-section-content-middle elementor-section-boxed elementor-section-height-default elementor-section-height-default\" data-id=\"9485dab\" data-element_type=\"section\">\n\t\t\t\t\t\t<div class=\"elementor-container elementor-column-gap-default\">\n\t\t\t\t\t<div class=\"elementor-column elementor-col-100 elementor-inner-column elementor-element elementor-element-5ef2d7a\" data-id=\"5ef2d7a\" data-element_type=\"column\">\n\t\t\t<div class=\"elementor-widget-wrap elementor-element-populated\">\n\t\t\t\t\t\t<div class=\"elementor-element elementor-element-279c5a5 elementor-widget elementor-widget-image\" data-id=\"279c5a5\" data-element_type=\"widget\" data-widget_type=\"image.default\">\n\t\t\t\t<div class=\"elementor-widget-container\">\n\t\t\t\t\t\t\t\t\t\t\t\t\t\t\t<img loading=\"lazy\" decoding=\"async\" width=\"1290\" height=\"1755\" src=\"https:\/\/mikailakar.com\/wp-content\/uploads\/2023\/07\/KOLNER-WUNDERKIND-BEMALT-LUXUSWAGEN-DER-FUR-MEGA-SUMME-VERKAUFT-WIRD.jpg\" class=\"attachment-full size-full wp-image-1321\" alt=\"\" srcset=\"https:\/\/mikailakar.com\/wp-content\/uploads\/2023\/07\/KOLNER-WUNDERKIND-BEMALT-LUXUSWAGEN-DER-FUR-MEGA-SUMME-VERKAUFT-WIRD.jpg 1290w, https:\/\/mikailakar.com\/wp-content\/uploads\/2023\/07\/KOLNER-WUNDERKIND-BEMALT-LUXUSWAGEN-DER-FUR-MEGA-SUMME-VERKAUFT-WIRD-221x300.jpg 221w, https:\/\/mikailakar.com\/wp-content\/uploads\/2023\/07\/KOLNER-WUNDERKIND-BEMALT-LUXUSWAGEN-DER-FUR-MEGA-SUMME-VERKAUFT-WIRD-753x1024.jpg 753w, https:\/\/mikailakar.com\/wp-content\/uploads\/2023\/07\/KOLNER-WUNDERKIND-BEMALT-LUXUSWAGEN-DER-FUR-MEGA-SUMME-VERKAUFT-WIRD-768x1045.jpg 768w, https:\/\/mikailakar.com\/wp-content\/uploads\/2023\/07\/KOLNER-WUNDERKIND-BEMALT-LUXUSWAGEN-DER-FUR-MEGA-SUMME-VERKAUFT-WIRD-1129x1536.jpg 1129w\" sizes=\"(max-width: 1290px) 100vw, 1290px\" \/>\t\t\t\t\t\t\t\t\t\t\t\t\t\t\t<\/div>\n\t\t\t\t<\/div>\n\t\t\t\t\t<\/div>\n\t\t<\/div>\n\t\t\t\t\t<\/div>\n\t\t<\/section>\n\t\t\t\t<div class=\"elementor-element elementor-element-afca23e elementor-widget elementor-widget-heading\" data-id=\"afca23e\" data-element_type=\"widget\" data-widget_type=\"heading.default\">\n\t\t\t\t<div class=\"elementor-widget-container\">\n\t\t\t\t\t<h3 class=\"elementor-heading-title elementor-size-default\">COLOGNE WONDERCHILD PAINTS LUXURY CAR TO BE SOLD FOR MEGA SUM<\/h3>\t\t\t\t<\/div>\n\t\t\t\t<\/div>\n\t\t\t\t<div class=\"elementor-element elementor-element-93d4680 elementor-widget elementor-widget-theme-post-excerpt\" data-id=\"93d4680\" data-element_type=\"widget\" data-widget_type=\"theme-post-excerpt.default\">\n\t\t\t\t<div class=\"elementor-widget-container\">\n\t\t\t\t\t<p>&#013; 400,000 euros! For this proud sum has now been sold a car of the luxury brand Rolls-Royce, which was painted by the Cologne artist Mikail Akar. &#013;<\/p>\n\t\t\t\t<\/div>\n\t\t\t\t<\/div>\n\t\t\t\t\t<\/div>\n\t\t<\/div>\n\t\t\t\t\t<\/div>\n\t\t<\/section>\n\t\t\t\t<\/div>\n\t\t\t\t<div data-elementor-type=\"loop-item\" data-elementor-id=\"6347\" class=\"elementor elementor-6347 elementor-2616 e-loop-item e-loop-item-7233 post-7233 press type-press status-publish has-post-thumbnail hentry\" data-elementor-post-type=\"elementor_library\" data-custom-edit-handle=\"1\">\n\t\t\t<a class=\"eael-wrapper-link-51713bb --eael-wrapper-link-tag\" href=\"https:\/\/rp-online.de\/kultur\/kunst\/koeln-wunderkind-mikail-akar-stellt-seine-gemaelde-in-new-york-aus_aid-83682359\" target=\"_blank\" rel=\"nofollow noopener\"><\/a>\t\t<section data-eael-wrapper-link=\"eael-wrapper-link-51713bb\" data-particle_enable=\"false\" data-particle-mobile-disabled=\"false\" class=\"elementor-section elementor-top-section elementor-element elementor-element-51713bb elementor-section-boxed elementor-section-height-default elementor-section-height-default\" data-id=\"51713bb\" data-element_type=\"section\" data-settings=\"{&quot;background_background&quot;:&quot;classic&quot;}\">\n\t\t\t\t\t\t<div class=\"elementor-container elementor-column-gap-no\">\n\t\t\t\t\t<div class=\"elementor-column elementor-col-100 elementor-top-column elementor-element elementor-element-4594f1c\" data-id=\"4594f1c\" data-element_type=\"column\">\n\t\t\t<div class=\"elementor-widget-wrap elementor-element-populated\">\n\t\t\t\t\t\t<section data-particle_enable=\"false\" data-particle-mobile-disabled=\"false\" class=\"elementor-section elementor-inner-section elementor-element elementor-element-9485dab elementor-section-content-middle elementor-section-boxed elementor-section-height-default elementor-section-height-default\" data-id=\"9485dab\" data-element_type=\"section\">\n\t\t\t\t\t\t<div class=\"elementor-container elementor-column-gap-default\">\n\t\t\t\t\t<div class=\"elementor-column elementor-col-100 elementor-inner-column elementor-element elementor-element-5ef2d7a\" data-id=\"5ef2d7a\" data-element_type=\"column\">\n\t\t\t<div class=\"elementor-widget-wrap elementor-element-populated\">\n\t\t\t\t\t\t<div class=\"elementor-element elementor-element-279c5a5 elementor-widget elementor-widget-image\" data-id=\"279c5a5\" data-element_type=\"widget\" data-widget_type=\"image.default\">\n\t\t\t\t<div class=\"elementor-widget-container\">\n\t\t\t\t\t\t\t\t\t\t\t\t\t\t\t<img loading=\"lazy\" decoding=\"async\" width=\"1024\" height=\"700\" src=\"https:\/\/mikailakar.com\/wp-content\/uploads\/2023\/07\/JUNGER-KOLNER-STELLT-IN-NEW-YORK-AUS-1.jpg\" class=\"attachment-full size-full wp-image-1317\" alt=\"\" srcset=\"https:\/\/mikailakar.com\/wp-content\/uploads\/2023\/07\/JUNGER-KOLNER-STELLT-IN-NEW-YORK-AUS-1.jpg 1024w, https:\/\/mikailakar.com\/wp-content\/uploads\/2023\/07\/JUNGER-KOLNER-STELLT-IN-NEW-YORK-AUS-1-300x205.jpg 300w, https:\/\/mikailakar.com\/wp-content\/uploads\/2023\/07\/JUNGER-KOLNER-STELLT-IN-NEW-YORK-AUS-1-768x525.jpg 768w\" sizes=\"(max-width: 1024px) 100vw, 1024px\" \/>\t\t\t\t\t\t\t\t\t\t\t\t\t\t\t<\/div>\n\t\t\t\t<\/div>\n\t\t\t\t\t<\/div>\n\t\t<\/div>\n\t\t\t\t\t<\/div>\n\t\t<\/section>\n\t\t\t\t<div class=\"elementor-element elementor-element-afca23e elementor-widget elementor-widget-heading\" data-id=\"afca23e\" data-element_type=\"widget\" data-widget_type=\"heading.default\">\n\t\t\t\t<div class=\"elementor-widget-container\">\n\t\t\t\t\t<h3 class=\"elementor-heading-title elementor-size-default\">YOUNG COLOGNE RESIDENT EXHIBITS IN NEW YORK<\/h3>\t\t\t\t<\/div>\n\t\t\t\t<\/div>\n\t\t\t\t<div class=\"elementor-element elementor-element-93d4680 elementor-widget elementor-widget-theme-post-excerpt\" data-id=\"93d4680\" data-element_type=\"widget\" data-widget_type=\"theme-post-excerpt.default\">\n\t\t\t\t<div class=\"elementor-widget-container\">\n\t\t\t\t\t<p>&#013; &#8220;I&#8217;m not a millionaire yet,&#8221; says ten-year-old painter Mikail Akar. However, the child prodigy already has a six-year international career behind him. He sold his highest-priced painting to Vienna for 30,000 euros. But also several works &#013;<\/p>\n\t\t\t\t<\/div>\n\t\t\t\t<\/div>\n\t\t\t\t\t<\/div>\n\t\t<\/div>\n\t\t\t\t\t<\/div>\n\t\t<\/section>\n\t\t\t\t<\/div>\n\t\t\t\t<div data-elementor-type=\"loop-item\" data-elementor-id=\"6347\" class=\"elementor elementor-6347 elementor-2616 e-loop-item e-loop-item-7248 post-7248 press type-press status-publish has-post-thumbnail hentry\" data-elementor-post-type=\"elementor_library\" data-custom-edit-handle=\"1\">\n\t\t\t<a class=\"eael-wrapper-link-51713bb --eael-wrapper-link-tag\" href=\"https:\/\/www.rundschau-online.de\/region\/rhein-berg\/bergisch-gladbach\/bergisch-gladbach-dieses-wunderkind-stellt-in-bensberg-aus-481480\" target=\"_blank\" rel=\"nofollow noopener\"><\/a>\t\t<section data-eael-wrapper-link=\"eael-wrapper-link-51713bb\" data-particle_enable=\"false\" data-particle-mobile-disabled=\"false\" class=\"elementor-section elementor-top-section elementor-element elementor-element-51713bb elementor-section-boxed elementor-section-height-default elementor-section-height-default\" data-id=\"51713bb\" data-element_type=\"section\" data-settings=\"{&quot;background_background&quot;:&quot;classic&quot;}\">\n\t\t\t\t\t\t<div class=\"elementor-container elementor-column-gap-no\">\n\t\t\t\t\t<div class=\"elementor-column elementor-col-100 elementor-top-column elementor-element elementor-element-4594f1c\" data-id=\"4594f1c\" data-element_type=\"column\">\n\t\t\t<div class=\"elementor-widget-wrap elementor-element-populated\">\n\t\t\t\t\t\t<section data-particle_enable=\"false\" data-particle-mobile-disabled=\"false\" class=\"elementor-section elementor-inner-section elementor-element elementor-element-9485dab elementor-section-content-middle elementor-section-boxed elementor-section-height-default elementor-section-height-default\" data-id=\"9485dab\" data-element_type=\"section\">\n\t\t\t\t\t\t<div class=\"elementor-container elementor-column-gap-default\">\n\t\t\t\t\t<div class=\"elementor-column elementor-col-100 elementor-inner-column elementor-element elementor-element-5ef2d7a\" data-id=\"5ef2d7a\" data-element_type=\"column\">\n\t\t\t<div class=\"elementor-widget-wrap elementor-element-populated\">\n\t\t\t\t\t\t<div class=\"elementor-element elementor-element-279c5a5 elementor-widget elementor-widget-image\" data-id=\"279c5a5\" data-element_type=\"widget\" data-widget_type=\"image.default\">\n\t\t\t\t<div class=\"elementor-widget-container\">\n\t\t\t\t\t\t\t\t\t\t\t\t\t\t\t<img loading=\"lazy\" decoding=\"async\" width=\"1024\" height=\"812\" src=\"https:\/\/mikailakar.com\/wp-content\/uploads\/2023\/07\/WUNDERKIND-MIKAIL-AKAR-STELLT-SEINE-WERKE-IN-BENSBERG-AUS-1.jpg\" class=\"attachment-full size-full wp-image-1313\" alt=\"\" srcset=\"https:\/\/mikailakar.com\/wp-content\/uploads\/2023\/07\/WUNDERKIND-MIKAIL-AKAR-STELLT-SEINE-WERKE-IN-BENSBERG-AUS-1.jpg 1024w, https:\/\/mikailakar.com\/wp-content\/uploads\/2023\/07\/WUNDERKIND-MIKAIL-AKAR-STELLT-SEINE-WERKE-IN-BENSBERG-AUS-1-300x238.jpg 300w, https:\/\/mikailakar.com\/wp-content\/uploads\/2023\/07\/WUNDERKIND-MIKAIL-AKAR-STELLT-SEINE-WERKE-IN-BENSBERG-AUS-1-768x609.jpg 768w\" sizes=\"(max-width: 1024px) 100vw, 1024px\" \/>\t\t\t\t\t\t\t\t\t\t\t\t\t\t\t<\/div>\n\t\t\t\t<\/div>\n\t\t\t\t\t<\/div>\n\t\t<\/div>\n\t\t\t\t\t<\/div>\n\t\t<\/section>\n\t\t\t\t<div class=\"elementor-element elementor-element-afca23e elementor-widget elementor-widget-heading\" data-id=\"afca23e\" data-element_type=\"widget\" data-widget_type=\"heading.default\">\n\t\t\t\t<div class=\"elementor-widget-container\">\n\t\t\t\t\t<h3 class=\"elementor-heading-title elementor-size-default\">MIRACLE CHILD MIKAIL AKAR EXHIBITS HIS WORKS IN BENSBERG<\/h3>\t\t\t\t<\/div>\n\t\t\t\t<\/div>\n\t\t\t\t<div class=\"elementor-element elementor-element-93d4680 elementor-widget elementor-widget-theme-post-excerpt\" data-id=\"93d4680\" data-element_type=\"widget\" data-widget_type=\"theme-post-excerpt.default\">\n\t\t\t\t<div class=\"elementor-widget-container\">\n\t\t\t\t\t<p>&#013; Someday, ten-year-old Mikail Akar would like to study art in New York and combine art with architecture &#013;<\/p>\n\t\t\t\t<\/div>\n\t\t\t\t<\/div>\n\t\t\t\t\t<\/div>\n\t\t<\/div>\n\t\t\t\t\t<\/div>\n\t\t<\/section>\n\t\t\t\t<\/div>\n\t\t\t\t<div data-elementor-type=\"loop-item\" data-elementor-id=\"6347\" class=\"elementor elementor-6347 elementor-2616 e-loop-item e-loop-item-7270 post-7270 press type-press status-publish has-post-thumbnail hentry\" data-elementor-post-type=\"elementor_library\" data-custom-edit-handle=\"1\">\n\t\t\t<a class=\"eael-wrapper-link-51713bb --eael-wrapper-link-tag\" href=\"https:\/\/www.ksta.de\/region\/rhein-erft\/pulheim\/naechsten-deal-an-land-gezogen-pulheimer-kuenstler-mikail-akar-startet-weiter-durch-39989100?cb=1666117897302&#038;\" target=\"_blank\" rel=\"nofollow noopener\"><\/a>\t\t<section data-eael-wrapper-link=\"eael-wrapper-link-51713bb\" data-particle_enable=\"false\" data-particle-mobile-disabled=\"false\" class=\"elementor-section elementor-top-section elementor-element elementor-element-51713bb elementor-section-boxed elementor-section-height-default elementor-section-height-default\" data-id=\"51713bb\" data-element_type=\"section\" data-settings=\"{&quot;background_background&quot;:&quot;classic&quot;}\">\n\t\t\t\t\t\t<div class=\"elementor-container elementor-column-gap-no\">\n\t\t\t\t\t<div class=\"elementor-column elementor-col-100 elementor-top-column elementor-element elementor-element-4594f1c\" data-id=\"4594f1c\" data-element_type=\"column\">\n\t\t\t<div class=\"elementor-widget-wrap elementor-element-populated\">\n\t\t\t\t\t\t<section data-particle_enable=\"false\" data-particle-mobile-disabled=\"false\" class=\"elementor-section elementor-inner-section elementor-element elementor-element-9485dab elementor-section-content-middle elementor-section-boxed elementor-section-height-default elementor-section-height-default\" data-id=\"9485dab\" data-element_type=\"section\">\n\t\t\t\t\t\t<div class=\"elementor-container elementor-column-gap-default\">\n\t\t\t\t\t<div class=\"elementor-column elementor-col-100 elementor-inner-column elementor-element elementor-element-5ef2d7a\" data-id=\"5ef2d7a\" data-element_type=\"column\">\n\t\t\t<div class=\"elementor-widget-wrap elementor-element-populated\">\n\t\t\t\t\t\t<div class=\"elementor-element elementor-element-279c5a5 elementor-widget elementor-widget-image\" data-id=\"279c5a5\" data-element_type=\"widget\" data-widget_type=\"image.default\">\n\t\t\t\t<div class=\"elementor-widget-container\">\n\t\t\t\t\t\t\t\t\t\t\t\t\t\t\t<img loading=\"lazy\" decoding=\"async\" width=\"1284\" height=\"1722\" src=\"https:\/\/mikailakar.com\/wp-content\/uploads\/2023\/07\/NACHSTEN-DEAL-AN-LAND-GEZOGEN-PULHEIMER-KUNSTLER-MIKAIL-AKAR-STARTET-WEITER-DURCH.jpg\" class=\"attachment-full size-full wp-image-1306\" alt=\"\" srcset=\"https:\/\/mikailakar.com\/wp-content\/uploads\/2023\/07\/NACHSTEN-DEAL-AN-LAND-GEZOGEN-PULHEIMER-KUNSTLER-MIKAIL-AKAR-STARTET-WEITER-DURCH.jpg 1284w, https:\/\/mikailakar.com\/wp-content\/uploads\/2023\/07\/NACHSTEN-DEAL-AN-LAND-GEZOGEN-PULHEIMER-KUNSTLER-MIKAIL-AKAR-STARTET-WEITER-DURCH-224x300.jpg 224w, https:\/\/mikailakar.com\/wp-content\/uploads\/2023\/07\/NACHSTEN-DEAL-AN-LAND-GEZOGEN-PULHEIMER-KUNSTLER-MIKAIL-AKAR-STARTET-WEITER-DURCH-764x1024.jpg 764w, https:\/\/mikailakar.com\/wp-content\/uploads\/2023\/07\/NACHSTEN-DEAL-AN-LAND-GEZOGEN-PULHEIMER-KUNSTLER-MIKAIL-AKAR-STARTET-WEITER-DURCH-768x1030.jpg 768w, https:\/\/mikailakar.com\/wp-content\/uploads\/2023\/07\/NACHSTEN-DEAL-AN-LAND-GEZOGEN-PULHEIMER-KUNSTLER-MIKAIL-AKAR-STARTET-WEITER-DURCH-1145x1536.jpg 1145w\" sizes=\"(max-width: 1284px) 100vw, 1284px\" \/>\t\t\t\t\t\t\t\t\t\t\t\t\t\t\t<\/div>\n\t\t\t\t<\/div>\n\t\t\t\t\t<\/div>\n\t\t<\/div>\n\t\t\t\t\t<\/div>\n\t\t<\/section>\n\t\t\t\t<div class=\"elementor-element elementor-element-afca23e elementor-widget elementor-widget-heading\" data-id=\"afca23e\" data-element_type=\"widget\" data-widget_type=\"heading.default\">\n\t\t\t\t<div class=\"elementor-widget-container\">\n\t\t\t\t\t<h3 class=\"elementor-heading-title elementor-size-default\">NEXT DEAL LANDED PULHEIM ARTIST MIKAIL AKAR CONTINUES TO TAKE OFF<\/h3>\t\t\t\t<\/div>\n\t\t\t\t<\/div>\n\t\t\t\t<div class=\"elementor-element elementor-element-93d4680 elementor-widget elementor-widget-theme-post-excerpt\" data-id=\"93d4680\" data-element_type=\"widget\" data-widget_type=\"theme-post-excerpt.default\">\n\t\t\t\t<div class=\"elementor-widget-container\">\n\t\t\t\t\t<p>&#013; Mikail Akar&#8217;s paintings are now also at home in the Volcanic Eifel: From the end of October, the labels of Gerolsteiner mineral water will shine in his powerful design. &#013;<\/p>\n\t\t\t\t<\/div>\n\t\t\t\t<\/div>\n\t\t\t\t\t<\/div>\n\t\t<\/div>\n\t\t\t\t\t<\/div>\n\t\t<\/section>\n\t\t\t\t<\/div>\n\t\t\t\t<div data-elementor-type=\"loop-item\" data-elementor-id=\"6347\" class=\"elementor elementor-6347 elementor-2616 e-loop-item e-loop-item-7283 post-7283 press type-press status-publish has-post-thumbnail hentry\" data-elementor-post-type=\"elementor_library\" data-custom-edit-handle=\"1\">\n\t\t\t<a class=\"eael-wrapper-link-51713bb --eael-wrapper-link-tag\" href=\"https:\/\/www.bild.de\/regional\/koeln\/koeln-leute\/bilder-auf-millionen-flaschen-maler-mikail-10-macht-etiketten-kunst-81575866.bild.html\" target=\"_blank\" rel=\"nofollow noopener\"><\/a>\t\t<section data-eael-wrapper-link=\"eael-wrapper-link-51713bb\" data-particle_enable=\"false\" data-particle-mobile-disabled=\"false\" class=\"elementor-section elementor-top-section elementor-element elementor-element-51713bb elementor-section-boxed elementor-section-height-default elementor-section-height-default\" data-id=\"51713bb\" data-element_type=\"section\" data-settings=\"{&quot;background_background&quot;:&quot;classic&quot;}\">\n\t\t\t\t\t\t<div class=\"elementor-container elementor-column-gap-no\">\n\t\t\t\t\t<div class=\"elementor-column elementor-col-100 elementor-top-column elementor-element elementor-element-4594f1c\" data-id=\"4594f1c\" data-element_type=\"column\">\n\t\t\t<div class=\"elementor-widget-wrap elementor-element-populated\">\n\t\t\t\t\t\t<section data-particle_enable=\"false\" data-particle-mobile-disabled=\"false\" class=\"elementor-section elementor-inner-section elementor-element elementor-element-9485dab elementor-section-content-middle elementor-section-boxed elementor-section-height-default elementor-section-height-default\" data-id=\"9485dab\" data-element_type=\"section\">\n\t\t\t\t\t\t<div class=\"elementor-container elementor-column-gap-default\">\n\t\t\t\t\t<div class=\"elementor-column elementor-col-100 elementor-inner-column elementor-element elementor-element-5ef2d7a\" data-id=\"5ef2d7a\" data-element_type=\"column\">\n\t\t\t<div class=\"elementor-widget-wrap elementor-element-populated\">\n\t\t\t\t\t\t<div class=\"elementor-element elementor-element-279c5a5 elementor-widget elementor-widget-image\" data-id=\"279c5a5\" data-element_type=\"widget\" data-widget_type=\"image.default\">\n\t\t\t\t<div class=\"elementor-widget-container\">\n\t\t\t\t\t\t\t\t\t\t\t\t\t\t\t<img loading=\"lazy\" decoding=\"async\" width=\"818\" height=\"1152\" src=\"https:\/\/mikailakar.com\/wp-content\/uploads\/2023\/07\/MALER-STAR-MIKAIL-8-SPENDET-FUR-ERDBEBEN-OPFER-1.jpg\" class=\"attachment-full size-full wp-image-1302\" alt=\"\" srcset=\"https:\/\/mikailakar.com\/wp-content\/uploads\/2023\/07\/MALER-STAR-MIKAIL-8-SPENDET-FUR-ERDBEBEN-OPFER-1.jpg 818w, https:\/\/mikailakar.com\/wp-content\/uploads\/2023\/07\/MALER-STAR-MIKAIL-8-SPENDET-FUR-ERDBEBEN-OPFER-1-213x300.jpg 213w, https:\/\/mikailakar.com\/wp-content\/uploads\/2023\/07\/MALER-STAR-MIKAIL-8-SPENDET-FUR-ERDBEBEN-OPFER-1-727x1024.jpg 727w, https:\/\/mikailakar.com\/wp-content\/uploads\/2023\/07\/MALER-STAR-MIKAIL-8-SPENDET-FUR-ERDBEBEN-OPFER-1-768x1082.jpg 768w\" sizes=\"(max-width: 818px) 100vw, 818px\" \/>\t\t\t\t\t\t\t\t\t\t\t\t\t\t\t<\/div>\n\t\t\t\t<\/div>\n\t\t\t\t\t<\/div>\n\t\t<\/div>\n\t\t\t\t\t<\/div>\n\t\t<\/section>\n\t\t\t\t<div class=\"elementor-element elementor-element-afca23e elementor-widget elementor-widget-heading\" data-id=\"afca23e\" data-element_type=\"widget\" data-widget_type=\"heading.default\">\n\t\t\t\t<div class=\"elementor-widget-container\">\n\t\t\t\t\t<h3 class=\"elementor-heading-title elementor-size-default\">MIKAIL (10) NOW MAKES LABEL ART<\/h3>\t\t\t\t<\/div>\n\t\t\t\t<\/div>\n\t\t\t\t<div class=\"elementor-element elementor-element-93d4680 elementor-widget elementor-widget-theme-post-excerpt\" data-id=\"93d4680\" data-element_type=\"widget\" data-widget_type=\"theme-post-excerpt.default\">\n\t\t\t\t<div class=\"elementor-widget-container\">\n\t\t\t\t\t<p>&#013; He sold his first painting at the age of four. Meanwhile, the little painter Mikail (10) is an established artist on the scene. &#013;<\/p>\n\t\t\t\t<\/div>\n\t\t\t\t<\/div>\n\t\t\t\t\t<\/div>\n\t\t<\/div>\n\t\t\t\t\t<\/div>\n\t\t<\/section>\n\t\t\t\t<\/div>\n\t\t\t\t<div data-elementor-type=\"loop-item\" data-elementor-id=\"6347\" class=\"elementor elementor-6347 elementor-2616 e-loop-item e-loop-item-7300 post-7300 press type-press status-publish has-post-thumbnail hentry\" data-elementor-post-type=\"elementor_library\" data-custom-edit-handle=\"1\">\n\t\t\t<a class=\"eael-wrapper-link-51713bb --eael-wrapper-link-tag\" href=\"https:\/\/www.express.de\/koeln\/koeln-guggenheim-museum-versteigert-gemaelde-von-mikail-akar-112266\" target=\"_blank\" rel=\"nofollow noopener\"><\/a>\t\t<section data-eael-wrapper-link=\"eael-wrapper-link-51713bb\" data-particle_enable=\"false\" data-particle-mobile-disabled=\"false\" class=\"elementor-section elementor-top-section elementor-element elementor-element-51713bb elementor-section-boxed elementor-section-height-default elementor-section-height-default\" data-id=\"51713bb\" data-element_type=\"section\" data-settings=\"{&quot;background_background&quot;:&quot;classic&quot;}\">\n\t\t\t\t\t\t<div class=\"elementor-container elementor-column-gap-no\">\n\t\t\t\t\t<div class=\"elementor-column elementor-col-100 elementor-top-column elementor-element elementor-element-4594f1c\" data-id=\"4594f1c\" data-element_type=\"column\">\n\t\t\t<div class=\"elementor-widget-wrap elementor-element-populated\">\n\t\t\t\t\t\t<section data-particle_enable=\"false\" data-particle-mobile-disabled=\"false\" class=\"elementor-section elementor-inner-section elementor-element elementor-element-9485dab elementor-section-content-middle elementor-section-boxed elementor-section-height-default elementor-section-height-default\" data-id=\"9485dab\" data-element_type=\"section\">\n\t\t\t\t\t\t<div class=\"elementor-container elementor-column-gap-default\">\n\t\t\t\t\t<div class=\"elementor-column elementor-col-100 elementor-inner-column elementor-element elementor-element-5ef2d7a\" data-id=\"5ef2d7a\" data-element_type=\"column\">\n\t\t\t<div class=\"elementor-widget-wrap elementor-element-populated\">\n\t\t\t\t\t\t<div class=\"elementor-element elementor-element-279c5a5 elementor-widget elementor-widget-image\" data-id=\"279c5a5\" data-element_type=\"widget\" data-widget_type=\"image.default\">\n\t\t\t\t<div class=\"elementor-widget-container\">\n\t\t\t\t\t\t\t\t\t\t\t\t\t\t\t<img loading=\"lazy\" decoding=\"async\" width=\"1024\" height=\"1803\" src=\"https:\/\/mikailakar.com\/wp-content\/uploads\/2023\/07\/WELTBEKANNTES-MUSEUM-VERSTEIGERT-GEMALDE-VON-KOLNER-WUNDERKIND-1.jpg\" class=\"attachment-full size-full wp-image-1298\" alt=\"\" srcset=\"https:\/\/mikailakar.com\/wp-content\/uploads\/2023\/07\/WELTBEKANNTES-MUSEUM-VERSTEIGERT-GEMALDE-VON-KOLNER-WUNDERKIND-1.jpg 1024w, https:\/\/mikailakar.com\/wp-content\/uploads\/2023\/07\/WELTBEKANNTES-MUSEUM-VERSTEIGERT-GEMALDE-VON-KOLNER-WUNDERKIND-1-170x300.jpg 170w, https:\/\/mikailakar.com\/wp-content\/uploads\/2023\/07\/WELTBEKANNTES-MUSEUM-VERSTEIGERT-GEMALDE-VON-KOLNER-WUNDERKIND-1-582x1024.jpg 582w, https:\/\/mikailakar.com\/wp-content\/uploads\/2023\/07\/WELTBEKANNTES-MUSEUM-VERSTEIGERT-GEMALDE-VON-KOLNER-WUNDERKIND-1-768x1352.jpg 768w, https:\/\/mikailakar.com\/wp-content\/uploads\/2023\/07\/WELTBEKANNTES-MUSEUM-VERSTEIGERT-GEMALDE-VON-KOLNER-WUNDERKIND-1-872x1536.jpg 872w\" sizes=\"(max-width: 1024px) 100vw, 1024px\" \/>\t\t\t\t\t\t\t\t\t\t\t\t\t\t\t<\/div>\n\t\t\t\t<\/div>\n\t\t\t\t\t<\/div>\n\t\t<\/div>\n\t\t\t\t\t<\/div>\n\t\t<\/section>\n\t\t\t\t<div class=\"elementor-element elementor-element-afca23e elementor-widget elementor-widget-heading\" data-id=\"afca23e\" data-element_type=\"widget\" data-widget_type=\"heading.default\">\n\t\t\t\t<div class=\"elementor-widget-container\">\n\t\t\t\t\t<h3 class=\"elementor-heading-title elementor-size-default\">WORLD-FAMOUS MUSEUM AUCTIONS OFF PAINTINGS BY COLOGNE WUNDERKIND<\/h3>\t\t\t\t<\/div>\n\t\t\t\t<\/div>\n\t\t\t\t<div class=\"elementor-element elementor-element-93d4680 elementor-widget elementor-widget-theme-post-excerpt\" data-id=\"93d4680\" data-element_type=\"widget\" data-widget_type=\"theme-post-excerpt.default\">\n\t\t\t\t<div class=\"elementor-widget-container\">\n\t\t\t\t\t<p>&#013; Only ten years old and hardly to be stopped. Mikail Akar has taken the art world by storm as a painter. &#013;<\/p>\n\t\t\t\t<\/div>\n\t\t\t\t<\/div>\n\t\t\t\t\t<\/div>\n\t\t<\/div>\n\t\t\t\t\t<\/div>\n\t\t<\/section>\n\t\t\t\t<\/div>\n\t\t\t\t<div data-elementor-type=\"loop-item\" data-elementor-id=\"6347\" class=\"elementor elementor-6347 elementor-2616 e-loop-item e-loop-item-7313 post-7313 press type-press status-publish has-post-thumbnail hentry\" data-elementor-post-type=\"elementor_library\" data-custom-edit-handle=\"1\">\n\t\t\t<a class=\"eael-wrapper-link-51713bb --eael-wrapper-link-tag\" href=\"https:\/\/www.newsweek.com\/childs-play-9-year-old-sells-artwork-cool-25000-1708370\" target=\"_blank\" rel=\"nofollow noopener\"><\/a>\t\t<section data-eael-wrapper-link=\"eael-wrapper-link-51713bb\" data-particle_enable=\"false\" data-particle-mobile-disabled=\"false\" class=\"elementor-section elementor-top-section elementor-element elementor-element-51713bb elementor-section-boxed elementor-section-height-default elementor-section-height-default\" data-id=\"51713bb\" data-element_type=\"section\" data-settings=\"{&quot;background_background&quot;:&quot;classic&quot;}\">\n\t\t\t\t\t\t<div class=\"elementor-container elementor-column-gap-no\">\n\t\t\t\t\t<div class=\"elementor-column elementor-col-100 elementor-top-column elementor-element elementor-element-4594f1c\" data-id=\"4594f1c\" data-element_type=\"column\">\n\t\t\t<div class=\"elementor-widget-wrap elementor-element-populated\">\n\t\t\t\t\t\t<section data-particle_enable=\"false\" data-particle-mobile-disabled=\"false\" class=\"elementor-section elementor-inner-section elementor-element elementor-element-9485dab elementor-section-content-middle elementor-section-boxed elementor-section-height-default elementor-section-height-default\" data-id=\"9485dab\" data-element_type=\"section\">\n\t\t\t\t\t\t<div class=\"elementor-container elementor-column-gap-default\">\n\t\t\t\t\t<div class=\"elementor-column elementor-col-100 elementor-inner-column elementor-element elementor-element-5ef2d7a\" data-id=\"5ef2d7a\" data-element_type=\"column\">\n\t\t\t<div class=\"elementor-widget-wrap elementor-element-populated\">\n\t\t\t\t\t\t<div class=\"elementor-element elementor-element-279c5a5 elementor-widget elementor-widget-image\" data-id=\"279c5a5\" data-element_type=\"widget\" data-widget_type=\"image.default\">\n\t\t\t\t<div class=\"elementor-widget-container\">\n\t\t\t\t\t\t\t\t\t\t\t\t\t\t\t<img loading=\"lazy\" decoding=\"async\" width=\"1024\" height=\"608\" src=\"https:\/\/mikailakar.com\/wp-content\/uploads\/2023\/07\/CHILDS-PLAY-9-YEAR-OLD-SELLS-ARTWORK-FOR-COOL-1.jpg\" class=\"attachment-full size-full wp-image-1294\" alt=\"\" srcset=\"https:\/\/mikailakar.com\/wp-content\/uploads\/2023\/07\/CHILDS-PLAY-9-YEAR-OLD-SELLS-ARTWORK-FOR-COOL-1.jpg 1024w, https:\/\/mikailakar.com\/wp-content\/uploads\/2023\/07\/CHILDS-PLAY-9-YEAR-OLD-SELLS-ARTWORK-FOR-COOL-1-300x178.jpg 300w, https:\/\/mikailakar.com\/wp-content\/uploads\/2023\/07\/CHILDS-PLAY-9-YEAR-OLD-SELLS-ARTWORK-FOR-COOL-1-768x456.jpg 768w\" sizes=\"(max-width: 1024px) 100vw, 1024px\" \/>\t\t\t\t\t\t\t\t\t\t\t\t\t\t\t<\/div>\n\t\t\t\t<\/div>\n\t\t\t\t\t<\/div>\n\t\t<\/div>\n\t\t\t\t\t<\/div>\n\t\t<\/section>\n\t\t\t\t<div class=\"elementor-element elementor-element-afca23e elementor-widget elementor-widget-heading\" data-id=\"afca23e\" data-element_type=\"widget\" data-widget_type=\"heading.default\">\n\t\t\t\t<div class=\"elementor-widget-container\">\n\t\t\t\t\t<h3 class=\"elementor-heading-title elementor-size-default\">CHILD&#8217;S PLAY: 9-YEAR-OLD SELLS ARTWORK FOR COOL $25,000<\/h3>\t\t\t\t<\/div>\n\t\t\t\t<\/div>\n\t\t\t\t<div class=\"elementor-element elementor-element-93d4680 elementor-widget elementor-widget-theme-post-excerpt\" data-id=\"93d4680\" data-element_type=\"widget\" data-widget_type=\"theme-post-excerpt.default\">\n\t\t\t\t<div class=\"elementor-widget-container\">\n\t\t\t\t\t<p>&#013; 9-year-old who says he&#8217;s the world&#8217;s youngest abstract artist has just sold an artwork for $25,000. The large works of Mikail Akar of Cologne, Germany, were recently on exhibition at the prestigious ArtMuc art fair in Munich. &#013;<\/p>\n\t\t\t\t<\/div>\n\t\t\t\t<\/div>\n\t\t\t\t\t<\/div>\n\t\t<\/div>\n\t\t\t\t\t<\/div>\n\t\t<\/section>\n\t\t\t\t<\/div>\n\t\t\t\t<div data-elementor-type=\"loop-item\" data-elementor-id=\"6347\" class=\"elementor elementor-6347 elementor-2616 e-loop-item e-loop-item-7328 post-7328 press type-press status-publish has-post-thumbnail hentry\" data-elementor-post-type=\"elementor_library\" data-custom-edit-handle=\"1\">\n\t\t\t<a class=\"eael-wrapper-link-51713bb --eael-wrapper-link-tag\" href=\"https:\/\/pix11.com\/news\/local-news\/manhattan\/9-year-old-young-picasso-shows-off-skills-in-new-york-gallery\/\" target=\"_blank\" rel=\"nofollow noopener\"><\/a>\t\t<section data-eael-wrapper-link=\"eael-wrapper-link-51713bb\" data-particle_enable=\"false\" data-particle-mobile-disabled=\"false\" class=\"elementor-section elementor-top-section elementor-element elementor-element-51713bb elementor-section-boxed elementor-section-height-default elementor-section-height-default\" data-id=\"51713bb\" data-element_type=\"section\" data-settings=\"{&quot;background_background&quot;:&quot;classic&quot;}\">\n\t\t\t\t\t\t<div class=\"elementor-container elementor-column-gap-no\">\n\t\t\t\t\t<div class=\"elementor-column elementor-col-100 elementor-top-column elementor-element elementor-element-4594f1c\" data-id=\"4594f1c\" data-element_type=\"column\">\n\t\t\t<div class=\"elementor-widget-wrap elementor-element-populated\">\n\t\t\t\t\t\t<section data-particle_enable=\"false\" data-particle-mobile-disabled=\"false\" class=\"elementor-section elementor-inner-section elementor-element elementor-element-9485dab elementor-section-content-middle elementor-section-boxed elementor-section-height-default elementor-section-height-default\" data-id=\"9485dab\" data-element_type=\"section\">\n\t\t\t\t\t\t<div class=\"elementor-container elementor-column-gap-default\">\n\t\t\t\t\t<div class=\"elementor-column elementor-col-100 elementor-inner-column elementor-element elementor-element-5ef2d7a\" data-id=\"5ef2d7a\" data-element_type=\"column\">\n\t\t\t<div class=\"elementor-widget-wrap elementor-element-populated\">\n\t\t\t\t\t\t<div class=\"elementor-element elementor-element-279c5a5 elementor-widget elementor-widget-image\" data-id=\"279c5a5\" data-element_type=\"widget\" data-widget_type=\"image.default\">\n\t\t\t\t<div class=\"elementor-widget-container\">\n\t\t\t\t\t\t\t\t\t\t\t\t\t\t\t<img loading=\"lazy\" decoding=\"async\" width=\"522\" height=\"859\" src=\"https:\/\/mikailakar.com\/wp-content\/uploads\/2023\/07\/MANHATTAN-9-YEAR-OLD-YOUNG-PICASSO-SHOWS-OFF-SKILLS-IN-NEW-YORK-GALLERY.jpg\" class=\"attachment-full size-full wp-image-1290\" alt=\"\" srcset=\"https:\/\/mikailakar.com\/wp-content\/uploads\/2023\/07\/MANHATTAN-9-YEAR-OLD-YOUNG-PICASSO-SHOWS-OFF-SKILLS-IN-NEW-YORK-GALLERY.jpg 522w, https:\/\/mikailakar.com\/wp-content\/uploads\/2023\/07\/MANHATTAN-9-YEAR-OLD-YOUNG-PICASSO-SHOWS-OFF-SKILLS-IN-NEW-YORK-GALLERY-182x300.jpg 182w\" sizes=\"(max-width: 522px) 100vw, 522px\" \/>\t\t\t\t\t\t\t\t\t\t\t\t\t\t\t<\/div>\n\t\t\t\t<\/div>\n\t\t\t\t\t<\/div>\n\t\t<\/div>\n\t\t\t\t\t<\/div>\n\t\t<\/section>\n\t\t\t\t<div class=\"elementor-element elementor-element-afca23e elementor-widget elementor-widget-heading\" data-id=\"afca23e\" data-element_type=\"widget\" data-widget_type=\"heading.default\">\n\t\t\t\t<div class=\"elementor-widget-container\">\n\t\t\t\t\t<h3 class=\"elementor-heading-title elementor-size-default\">MANHATTAN 9-YEAR-OLD \u2018YOUNG PICASSO\u2019 SHOWS OFF SKILLS IN NEW YORK GALLERY<\/h3>\t\t\t\t<\/div>\n\t\t\t\t<\/div>\n\t\t\t\t<div class=\"elementor-element elementor-element-93d4680 elementor-widget elementor-widget-theme-post-excerpt\" data-id=\"93d4680\" data-element_type=\"widget\" data-widget_type=\"theme-post-excerpt.default\">\n\t\t\t\t<div class=\"elementor-widget-container\">\n\t\t\t\t\t<p>&#013; CHELSEA, MANHATTAN \u2013 At only 9 years old, German-born artist Mikail Akar has created profound pieces of abstract art and is traveling internationally to showcase his work. &#013;<\/p>\n\t\t\t\t<\/div>\n\t\t\t\t<\/div>\n\t\t\t\t\t<\/div>\n\t\t<\/div>\n\t\t\t\t\t<\/div>\n\t\t<\/section>\n\t\t\t\t<\/div>\n\t\t\t\t<div data-elementor-type=\"loop-item\" data-elementor-id=\"6347\" class=\"elementor elementor-6347 elementor-2616 e-loop-item e-loop-item-7345 post-7345 press type-press status-publish has-post-thumbnail hentry\" data-elementor-post-type=\"elementor_library\" data-custom-edit-handle=\"1\">\n\t\t\t<a class=\"eael-wrapper-link-51713bb --eael-wrapper-link-tag\" href=\"https:\/\/www.bild.de\/regional\/muenchen\/muenchen-aktuell\/artmuc-kleiner-mann-grosse-kunst-80091426.bild.html\" target=\"_blank\" rel=\"nofollow noopener\"><\/a>\t\t<section data-eael-wrapper-link=\"eael-wrapper-link-51713bb\" data-particle_enable=\"false\" data-particle-mobile-disabled=\"false\" class=\"elementor-section elementor-top-section elementor-element elementor-element-51713bb elementor-section-boxed elementor-section-height-default elementor-section-height-default\" data-id=\"51713bb\" data-element_type=\"section\" data-settings=\"{&quot;background_background&quot;:&quot;classic&quot;}\">\n\t\t\t\t\t\t<div class=\"elementor-container elementor-column-gap-no\">\n\t\t\t\t\t<div class=\"elementor-column elementor-col-100 elementor-top-column elementor-element elementor-element-4594f1c\" data-id=\"4594f1c\" data-element_type=\"column\">\n\t\t\t<div class=\"elementor-widget-wrap elementor-element-populated\">\n\t\t\t\t\t\t<section data-particle_enable=\"false\" data-particle-mobile-disabled=\"false\" class=\"elementor-section elementor-inner-section elementor-element elementor-element-9485dab elementor-section-content-middle elementor-section-boxed elementor-section-height-default elementor-section-height-default\" data-id=\"9485dab\" data-element_type=\"section\">\n\t\t\t\t\t\t<div class=\"elementor-container elementor-column-gap-default\">\n\t\t\t\t\t<div class=\"elementor-column elementor-col-100 elementor-inner-column elementor-element elementor-element-5ef2d7a\" data-id=\"5ef2d7a\" data-element_type=\"column\">\n\t\t\t<div class=\"elementor-widget-wrap elementor-element-populated\">\n\t\t\t\t\t\t<div class=\"elementor-element elementor-element-279c5a5 elementor-widget elementor-widget-image\" data-id=\"279c5a5\" data-element_type=\"widget\" data-widget_type=\"image.default\">\n\t\t\t\t<div class=\"elementor-widget-container\">\n\t\t\t\t\t\t\t\t\t\t\t\t\t\t\t<img loading=\"lazy\" decoding=\"async\" width=\"1024\" height=\"828\" src=\"https:\/\/mikailakar.com\/wp-content\/uploads\/2023\/07\/ARTMUC-Kleiner-Mann-grose-Kunst-1.jpg\" class=\"attachment-full size-full wp-image-1286\" alt=\"\" srcset=\"https:\/\/mikailakar.com\/wp-content\/uploads\/2023\/07\/ARTMUC-Kleiner-Mann-grose-Kunst-1.jpg 1024w, https:\/\/mikailakar.com\/wp-content\/uploads\/2023\/07\/ARTMUC-Kleiner-Mann-grose-Kunst-1-300x243.jpg 300w, https:\/\/mikailakar.com\/wp-content\/uploads\/2023\/07\/ARTMUC-Kleiner-Mann-grose-Kunst-1-768x621.jpg 768w\" sizes=\"(max-width: 1024px) 100vw, 1024px\" \/>\t\t\t\t\t\t\t\t\t\t\t\t\t\t\t<\/div>\n\t\t\t\t<\/div>\n\t\t\t\t\t<\/div>\n\t\t<\/div>\n\t\t\t\t\t<\/div>\n\t\t<\/section>\n\t\t\t\t<div class=\"elementor-element elementor-element-afca23e elementor-widget elementor-widget-heading\" data-id=\"afca23e\" data-element_type=\"widget\" data-widget_type=\"heading.default\">\n\t\t\t\t<div class=\"elementor-widget-container\">\n\t\t\t\t\t<h3 class=\"elementor-heading-title elementor-size-default\">ARTMUC Little man, big art<\/h3>\t\t\t\t<\/div>\n\t\t\t\t<\/div>\n\t\t\t\t<div class=\"elementor-element elementor-element-93d4680 elementor-widget elementor-widget-theme-post-excerpt\" data-id=\"93d4680\" data-element_type=\"widget\" data-widget_type=\"theme-post-excerpt.default\">\n\t\t\t\t<div class=\"elementor-widget-container\">\n\t\t\t\t\t<p>&#013; The smallest artist currently exhibits the largest paintings at ARTMUC &#013;<\/p>\n\t\t\t\t<\/div>\n\t\t\t\t<\/div>\n\t\t\t\t\t<\/div>\n\t\t<\/div>\n\t\t\t\t\t<\/div>\n\t\t<\/section>\n\t\t\t\t<\/div>\n\t\t\t\t<div data-elementor-type=\"loop-item\" data-elementor-id=\"6347\" class=\"elementor elementor-6347 elementor-2616 e-loop-item e-loop-item-7361 post-7361 press type-press status-publish has-post-thumbnail hentry\" data-elementor-post-type=\"elementor_library\" data-custom-edit-handle=\"1\">\n\t\t\t<a class=\"eael-wrapper-link-51713bb --eael-wrapper-link-tag\" href=\"https:\/\/www.rtl.de\/videos\/wunderkind-mikail-in-new-york-6273efa98a3198b6aa063502.html\" target=\"_blank\" rel=\"nofollow noopener\"><\/a>\t\t<section data-eael-wrapper-link=\"eael-wrapper-link-51713bb\" data-particle_enable=\"false\" data-particle-mobile-disabled=\"false\" class=\"elementor-section elementor-top-section elementor-element elementor-element-51713bb elementor-section-boxed elementor-section-height-default elementor-section-height-default\" data-id=\"51713bb\" data-element_type=\"section\" data-settings=\"{&quot;background_background&quot;:&quot;classic&quot;}\">\n\t\t\t\t\t\t<div class=\"elementor-container elementor-column-gap-no\">\n\t\t\t\t\t<div class=\"elementor-column elementor-col-100 elementor-top-column elementor-element elementor-element-4594f1c\" data-id=\"4594f1c\" data-element_type=\"column\">\n\t\t\t<div class=\"elementor-widget-wrap elementor-element-populated\">\n\t\t\t\t\t\t<section data-particle_enable=\"false\" data-particle-mobile-disabled=\"false\" class=\"elementor-section elementor-inner-section elementor-element elementor-element-9485dab elementor-section-content-middle elementor-section-boxed elementor-section-height-default elementor-section-height-default\" data-id=\"9485dab\" data-element_type=\"section\">\n\t\t\t\t\t\t<div class=\"elementor-container elementor-column-gap-default\">\n\t\t\t\t\t<div class=\"elementor-column elementor-col-100 elementor-inner-column elementor-element elementor-element-5ef2d7a\" data-id=\"5ef2d7a\" data-element_type=\"column\">\n\t\t\t<div class=\"elementor-widget-wrap elementor-element-populated\">\n\t\t\t\t\t\t<div class=\"elementor-element elementor-element-279c5a5 elementor-widget elementor-widget-image\" data-id=\"279c5a5\" data-element_type=\"widget\" data-widget_type=\"image.default\">\n\t\t\t\t<div class=\"elementor-widget-container\">\n\t\t\t\t\t\t\t\t\t\t\t\t\t\t\t<img loading=\"lazy\" decoding=\"async\" width=\"1284\" height=\"1739\" src=\"https:\/\/mikailakar.com\/wp-content\/uploads\/2023\/07\/WUNDERKIND-MIKAIL-IN-NEW-YORK-1.jpg\" class=\"attachment-full size-full wp-image-3666\" alt=\"\" srcset=\"https:\/\/mikailakar.com\/wp-content\/uploads\/2023\/07\/WUNDERKIND-MIKAIL-IN-NEW-YORK-1.jpg 1284w, https:\/\/mikailakar.com\/wp-content\/uploads\/2023\/07\/WUNDERKIND-MIKAIL-IN-NEW-YORK-1-222x300.jpg 222w, https:\/\/mikailakar.com\/wp-content\/uploads\/2023\/07\/WUNDERKIND-MIKAIL-IN-NEW-YORK-1-756x1024.jpg 756w, https:\/\/mikailakar.com\/wp-content\/uploads\/2023\/07\/WUNDERKIND-MIKAIL-IN-NEW-YORK-1-768x1040.jpg 768w, https:\/\/mikailakar.com\/wp-content\/uploads\/2023\/07\/WUNDERKIND-MIKAIL-IN-NEW-YORK-1-1134x1536.jpg 1134w\" sizes=\"(max-width: 1284px) 100vw, 1284px\" \/>\t\t\t\t\t\t\t\t\t\t\t\t\t\t\t<\/div>\n\t\t\t\t<\/div>\n\t\t\t\t\t<\/div>\n\t\t<\/div>\n\t\t\t\t\t<\/div>\n\t\t<\/section>\n\t\t\t\t<div class=\"elementor-element elementor-element-afca23e elementor-widget elementor-widget-heading\" data-id=\"afca23e\" data-element_type=\"widget\" data-widget_type=\"heading.default\">\n\t\t\t\t<div class=\"elementor-widget-container\">\n\t\t\t\t\t<h3 class=\"elementor-heading-title elementor-size-default\">MIRACLE CHILD MIKAIL IN NEW YORK<\/h3>\t\t\t\t<\/div>\n\t\t\t\t<\/div>\n\t\t\t\t<div class=\"elementor-element elementor-element-93d4680 elementor-widget elementor-widget-theme-post-excerpt\" data-id=\"93d4680\" data-element_type=\"widget\" data-widget_type=\"theme-post-excerpt.default\">\n\t\t\t\t<div class=\"elementor-widget-container\">\n\t\t\t\t\t<p>&#013; 9-year-old Mikail Akar is the star of the art sky &#013;<\/p>\n\t\t\t\t<\/div>\n\t\t\t\t<\/div>\n\t\t\t\t\t<\/div>\n\t\t<\/div>\n\t\t\t\t\t<\/div>\n\t\t<\/section>\n\t\t\t\t<\/div>\n\t\t\t\t<div data-elementor-type=\"loop-item\" data-elementor-id=\"6347\" class=\"elementor elementor-6347 elementor-2616 e-loop-item e-loop-item-7393 post-7393 press type-press status-publish has-post-thumbnail hentry\" data-elementor-post-type=\"elementor_library\" data-custom-edit-handle=\"1\">\n\t\t\t<a class=\"eael-wrapper-link-51713bb --eael-wrapper-link-tag\" href=\"https:\/\/www.express.de\/koeln\/peter-maffay-und-mikail-akar-versteigern-gemaelde-fuer-kriegsopfer-91583\" target=\"_blank\" rel=\"nofollow noopener\"><\/a>\t\t<section data-eael-wrapper-link=\"eael-wrapper-link-51713bb\" data-particle_enable=\"false\" data-particle-mobile-disabled=\"false\" class=\"elementor-section elementor-top-section elementor-element elementor-element-51713bb elementor-section-boxed elementor-section-height-default elementor-section-height-default\" data-id=\"51713bb\" data-element_type=\"section\" data-settings=\"{&quot;background_background&quot;:&quot;classic&quot;}\">\n\t\t\t\t\t\t<div class=\"elementor-container elementor-column-gap-no\">\n\t\t\t\t\t<div class=\"elementor-column elementor-col-100 elementor-top-column elementor-element elementor-element-4594f1c\" data-id=\"4594f1c\" data-element_type=\"column\">\n\t\t\t<div class=\"elementor-widget-wrap elementor-element-populated\">\n\t\t\t\t\t\t<section data-particle_enable=\"false\" data-particle-mobile-disabled=\"false\" class=\"elementor-section elementor-inner-section elementor-element elementor-element-9485dab elementor-section-content-middle elementor-section-boxed elementor-section-height-default elementor-section-height-default\" data-id=\"9485dab\" data-element_type=\"section\">\n\t\t\t\t\t\t<div class=\"elementor-container elementor-column-gap-default\">\n\t\t\t\t\t<div class=\"elementor-column elementor-col-100 elementor-inner-column elementor-element elementor-element-5ef2d7a\" data-id=\"5ef2d7a\" data-element_type=\"column\">\n\t\t\t<div class=\"elementor-widget-wrap elementor-element-populated\">\n\t\t\t\t\t\t<div class=\"elementor-element elementor-element-279c5a5 elementor-widget elementor-widget-image\" data-id=\"279c5a5\" data-element_type=\"widget\" data-widget_type=\"image.default\">\n\t\t\t\t<div class=\"elementor-widget-container\">\n\t\t\t\t\t\t\t\t\t\t\t\t\t\t\t<img loading=\"lazy\" decoding=\"async\" width=\"1024\" height=\"1239\" src=\"https:\/\/mikailakar.com\/wp-content\/uploads\/2023\/07\/MIT-PROMINENTEM-HELFER-KOLNER-WUNDERKIND-ERFULLT-SICH-GROSSEN-TRAUM-UND-HILFT-MENSCHEN-IN-NO-1.jpg\" class=\"attachment-full size-full wp-image-1278\" alt=\"\" srcset=\"https:\/\/mikailakar.com\/wp-content\/uploads\/2023\/07\/MIT-PROMINENTEM-HELFER-KOLNER-WUNDERKIND-ERFULLT-SICH-GROSSEN-TRAUM-UND-HILFT-MENSCHEN-IN-NO-1.jpg 1024w, https:\/\/mikailakar.com\/wp-content\/uploads\/2023\/07\/MIT-PROMINENTEM-HELFER-KOLNER-WUNDERKIND-ERFULLT-SICH-GROSSEN-TRAUM-UND-HILFT-MENSCHEN-IN-NO-1-248x300.jpg 248w, https:\/\/mikailakar.com\/wp-content\/uploads\/2023\/07\/MIT-PROMINENTEM-HELFER-KOLNER-WUNDERKIND-ERFULLT-SICH-GROSSEN-TRAUM-UND-HILFT-MENSCHEN-IN-NO-1-846x1024.jpg 846w, https:\/\/mikailakar.com\/wp-content\/uploads\/2023\/07\/MIT-PROMINENTEM-HELFER-KOLNER-WUNDERKIND-ERFULLT-SICH-GROSSEN-TRAUM-UND-HILFT-MENSCHEN-IN-NO-1-768x929.jpg 768w\" sizes=\"(max-width: 1024px) 100vw, 1024px\" \/>\t\t\t\t\t\t\t\t\t\t\t\t\t\t\t<\/div>\n\t\t\t\t<\/div>\n\t\t\t\t\t<\/div>\n\t\t<\/div>\n\t\t\t\t\t<\/div>\n\t\t<\/section>\n\t\t\t\t<div class=\"elementor-element elementor-element-afca23e elementor-widget elementor-widget-heading\" data-id=\"afca23e\" data-element_type=\"widget\" data-widget_type=\"heading.default\">\n\t\t\t\t<div class=\"elementor-widget-container\">\n\t\t\t\t\t<h3 class=\"elementor-heading-title elementor-size-default\">WITH PROMINENT HELPER COLOGNE WUNDERKIND FULFILLS BIG DREAM AND HELPS PEOPLE IN NO<\/h3>\t\t\t\t<\/div>\n\t\t\t\t<\/div>\n\t\t\t\t<div class=\"elementor-element elementor-element-93d4680 elementor-widget elementor-widget-theme-post-excerpt\" data-id=\"93d4680\" data-element_type=\"widget\" data-widget_type=\"theme-post-excerpt.default\">\n\t\t\t\t<div class=\"elementor-widget-container\">\n\t\t\t\t\t<p>&#013; Nine-year-old Mikail Akar from Cologne is about to take the next big step as an artist. In doing so, he also thinks of people who are in the greatest need. &#013;<\/p>\n\t\t\t\t<\/div>\n\t\t\t\t<\/div>\n\t\t\t\t\t<\/div>\n\t\t<\/div>\n\t\t\t\t\t<\/div>\n\t\t<\/section>\n\t\t\t\t<\/div>\n\t\t\t\t<div data-elementor-type=\"loop-item\" data-elementor-id=\"6347\" class=\"elementor elementor-6347 elementor-2616 e-loop-item e-loop-item-7406 post-7406 press type-press status-publish has-post-thumbnail hentry\" data-elementor-post-type=\"elementor_library\" data-custom-edit-handle=\"1\">\n\t\t\t<a class=\"eael-wrapper-link-51713bb --eael-wrapper-link-tag\" href=\"https:\/\/www.dha.com.tr\/kultur-sanat\/kucuk-picasso-mikail-akarin-turkiyedeki-ilk-sergisi-acildi-2029660\" target=\"_blank\" rel=\"nofollow noopener\"><\/a>\t\t<section data-eael-wrapper-link=\"eael-wrapper-link-51713bb\" data-particle_enable=\"false\" data-particle-mobile-disabled=\"false\" class=\"elementor-section elementor-top-section elementor-element elementor-element-51713bb elementor-section-boxed elementor-section-height-default elementor-section-height-default\" data-id=\"51713bb\" data-element_type=\"section\" data-settings=\"{&quot;background_background&quot;:&quot;classic&quot;}\">\n\t\t\t\t\t\t<div class=\"elementor-container elementor-column-gap-no\">\n\t\t\t\t\t<div class=\"elementor-column elementor-col-100 elementor-top-column elementor-element elementor-element-4594f1c\" data-id=\"4594f1c\" data-element_type=\"column\">\n\t\t\t<div class=\"elementor-widget-wrap elementor-element-populated\">\n\t\t\t\t\t\t<section data-particle_enable=\"false\" data-particle-mobile-disabled=\"false\" class=\"elementor-section elementor-inner-section elementor-element elementor-element-9485dab elementor-section-content-middle elementor-section-boxed elementor-section-height-default elementor-section-height-default\" data-id=\"9485dab\" data-element_type=\"section\">\n\t\t\t\t\t\t<div class=\"elementor-container elementor-column-gap-default\">\n\t\t\t\t\t<div class=\"elementor-column elementor-col-100 elementor-inner-column elementor-element elementor-element-5ef2d7a\" data-id=\"5ef2d7a\" data-element_type=\"column\">\n\t\t\t<div class=\"elementor-widget-wrap elementor-element-populated\">\n\t\t\t\t\t\t<div class=\"elementor-element elementor-element-279c5a5 elementor-widget elementor-widget-image\" data-id=\"279c5a5\" data-element_type=\"widget\" data-widget_type=\"image.default\">\n\t\t\t\t<div class=\"elementor-widget-container\">\n\t\t\t\t\t\t\t\t\t\t\t\t\t\t\t<img loading=\"lazy\" decoding=\"async\" width=\"1024\" height=\"816\" src=\"https:\/\/mikailakar.com\/wp-content\/uploads\/2023\/07\/\u2018KUCUK-PICASSO-MIKAIL-AKARIN-TURKIYEDEKI-ILK-SERGISI-ACILDI-1.jpg\" class=\"attachment-full size-full wp-image-1274\" alt=\"\" srcset=\"https:\/\/mikailakar.com\/wp-content\/uploads\/2023\/07\/\u2018KUCUK-PICASSO-MIKAIL-AKARIN-TURKIYEDEKI-ILK-SERGISI-ACILDI-1.jpg 1024w, https:\/\/mikailakar.com\/wp-content\/uploads\/2023\/07\/\u2018KUCUK-PICASSO-MIKAIL-AKARIN-TURKIYEDEKI-ILK-SERGISI-ACILDI-1-300x239.jpg 300w, https:\/\/mikailakar.com\/wp-content\/uploads\/2023\/07\/\u2018KUCUK-PICASSO-MIKAIL-AKARIN-TURKIYEDEKI-ILK-SERGISI-ACILDI-1-768x612.jpg 768w\" sizes=\"(max-width: 1024px) 100vw, 1024px\" \/>\t\t\t\t\t\t\t\t\t\t\t\t\t\t\t<\/div>\n\t\t\t\t<\/div>\n\t\t\t\t\t<\/div>\n\t\t<\/div>\n\t\t\t\t\t<\/div>\n\t\t<\/section>\n\t\t\t\t<div class=\"elementor-element elementor-element-afca23e elementor-widget elementor-widget-heading\" data-id=\"afca23e\" data-element_type=\"widget\" data-widget_type=\"heading.default\">\n\t\t\t\t<div class=\"elementor-widget-container\">\n\t\t\t\t\t<h3 class=\"elementor-heading-title elementor-size-default\">&#8216;LITTLE PICASSO&#8217; MIKAIL AKAR&#8217;S FIRST EXHIBITION IN TURKEY OPENS<\/h3>\t\t\t\t<\/div>\n\t\t\t\t<\/div>\n\t\t\t\t<div class=\"elementor-element elementor-element-93d4680 elementor-widget elementor-widget-theme-post-excerpt\" data-id=\"93d4680\" data-element_type=\"widget\" data-widget_type=\"theme-post-excerpt.default\">\n\t\t\t\t<div class=\"elementor-widget-container\">\n\t\t\t\t\t<p>&#013; &#8216;Colorful Istanbul&#8217;, the first exhibition of 9-year-old Mikail Akar, who lives in Cologne, Germany and is known as &#8216;Little Picasso&#8217; in the art community, was opened at Swissotel Bosphorus. &#013;<\/p>\n\t\t\t\t<\/div>\n\t\t\t\t<\/div>\n\t\t\t\t\t<\/div>\n\t\t<\/div>\n\t\t\t\t\t<\/div>\n\t\t<\/section>\n\t\t\t\t<\/div>\n\t\t\t\t<div data-elementor-type=\"loop-item\" data-elementor-id=\"6347\" class=\"elementor elementor-6347 elementor-2616 e-loop-item e-loop-item-7420 post-7420 press type-press status-publish has-post-thumbnail hentry\" data-elementor-post-type=\"elementor_library\" data-custom-edit-handle=\"1\">\n\t\t\t<a class=\"eael-wrapper-link-51713bb --eael-wrapper-link-tag\" href=\"https:\/\/www.hurriyet.com.tr\/gundem\/kucuk-dahi-mikailangelo-19uncu-sergisini-istanbulda-acacak-42007468\" target=\"_blank\" rel=\"nofollow noopener\"><\/a>\t\t<section data-eael-wrapper-link=\"eael-wrapper-link-51713bb\" data-particle_enable=\"false\" data-particle-mobile-disabled=\"false\" class=\"elementor-section elementor-top-section elementor-element elementor-element-51713bb elementor-section-boxed elementor-section-height-default elementor-section-height-default\" data-id=\"51713bb\" data-element_type=\"section\" data-settings=\"{&quot;background_background&quot;:&quot;classic&quot;}\">\n\t\t\t\t\t\t<div class=\"elementor-container elementor-column-gap-no\">\n\t\t\t\t\t<div class=\"elementor-column elementor-col-100 elementor-top-column elementor-element elementor-element-4594f1c\" data-id=\"4594f1c\" data-element_type=\"column\">\n\t\t\t<div class=\"elementor-widget-wrap elementor-element-populated\">\n\t\t\t\t\t\t<section data-particle_enable=\"false\" data-particle-mobile-disabled=\"false\" class=\"elementor-section elementor-inner-section elementor-element elementor-element-9485dab elementor-section-content-middle elementor-section-boxed elementor-section-height-default elementor-section-height-default\" data-id=\"9485dab\" data-element_type=\"section\">\n\t\t\t\t\t\t<div class=\"elementor-container elementor-column-gap-default\">\n\t\t\t\t\t<div class=\"elementor-column elementor-col-100 elementor-inner-column elementor-element elementor-element-5ef2d7a\" data-id=\"5ef2d7a\" data-element_type=\"column\">\n\t\t\t<div class=\"elementor-widget-wrap elementor-element-populated\">\n\t\t\t\t\t\t<div class=\"elementor-element elementor-element-279c5a5 elementor-widget elementor-widget-image\" data-id=\"279c5a5\" data-element_type=\"widget\" data-widget_type=\"image.default\">\n\t\t\t\t<div class=\"elementor-widget-container\">\n\t\t\t\t\t\t\t\t\t\t\t\t\t\t\t<img loading=\"lazy\" decoding=\"async\" width=\"1024\" height=\"674\" src=\"https:\/\/mikailakar.com\/wp-content\/uploads\/2023\/07\/KUCUK-DAHI-\u2018MIKAILANGELO-19UNCU-SERGISINI-ISTANBULDA-ACACAK-2.jpg\" class=\"attachment-full size-full wp-image-1270\" alt=\"\" srcset=\"https:\/\/mikailakar.com\/wp-content\/uploads\/2023\/07\/KUCUK-DAHI-\u2018MIKAILANGELO-19UNCU-SERGISINI-ISTANBULDA-ACACAK-2.jpg 1024w, https:\/\/mikailakar.com\/wp-content\/uploads\/2023\/07\/KUCUK-DAHI-\u2018MIKAILANGELO-19UNCU-SERGISINI-ISTANBULDA-ACACAK-2-300x197.jpg 300w, https:\/\/mikailakar.com\/wp-content\/uploads\/2023\/07\/KUCUK-DAHI-\u2018MIKAILANGELO-19UNCU-SERGISINI-ISTANBULDA-ACACAK-2-768x506.jpg 768w\" sizes=\"(max-width: 1024px) 100vw, 1024px\" \/>\t\t\t\t\t\t\t\t\t\t\t\t\t\t\t<\/div>\n\t\t\t\t<\/div>\n\t\t\t\t\t<\/div>\n\t\t<\/div>\n\t\t\t\t\t<\/div>\n\t\t<\/section>\n\t\t\t\t<div class=\"elementor-element elementor-element-afca23e elementor-widget elementor-widget-heading\" data-id=\"afca23e\" data-element_type=\"widget\" data-widget_type=\"heading.default\">\n\t\t\t\t<div class=\"elementor-widget-container\">\n\t\t\t\t\t<h3 class=\"elementor-heading-title elementor-size-default\">LITTLE GENIUS &#8216;MIKAILANGELO&#8217; TO OPEN HIS 19TH EXHIBITION IN ISTANBUL<\/h3>\t\t\t\t<\/div>\n\t\t\t\t<\/div>\n\t\t\t\t<div class=\"elementor-element elementor-element-93d4680 elementor-widget elementor-widget-theme-post-excerpt\" data-id=\"93d4680\" data-element_type=\"widget\" data-widget_type=\"theme-post-excerpt.default\">\n\t\t\t\t<div class=\"elementor-widget-container\">\n\t\t\t\t\t<p>&#013; 9-year-old Mikail Akar lives in Germany. He started painting at the age of 4 and has held 18 exhibitions in different European cities. His paintings find buyers up to 25 thousand Euros. The German press nicknamed him &#8216;Mikailangelo&#8217; after Michelangelo. &#013;<\/p>\n\t\t\t\t<\/div>\n\t\t\t\t<\/div>\n\t\t\t\t\t<\/div>\n\t\t<\/div>\n\t\t\t\t\t<\/div>\n\t\t<\/section>\n\t\t\t\t<\/div>\n\t\t\t\t<div data-elementor-type=\"loop-item\" data-elementor-id=\"6347\" class=\"elementor elementor-6347 elementor-2616 e-loop-item e-loop-item-7435 post-7435 press type-press status-publish has-post-thumbnail hentry\" data-elementor-post-type=\"elementor_library\" data-custom-edit-handle=\"1\">\n\t\t\t<a class=\"eael-wrapper-link-51713bb --eael-wrapper-link-tag\" href=\"https:\/\/www.bild.de\/regional\/koeln\/koeln-aktuell\/koeln-kunst-wunderkind-mikail-akar-bezieht-sein-erstes-atelier-78635616.bild.html\" target=\"_blank\" rel=\"nofollow noopener\"><\/a>\t\t<section data-eael-wrapper-link=\"eael-wrapper-link-51713bb\" data-particle_enable=\"false\" data-particle-mobile-disabled=\"false\" class=\"elementor-section elementor-top-section elementor-element elementor-element-51713bb elementor-section-boxed elementor-section-height-default elementor-section-height-default\" data-id=\"51713bb\" data-element_type=\"section\" data-settings=\"{&quot;background_background&quot;:&quot;classic&quot;}\">\n\t\t\t\t\t\t<div class=\"elementor-container elementor-column-gap-no\">\n\t\t\t\t\t<div class=\"elementor-column elementor-col-100 elementor-top-column elementor-element elementor-element-4594f1c\" data-id=\"4594f1c\" data-element_type=\"column\">\n\t\t\t<div class=\"elementor-widget-wrap elementor-element-populated\">\n\t\t\t\t\t\t<section data-particle_enable=\"false\" data-particle-mobile-disabled=\"false\" class=\"elementor-section elementor-inner-section elementor-element elementor-element-9485dab elementor-section-content-middle elementor-section-boxed elementor-section-height-default elementor-section-height-default\" data-id=\"9485dab\" data-element_type=\"section\">\n\t\t\t\t\t\t<div class=\"elementor-container elementor-column-gap-default\">\n\t\t\t\t\t<div class=\"elementor-column elementor-col-100 elementor-inner-column elementor-element elementor-element-5ef2d7a\" data-id=\"5ef2d7a\" data-element_type=\"column\">\n\t\t\t<div class=\"elementor-widget-wrap elementor-element-populated\">\n\t\t\t\t\t\t<div class=\"elementor-element elementor-element-279c5a5 elementor-widget elementor-widget-image\" data-id=\"279c5a5\" data-element_type=\"widget\" data-widget_type=\"image.default\">\n\t\t\t\t<div class=\"elementor-widget-container\">\n\t\t\t\t\t\t\t\t\t\t\t\t\t\t\t<img loading=\"lazy\" decoding=\"async\" width=\"1024\" height=\"857\" src=\"https:\/\/mikailakar.com\/wp-content\/uploads\/2023\/07\/KUNST-WUNDERKIND-MIKAIL-AKAR-BEZIEHT-SEIN-ERSTES-ATELIER-1.jpg\" class=\"attachment-full size-full wp-image-1266\" alt=\"\" srcset=\"https:\/\/mikailakar.com\/wp-content\/uploads\/2023\/07\/KUNST-WUNDERKIND-MIKAIL-AKAR-BEZIEHT-SEIN-ERSTES-ATELIER-1.jpg 1024w, https:\/\/mikailakar.com\/wp-content\/uploads\/2023\/07\/KUNST-WUNDERKIND-MIKAIL-AKAR-BEZIEHT-SEIN-ERSTES-ATELIER-1-300x251.jpg 300w, https:\/\/mikailakar.com\/wp-content\/uploads\/2023\/07\/KUNST-WUNDERKIND-MIKAIL-AKAR-BEZIEHT-SEIN-ERSTES-ATELIER-1-768x643.jpg 768w\" sizes=\"(max-width: 1024px) 100vw, 1024px\" \/>\t\t\t\t\t\t\t\t\t\t\t\t\t\t\t<\/div>\n\t\t\t\t<\/div>\n\t\t\t\t\t<\/div>\n\t\t<\/div>\n\t\t\t\t\t<\/div>\n\t\t<\/section>\n\t\t\t\t<div class=\"elementor-element elementor-element-afca23e elementor-widget elementor-widget-heading\" data-id=\"afca23e\" data-element_type=\"widget\" data-widget_type=\"heading.default\">\n\t\t\t\t<div class=\"elementor-widget-container\">\n\t\t\t\t\t<h3 class=\"elementor-heading-title elementor-size-default\">ART PRODIGY MIKAIL AKAR MOVES INTO HIS FIRST STUDIO<\/h3>\t\t\t\t<\/div>\n\t\t\t\t<\/div>\n\t\t\t\t<div class=\"elementor-element elementor-element-93d4680 elementor-widget elementor-widget-theme-post-excerpt\" data-id=\"93d4680\" data-element_type=\"widget\" data-widget_type=\"theme-post-excerpt.default\">\n\t\t\t\t<div class=\"elementor-widget-container\">\n\t\t\t\t\t<p>&#013; Cologne &#8211; Small artist, big studio! Mikail Akar (9) has made a name for himself in the pop art world and has already painted with VIPs like Manuel Neuer (35), Laith Al-Deen (49) and the H\u00f6hners for a good cause. &#013;<\/p>\n\t\t\t\t<\/div>\n\t\t\t\t<\/div>\n\t\t\t\t\t<\/div>\n\t\t<\/div>\n\t\t\t\t\t<\/div>\n\t\t<\/section>\n\t\t\t\t<\/div>\n\t\t\t\t<div data-elementor-type=\"loop-item\" data-elementor-id=\"6347\" class=\"elementor elementor-6347 elementor-2616 e-loop-item e-loop-item-7452 post-7452 press type-press status-publish has-post-thumbnail hentry\" data-elementor-post-type=\"elementor_library\" data-custom-edit-handle=\"1\">\n\t\t\t<a class=\"eael-wrapper-link-51713bb --eael-wrapper-link-tag\" href=\"https:\/\/www.ksta.de\/koeln\/innenstadt\/neunjaehriger-koelner-kuenstler-shooting-star-mikail-akar-bezieht-eigenes-atelier-39305060?cb=1640339353774&#038;\" target=\"_blank\" rel=\"nofollow noopener\"><\/a>\t\t<section data-eael-wrapper-link=\"eael-wrapper-link-51713bb\" data-particle_enable=\"false\" data-particle-mobile-disabled=\"false\" class=\"elementor-section elementor-top-section elementor-element elementor-element-51713bb elementor-section-boxed elementor-section-height-default elementor-section-height-default\" data-id=\"51713bb\" data-element_type=\"section\" data-settings=\"{&quot;background_background&quot;:&quot;classic&quot;}\">\n\t\t\t\t\t\t<div class=\"elementor-container elementor-column-gap-no\">\n\t\t\t\t\t<div class=\"elementor-column elementor-col-100 elementor-top-column elementor-element elementor-element-4594f1c\" data-id=\"4594f1c\" data-element_type=\"column\">\n\t\t\t<div class=\"elementor-widget-wrap elementor-element-populated\">\n\t\t\t\t\t\t<section data-particle_enable=\"false\" data-particle-mobile-disabled=\"false\" class=\"elementor-section elementor-inner-section elementor-element elementor-element-9485dab elementor-section-content-middle elementor-section-boxed elementor-section-height-default elementor-section-height-default\" data-id=\"9485dab\" data-element_type=\"section\">\n\t\t\t\t\t\t<div class=\"elementor-container elementor-column-gap-default\">\n\t\t\t\t\t<div class=\"elementor-column elementor-col-100 elementor-inner-column elementor-element elementor-element-5ef2d7a\" data-id=\"5ef2d7a\" data-element_type=\"column\">\n\t\t\t<div class=\"elementor-widget-wrap elementor-element-populated\">\n\t\t\t\t\t\t<div class=\"elementor-element elementor-element-279c5a5 elementor-widget elementor-widget-image\" data-id=\"279c5a5\" data-element_type=\"widget\" data-widget_type=\"image.default\">\n\t\t\t\t<div class=\"elementor-widget-container\">\n\t\t\t\t\t\t\t\t\t\t\t\t\t\t\t<img loading=\"lazy\" decoding=\"async\" width=\"1024\" height=\"707\" src=\"https:\/\/mikailakar.com\/wp-content\/uploads\/2023\/07\/NEUNJAHRIGER-KOLNER-KUNSTLER-SHOOTING-STAR-MIKAIL-AKAR-BEZIEHT-EIGENES-ATELIER-1.jpg\" class=\"attachment-full size-full wp-image-1262\" alt=\"\" srcset=\"https:\/\/mikailakar.com\/wp-content\/uploads\/2023\/07\/NEUNJAHRIGER-KOLNER-KUNSTLER-SHOOTING-STAR-MIKAIL-AKAR-BEZIEHT-EIGENES-ATELIER-1.jpg 1024w, https:\/\/mikailakar.com\/wp-content\/uploads\/2023\/07\/NEUNJAHRIGER-KOLNER-KUNSTLER-SHOOTING-STAR-MIKAIL-AKAR-BEZIEHT-EIGENES-ATELIER-1-300x207.jpg 300w, https:\/\/mikailakar.com\/wp-content\/uploads\/2023\/07\/NEUNJAHRIGER-KOLNER-KUNSTLER-SHOOTING-STAR-MIKAIL-AKAR-BEZIEHT-EIGENES-ATELIER-1-768x530.jpg 768w\" sizes=\"(max-width: 1024px) 100vw, 1024px\" \/>\t\t\t\t\t\t\t\t\t\t\t\t\t\t\t<\/div>\n\t\t\t\t<\/div>\n\t\t\t\t\t<\/div>\n\t\t<\/div>\n\t\t\t\t\t<\/div>\n\t\t<\/section>\n\t\t\t\t<div class=\"elementor-element elementor-element-afca23e elementor-widget elementor-widget-heading\" data-id=\"afca23e\" data-element_type=\"widget\" data-widget_type=\"heading.default\">\n\t\t\t\t<div class=\"elementor-widget-container\">\n\t\t\t\t\t<h3 class=\"elementor-heading-title elementor-size-default\">NINE-YEAR-OLD COLOGNE ARTIST SHOOTING STAR MIKAIL AKAR MOVES INTO HIS OWN STUDIO<\/h3>\t\t\t\t<\/div>\n\t\t\t\t<\/div>\n\t\t\t\t<div class=\"elementor-element elementor-element-93d4680 elementor-widget elementor-widget-theme-post-excerpt\" data-id=\"93d4680\" data-element_type=\"widget\" data-widget_type=\"theme-post-excerpt.default\">\n\t\t\t\t<div class=\"elementor-widget-container\">\n\t\t\t\t\t<p>&#013; The days of painting and color composing in the basement at home are finally over for the young Cologne shooting star of the art scene. Because near the main station, Am Salzmagazin 14 in the Eigelsteinveedel, &#013;<\/p>\n\t\t\t\t<\/div>\n\t\t\t\t<\/div>\n\t\t\t\t\t<\/div>\n\t\t<\/div>\n\t\t\t\t\t<\/div>\n\t\t<\/section>\n\t\t\t\t<\/div>\n\t\t\t\t<div data-elementor-type=\"loop-item\" data-elementor-id=\"6347\" class=\"elementor elementor-6347 elementor-2616 e-loop-item e-loop-item-7469 post-7469 press type-press status-publish has-post-thumbnail hentry\" data-elementor-post-type=\"elementor_library\" data-custom-edit-handle=\"1\">\n\t\t\t<a class=\"eael-wrapper-link-51713bb --eael-wrapper-link-tag\" href=\"https:\/\/www.ksta.de\/region\/rhein-erft\/pulheim\/ausstellungen-weltweit-neunjaehriger-pulheimer-gilt-als-wunderkind-der-kunst-39117218?cb=1638441742717&#038;\" target=\"_blank\" rel=\"nofollow noopener\"><\/a>\t\t<section data-eael-wrapper-link=\"eael-wrapper-link-51713bb\" data-particle_enable=\"false\" data-particle-mobile-disabled=\"false\" class=\"elementor-section elementor-top-section elementor-element elementor-element-51713bb elementor-section-boxed elementor-section-height-default elementor-section-height-default\" data-id=\"51713bb\" data-element_type=\"section\" data-settings=\"{&quot;background_background&quot;:&quot;classic&quot;}\">\n\t\t\t\t\t\t<div class=\"elementor-container elementor-column-gap-no\">\n\t\t\t\t\t<div class=\"elementor-column elementor-col-100 elementor-top-column elementor-element elementor-element-4594f1c\" data-id=\"4594f1c\" data-element_type=\"column\">\n\t\t\t<div class=\"elementor-widget-wrap elementor-element-populated\">\n\t\t\t\t\t\t<section data-particle_enable=\"false\" data-particle-mobile-disabled=\"false\" class=\"elementor-section elementor-inner-section elementor-element elementor-element-9485dab elementor-section-content-middle elementor-section-boxed elementor-section-height-default elementor-section-height-default\" data-id=\"9485dab\" data-element_type=\"section\">\n\t\t\t\t\t\t<div class=\"elementor-container elementor-column-gap-default\">\n\t\t\t\t\t<div class=\"elementor-column elementor-col-100 elementor-inner-column elementor-element elementor-element-5ef2d7a\" data-id=\"5ef2d7a\" data-element_type=\"column\">\n\t\t\t<div class=\"elementor-widget-wrap elementor-element-populated\">\n\t\t\t\t\t\t<div class=\"elementor-element elementor-element-279c5a5 elementor-widget elementor-widget-image\" data-id=\"279c5a5\" data-element_type=\"widget\" data-widget_type=\"image.default\">\n\t\t\t\t<div class=\"elementor-widget-container\">\n\t\t\t\t\t\t\t\t\t\t\t\t\t\t\t<img loading=\"lazy\" decoding=\"async\" width=\"1024\" height=\"932\" src=\"https:\/\/mikailakar.com\/wp-content\/uploads\/2023\/07\/KLEINER-KUNSTLER-MIT-9-JAHREN-EIGENES-ATELIER-1-1.jpg\" class=\"attachment-full size-full wp-image-1258\" alt=\"\" srcset=\"https:\/\/mikailakar.com\/wp-content\/uploads\/2023\/07\/KLEINER-KUNSTLER-MIT-9-JAHREN-EIGENES-ATELIER-1-1.jpg 1024w, https:\/\/mikailakar.com\/wp-content\/uploads\/2023\/07\/KLEINER-KUNSTLER-MIT-9-JAHREN-EIGENES-ATELIER-1-1-300x273.jpg 300w, https:\/\/mikailakar.com\/wp-content\/uploads\/2023\/07\/KLEINER-KUNSTLER-MIT-9-JAHREN-EIGENES-ATELIER-1-1-768x699.jpg 768w\" sizes=\"(max-width: 1024px) 100vw, 1024px\" \/>\t\t\t\t\t\t\t\t\t\t\t\t\t\t\t<\/div>\n\t\t\t\t<\/div>\n\t\t\t\t\t<\/div>\n\t\t<\/div>\n\t\t\t\t\t<\/div>\n\t\t<\/section>\n\t\t\t\t<div class=\"elementor-element elementor-element-afca23e elementor-widget elementor-widget-heading\" data-id=\"afca23e\" data-element_type=\"widget\" data-widget_type=\"heading.default\">\n\t\t\t\t<div class=\"elementor-widget-container\">\n\t\t\t\t\t<h3 class=\"elementor-heading-title elementor-size-default\">LITTLE ARTIST WITH 9 YEARS OWN STUDIO<\/h3>\t\t\t\t<\/div>\n\t\t\t\t<\/div>\n\t\t\t\t<div class=\"elementor-element elementor-element-93d4680 elementor-widget elementor-widget-theme-post-excerpt\" data-id=\"93d4680\" data-element_type=\"widget\" data-widget_type=\"theme-post-excerpt.default\">\n\t\t\t\t<div class=\"elementor-widget-container\">\n\t\t\t\t\t<p>&#013; Little man big! Mikail Akar proudly walks through his new studio. As he says: in XXL edition. The 9-year-old opened it in Cologne at the weekend. For Mikail, a highlight of his little artist career. At the age of four, he painted his first picture &#013;<\/p>\n\t\t\t\t<\/div>\n\t\t\t\t<\/div>\n\t\t\t\t\t<\/div>\n\t\t<\/div>\n\t\t\t\t\t<\/div>\n\t\t<\/section>\n\t\t\t\t<\/div>\n\t\t\t\t<div data-elementor-type=\"loop-item\" data-elementor-id=\"6347\" class=\"elementor elementor-6347 elementor-2616 e-loop-item e-loop-item-7484 post-7484 press type-press status-publish has-post-thumbnail hentry\" data-elementor-post-type=\"elementor_library\" data-custom-edit-handle=\"1\">\n\t\t\t<a class=\"eael-wrapper-link-51713bb --eael-wrapper-link-tag\" href=\"https:\/\/www.ksta.de\/region\/rhein-erft\/pulheim\/ausstellungen-weltweit-neunjaehriger-pulheimer-gilt-als-wunderkind-der-kunst-39117218?cb=1638441742717&#038;\" target=\"_blank\" rel=\"nofollow noopener\"><\/a>\t\t<section data-eael-wrapper-link=\"eael-wrapper-link-51713bb\" data-particle_enable=\"false\" data-particle-mobile-disabled=\"false\" class=\"elementor-section elementor-top-section elementor-element elementor-element-51713bb elementor-section-boxed elementor-section-height-default elementor-section-height-default\" data-id=\"51713bb\" data-element_type=\"section\" data-settings=\"{&quot;background_background&quot;:&quot;classic&quot;}\">\n\t\t\t\t\t\t<div class=\"elementor-container elementor-column-gap-no\">\n\t\t\t\t\t<div class=\"elementor-column elementor-col-100 elementor-top-column elementor-element elementor-element-4594f1c\" data-id=\"4594f1c\" data-element_type=\"column\">\n\t\t\t<div class=\"elementor-widget-wrap elementor-element-populated\">\n\t\t\t\t\t\t<section data-particle_enable=\"false\" data-particle-mobile-disabled=\"false\" class=\"elementor-section elementor-inner-section elementor-element elementor-element-9485dab elementor-section-content-middle elementor-section-boxed elementor-section-height-default elementor-section-height-default\" data-id=\"9485dab\" data-element_type=\"section\">\n\t\t\t\t\t\t<div class=\"elementor-container elementor-column-gap-default\">\n\t\t\t\t\t<div class=\"elementor-column elementor-col-100 elementor-inner-column elementor-element elementor-element-5ef2d7a\" data-id=\"5ef2d7a\" data-element_type=\"column\">\n\t\t\t<div class=\"elementor-widget-wrap elementor-element-populated\">\n\t\t\t\t\t\t<div class=\"elementor-element elementor-element-279c5a5 elementor-widget elementor-widget-image\" data-id=\"279c5a5\" data-element_type=\"widget\" data-widget_type=\"image.default\">\n\t\t\t\t<div class=\"elementor-widget-container\">\n\t\t\t\t\t\t\t\t\t\t\t\t\t\t\t<img loading=\"lazy\" decoding=\"async\" width=\"1273\" height=\"1754\" src=\"https:\/\/mikailakar.com\/wp-content\/uploads\/2023\/07\/AUSSTELLUNGEN-WELTWEIT-NEUNJAHRIGER-PULHEIMER-GILT-ALS-WUNDERKIND-DER-KUNST.jpg\" class=\"attachment-full size-full wp-image-1254\" alt=\"\" srcset=\"https:\/\/mikailakar.com\/wp-content\/uploads\/2023\/07\/AUSSTELLUNGEN-WELTWEIT-NEUNJAHRIGER-PULHEIMER-GILT-ALS-WUNDERKIND-DER-KUNST.jpg 1273w, https:\/\/mikailakar.com\/wp-content\/uploads\/2023\/07\/AUSSTELLUNGEN-WELTWEIT-NEUNJAHRIGER-PULHEIMER-GILT-ALS-WUNDERKIND-DER-KUNST-218x300.jpg 218w, https:\/\/mikailakar.com\/wp-content\/uploads\/2023\/07\/AUSSTELLUNGEN-WELTWEIT-NEUNJAHRIGER-PULHEIMER-GILT-ALS-WUNDERKIND-DER-KUNST-743x1024.jpg 743w, https:\/\/mikailakar.com\/wp-content\/uploads\/2023\/07\/AUSSTELLUNGEN-WELTWEIT-NEUNJAHRIGER-PULHEIMER-GILT-ALS-WUNDERKIND-DER-KUNST-768x1058.jpg 768w, https:\/\/mikailakar.com\/wp-content\/uploads\/2023\/07\/AUSSTELLUNGEN-WELTWEIT-NEUNJAHRIGER-PULHEIMER-GILT-ALS-WUNDERKIND-DER-KUNST-1115x1536.jpg 1115w\" sizes=\"(max-width: 1273px) 100vw, 1273px\" \/>\t\t\t\t\t\t\t\t\t\t\t\t\t\t\t<\/div>\n\t\t\t\t<\/div>\n\t\t\t\t\t<\/div>\n\t\t<\/div>\n\t\t\t\t\t<\/div>\n\t\t<\/section>\n\t\t\t\t<div class=\"elementor-element elementor-element-afca23e elementor-widget elementor-widget-heading\" data-id=\"afca23e\" data-element_type=\"widget\" data-widget_type=\"heading.default\">\n\t\t\t\t<div class=\"elementor-widget-container\">\n\t\t\t\t\t<h3 class=\"elementor-heading-title elementor-size-default\">EXHIBITIONS WORLDWIDE NINE-YEAR-OLD FROM PULHEIM IS CONSIDERED A CHILD PRODIGY OF ART<\/h3>\t\t\t\t<\/div>\n\t\t\t\t<\/div>\n\t\t\t\t<div class=\"elementor-element elementor-element-93d4680 elementor-widget elementor-widget-theme-post-excerpt\" data-id=\"93d4680\" data-element_type=\"widget\" data-widget_type=\"theme-post-excerpt.default\">\n\t\t\t\t<div class=\"elementor-widget-container\">\n\t\t\t\t\t<p>&#013; Mikail is a child prodigy. At least that&#8217;s what Kai Pflaume says. And he&#8217;s not the only one. &#013;<\/p>\n\t\t\t\t<\/div>\n\t\t\t\t<\/div>\n\t\t\t\t\t<\/div>\n\t\t<\/div>\n\t\t\t\t\t<\/div>\n\t\t<\/section>\n\t\t\t\t<\/div>\n\t\t\t\t<div data-elementor-type=\"loop-item\" data-elementor-id=\"6347\" class=\"elementor elementor-6347 elementor-2616 e-loop-item e-loop-item-1248 post-1248 press type-press status-publish has-post-thumbnail hentry\" data-elementor-post-type=\"elementor_library\" data-custom-edit-handle=\"1\">\n\t\t\t<a class=\"eael-wrapper-link-51713bb --eael-wrapper-link-tag\" href=\"https:\/\/www.ardmediathek.de\/video\/klein-gegen-gross\/das-kunst-duell-mit-senta-berger\/das-erste\/Y3JpZDovL2Rhc2Vyc3RlLmRlL2tsZWluLWdlZ2VuLWdyb3NzL2NiNWU5MjIxLThkZDAtNDA3Ny04ZDRlLTMwMWRkMWNjNTI1Zg\/\" target=\"_blank\" rel=\"nofollow noopener\"><\/a>\t\t<section data-eael-wrapper-link=\"eael-wrapper-link-51713bb\" data-particle_enable=\"false\" data-particle-mobile-disabled=\"false\" class=\"elementor-section elementor-top-section elementor-element elementor-element-51713bb elementor-section-boxed elementor-section-height-default elementor-section-height-default\" data-id=\"51713bb\" data-element_type=\"section\" data-settings=\"{&quot;background_background&quot;:&quot;classic&quot;}\">\n\t\t\t\t\t\t<div class=\"elementor-container elementor-column-gap-no\">\n\t\t\t\t\t<div class=\"elementor-column elementor-col-100 elementor-top-column elementor-element elementor-element-4594f1c\" data-id=\"4594f1c\" data-element_type=\"column\">\n\t\t\t<div class=\"elementor-widget-wrap elementor-element-populated\">\n\t\t\t\t\t\t<section data-particle_enable=\"false\" data-particle-mobile-disabled=\"false\" class=\"elementor-section elementor-inner-section elementor-element elementor-element-9485dab elementor-section-content-middle elementor-section-boxed elementor-section-height-default elementor-section-height-default\" data-id=\"9485dab\" data-element_type=\"section\">\n\t\t\t\t\t\t<div class=\"elementor-container elementor-column-gap-default\">\n\t\t\t\t\t<div class=\"elementor-column elementor-col-100 elementor-inner-column elementor-element elementor-element-5ef2d7a\" data-id=\"5ef2d7a\" data-element_type=\"column\">\n\t\t\t<div class=\"elementor-widget-wrap elementor-element-populated\">\n\t\t\t\t\t\t<div class=\"elementor-element elementor-element-279c5a5 elementor-widget elementor-widget-image\" data-id=\"279c5a5\" data-element_type=\"widget\" data-widget_type=\"image.default\">\n\t\t\t\t<div class=\"elementor-widget-container\">\n\t\t\t\t\t\t\t\t\t\t\t\t\t\t\t<img loading=\"lazy\" decoding=\"async\" width=\"1024\" height=\"1467\" src=\"https:\/\/mikailakar.com\/wp-content\/uploads\/2023\/07\/KLEIN-GEGEN-GROSS-DAS-KUNST-DUELL-MIT-SENTA-BERGER-1.jpg\" class=\"attachment-full size-full wp-image-1249\" alt=\"\" srcset=\"https:\/\/mikailakar.com\/wp-content\/uploads\/2023\/07\/KLEIN-GEGEN-GROSS-DAS-KUNST-DUELL-MIT-SENTA-BERGER-1.jpg 1024w, https:\/\/mikailakar.com\/wp-content\/uploads\/2023\/07\/KLEIN-GEGEN-GROSS-DAS-KUNST-DUELL-MIT-SENTA-BERGER-1-209x300.jpg 209w, https:\/\/mikailakar.com\/wp-content\/uploads\/2023\/07\/KLEIN-GEGEN-GROSS-DAS-KUNST-DUELL-MIT-SENTA-BERGER-1-715x1024.jpg 715w, https:\/\/mikailakar.com\/wp-content\/uploads\/2023\/07\/KLEIN-GEGEN-GROSS-DAS-KUNST-DUELL-MIT-SENTA-BERGER-1-768x1100.jpg 768w\" sizes=\"(max-width: 1024px) 100vw, 1024px\" \/>\t\t\t\t\t\t\t\t\t\t\t\t\t\t\t<\/div>\n\t\t\t\t<\/div>\n\t\t\t\t\t<\/div>\n\t\t<\/div>\n\t\t\t\t\t<\/div>\n\t\t<\/section>\n\t\t\t\t<div class=\"elementor-element elementor-element-afca23e elementor-widget elementor-widget-heading\" data-id=\"afca23e\" data-element_type=\"widget\" data-widget_type=\"heading.default\">\n\t\t\t\t<div class=\"elementor-widget-container\">\n\t\t\t\t\t<h3 class=\"elementor-heading-title elementor-size-default\">KLEIN GEGEN GROSS DAS KUNST-DUELL MIT SENTA BERGER<\/h3>\t\t\t\t<\/div>\n\t\t\t\t<\/div>\n\t\t\t\t<div class=\"elementor-element elementor-element-93d4680 elementor-widget elementor-widget-theme-post-excerpt\" data-id=\"93d4680\" data-element_type=\"widget\" data-widget_type=\"theme-post-excerpt.default\">\n\t\t\t\t<div class=\"elementor-widget-container\">\n\t\t\t\t\t<p>Mikail (9) ist der j\u00fcngste, abstrakte K\u00fcnstler weltweit. Kann er im Duell gegen Senta Berger beweisen, dass er neben einem Adlerauge auch \u00fcber das n\u00f6tige Kunstverst\u00e4ndnis verf\u00fcgt, um in Werken gro\u00dfer Maler versteckte Fehler zu erkennen?<\/p>\n\t\t\t\t<\/div>\n\t\t\t\t<\/div>\n\t\t\t\t\t<\/div>\n\t\t<\/div>\n\t\t\t\t\t<\/div>\n\t\t<\/section>\n\t\t\t\t<\/div>\n\t\t\t\t<div data-elementor-type=\"loop-item\" data-elementor-id=\"6347\" class=\"elementor elementor-6347 elementor-2616 e-loop-item e-loop-item-1244 post-1244 press type-press status-publish has-post-thumbnail hentry\" data-elementor-post-type=\"elementor_library\" data-custom-edit-handle=\"1\">\n\t\t\t<a class=\"eael-wrapper-link-51713bb --eael-wrapper-link-tag\" href=\"https:\/\/www.express.de\/koeln\/tolle-geste-koelner-wunderkind-mikail--8--spendet-mega-summe-fuer-menschen-in-not-37595812\" target=\"_blank\" rel=\"nofollow noopener\"><\/a>\t\t<section data-eael-wrapper-link=\"eael-wrapper-link-51713bb\" data-particle_enable=\"false\" data-particle-mobile-disabled=\"false\" class=\"elementor-section elementor-top-section elementor-element elementor-element-51713bb elementor-section-boxed elementor-section-height-default elementor-section-height-default\" data-id=\"51713bb\" data-element_type=\"section\" data-settings=\"{&quot;background_background&quot;:&quot;classic&quot;}\">\n\t\t\t\t\t\t<div class=\"elementor-container elementor-column-gap-no\">\n\t\t\t\t\t<div class=\"elementor-column elementor-col-100 elementor-top-column elementor-element elementor-element-4594f1c\" data-id=\"4594f1c\" data-element_type=\"column\">\n\t\t\t<div class=\"elementor-widget-wrap elementor-element-populated\">\n\t\t\t\t\t\t<section data-particle_enable=\"false\" data-particle-mobile-disabled=\"false\" class=\"elementor-section elementor-inner-section elementor-element elementor-element-9485dab elementor-section-content-middle elementor-section-boxed elementor-section-height-default elementor-section-height-default\" data-id=\"9485dab\" data-element_type=\"section\">\n\t\t\t\t\t\t<div class=\"elementor-container elementor-column-gap-default\">\n\t\t\t\t\t<div class=\"elementor-column elementor-col-100 elementor-inner-column elementor-element elementor-element-5ef2d7a\" data-id=\"5ef2d7a\" data-element_type=\"column\">\n\t\t\t<div class=\"elementor-widget-wrap elementor-element-populated\">\n\t\t\t\t\t\t<div class=\"elementor-element elementor-element-279c5a5 elementor-widget elementor-widget-image\" data-id=\"279c5a5\" data-element_type=\"widget\" data-widget_type=\"image.default\">\n\t\t\t\t<div class=\"elementor-widget-container\">\n\t\t\t\t\t\t\t\t\t\t\t\t\t\t\t<img loading=\"lazy\" decoding=\"async\" width=\"819\" height=\"1053\" src=\"https:\/\/mikailakar.com\/wp-content\/uploads\/2023\/07\/TOLLE-GESTE-KOLNER-WUNDERKIND-MIKAIL-8-SPENDET-MEGA-SUMME-FUR-MENSCHEN-IN-NOT.jpg\" class=\"attachment-full size-full wp-image-1245\" alt=\"\" srcset=\"https:\/\/mikailakar.com\/wp-content\/uploads\/2023\/07\/TOLLE-GESTE-KOLNER-WUNDERKIND-MIKAIL-8-SPENDET-MEGA-SUMME-FUR-MENSCHEN-IN-NOT.jpg 819w, https:\/\/mikailakar.com\/wp-content\/uploads\/2023\/07\/TOLLE-GESTE-KOLNER-WUNDERKIND-MIKAIL-8-SPENDET-MEGA-SUMME-FUR-MENSCHEN-IN-NOT-233x300.jpg 233w, https:\/\/mikailakar.com\/wp-content\/uploads\/2023\/07\/TOLLE-GESTE-KOLNER-WUNDERKIND-MIKAIL-8-SPENDET-MEGA-SUMME-FUR-MENSCHEN-IN-NOT-796x1024.jpg 796w, https:\/\/mikailakar.com\/wp-content\/uploads\/2023\/07\/TOLLE-GESTE-KOLNER-WUNDERKIND-MIKAIL-8-SPENDET-MEGA-SUMME-FUR-MENSCHEN-IN-NOT-768x987.jpg 768w\" sizes=\"(max-width: 819px) 100vw, 819px\" \/>\t\t\t\t\t\t\t\t\t\t\t\t\t\t\t<\/div>\n\t\t\t\t<\/div>\n\t\t\t\t\t<\/div>\n\t\t<\/div>\n\t\t\t\t\t<\/div>\n\t\t<\/section>\n\t\t\t\t<div class=\"elementor-element elementor-element-afca23e elementor-widget elementor-widget-heading\" data-id=\"afca23e\" data-element_type=\"widget\" data-widget_type=\"heading.default\">\n\t\t\t\t<div class=\"elementor-widget-container\">\n\t\t\t\t\t<h3 class=\"elementor-heading-title elementor-size-default\">TOLLE GESTE K\u00d6LNER WUNDERKIND MIKAIL (8) SPENDET MEGA-SUMME F\u00dcR MENSCHEN IN NOT<\/h3>\t\t\t\t<\/div>\n\t\t\t\t<\/div>\n\t\t\t\t<div class=\"elementor-element elementor-element-93d4680 elementor-widget elementor-widget-theme-post-excerpt\" data-id=\"93d4680\" data-element_type=\"widget\" data-widget_type=\"theme-post-excerpt.default\">\n\t\t\t\t<div class=\"elementor-widget-container\">\n\t\t\t\t\t<p>Mikail Akar (8) gilt als gro\u00dfes Talent in der Kunstszene. Und der kleine Mann aus K\u00f6ln hat ein noch gr\u00f6\u00dferes Herz: Er malt Bilder, f\u00fcr die Sammler mehrere tausend Euro auf den Tisch legen.<\/p>\n\t\t\t\t<\/div>\n\t\t\t\t<\/div>\n\t\t\t\t\t<\/div>\n\t\t<\/div>\n\t\t\t\t\t<\/div>\n\t\t<\/section>\n\t\t\t\t<\/div>\n\t\t\t\t<div data-elementor-type=\"loop-item\" data-elementor-id=\"6347\" class=\"elementor elementor-6347 elementor-2616 e-loop-item e-loop-item-1240 post-1240 press type-press status-publish has-post-thumbnail hentry\" data-elementor-post-type=\"elementor_library\" data-custom-edit-handle=\"1\">\n\t\t\t<a class=\"eael-wrapper-link-51713bb --eael-wrapper-link-tag\" href=\"https:\/\/www.bild.de\/regional\/koeln\/koeln-aktuell\/hilfe-aus-koeln-maler-star-mikail-8-spendet-fuer-erdbeben-opfer-73872312.bild.html\" target=\"_blank\" rel=\"nofollow noopener\"><\/a>\t\t<section data-eael-wrapper-link=\"eael-wrapper-link-51713bb\" data-particle_enable=\"false\" data-particle-mobile-disabled=\"false\" class=\"elementor-section elementor-top-section elementor-element elementor-element-51713bb elementor-section-boxed elementor-section-height-default elementor-section-height-default\" data-id=\"51713bb\" data-element_type=\"section\" data-settings=\"{&quot;background_background&quot;:&quot;classic&quot;}\">\n\t\t\t\t\t\t<div class=\"elementor-container elementor-column-gap-no\">\n\t\t\t\t\t<div class=\"elementor-column elementor-col-100 elementor-top-column elementor-element elementor-element-4594f1c\" data-id=\"4594f1c\" data-element_type=\"column\">\n\t\t\t<div class=\"elementor-widget-wrap elementor-element-populated\">\n\t\t\t\t\t\t<section data-particle_enable=\"false\" data-particle-mobile-disabled=\"false\" class=\"elementor-section elementor-inner-section elementor-element elementor-element-9485dab elementor-section-content-middle elementor-section-boxed elementor-section-height-default elementor-section-height-default\" data-id=\"9485dab\" data-element_type=\"section\">\n\t\t\t\t\t\t<div class=\"elementor-container elementor-column-gap-default\">\n\t\t\t\t\t<div class=\"elementor-column elementor-col-100 elementor-inner-column elementor-element elementor-element-5ef2d7a\" data-id=\"5ef2d7a\" data-element_type=\"column\">\n\t\t\t<div class=\"elementor-widget-wrap elementor-element-populated\">\n\t\t\t\t\t\t<div class=\"elementor-element elementor-element-279c5a5 elementor-widget elementor-widget-image\" data-id=\"279c5a5\" data-element_type=\"widget\" data-widget_type=\"image.default\">\n\t\t\t\t<div class=\"elementor-widget-container\">\n\t\t\t\t\t\t\t\t\t\t\t\t\t\t\t<img loading=\"lazy\" decoding=\"async\" width=\"818\" height=\"1152\" src=\"https:\/\/mikailakar.com\/wp-content\/uploads\/2023\/07\/MALER-STAR-MIKAIL-8-SPENDET-FUR-ERDBEBEN-OPFER.jpg\" class=\"attachment-full size-full wp-image-1241\" alt=\"\" srcset=\"https:\/\/mikailakar.com\/wp-content\/uploads\/2023\/07\/MALER-STAR-MIKAIL-8-SPENDET-FUR-ERDBEBEN-OPFER.jpg 818w, https:\/\/mikailakar.com\/wp-content\/uploads\/2023\/07\/MALER-STAR-MIKAIL-8-SPENDET-FUR-ERDBEBEN-OPFER-213x300.jpg 213w, https:\/\/mikailakar.com\/wp-content\/uploads\/2023\/07\/MALER-STAR-MIKAIL-8-SPENDET-FUR-ERDBEBEN-OPFER-727x1024.jpg 727w, https:\/\/mikailakar.com\/wp-content\/uploads\/2023\/07\/MALER-STAR-MIKAIL-8-SPENDET-FUR-ERDBEBEN-OPFER-768x1082.jpg 768w\" sizes=\"(max-width: 818px) 100vw, 818px\" \/>\t\t\t\t\t\t\t\t\t\t\t\t\t\t\t<\/div>\n\t\t\t\t<\/div>\n\t\t\t\t\t<\/div>\n\t\t<\/div>\n\t\t\t\t\t<\/div>\n\t\t<\/section>\n\t\t\t\t<div class=\"elementor-element elementor-element-afca23e elementor-widget elementor-widget-heading\" data-id=\"afca23e\" data-element_type=\"widget\" data-widget_type=\"heading.default\">\n\t\t\t\t<div class=\"elementor-widget-container\">\n\t\t\t\t\t<h3 class=\"elementor-heading-title elementor-size-default\">MALER-STAR MIKAIL (8) SPENDET F\u00dcR ERDBEBEN-OPFER<\/h3>\t\t\t\t<\/div>\n\t\t\t\t<\/div>\n\t\t\t\t<div class=\"elementor-element elementor-element-93d4680 elementor-widget elementor-widget-theme-post-excerpt\" data-id=\"93d4680\" data-element_type=\"widget\" data-widget_type=\"theme-post-excerpt.default\">\n\t\t\t\t<div class=\"elementor-widget-container\">\n\t\t\t\t\t<p>Vor \u00fcber einer Woche bebte in der T\u00fcrkei und Griechenland die Erde. Alleine in der t\u00fcrkischen Stadt Izmir kamen 80 Menschen ums Leben, tausende verloren ihre H\u00e4user. Diese Menschen bekommen nun Unterst\u00fctzung von einem gro\u00dfen kleinen K\u00fcnstler aus K\u00f6ln.<\/p>\n\t\t\t\t<\/div>\n\t\t\t\t<\/div>\n\t\t\t\t\t<\/div>\n\t\t<\/div>\n\t\t\t\t\t<\/div>\n\t\t<\/section>\n\t\t\t\t<\/div>\n\t\t\t\t<div data-elementor-type=\"loop-item\" data-elementor-id=\"6347\" class=\"elementor elementor-6347 elementor-2616 e-loop-item e-loop-item-1236 post-1236 press type-press status-publish has-post-thumbnail hentry\" data-elementor-post-type=\"elementor_library\" data-custom-edit-handle=\"1\">\n\t\t\t<a class=\"eael-wrapper-link-51713bb --eael-wrapper-link-tag\" href=\"https:\/\/www.dw.com\/tr\/minik-ressam%C4%B1n-deprem-tablosu-15-bin-euroya-al%C4%B1c%C4%B1-buldu\/a-55579626\" target=\"_blank\" rel=\"nofollow noopener\"><\/a>\t\t<section data-eael-wrapper-link=\"eael-wrapper-link-51713bb\" data-particle_enable=\"false\" data-particle-mobile-disabled=\"false\" class=\"elementor-section elementor-top-section elementor-element elementor-element-51713bb elementor-section-boxed elementor-section-height-default elementor-section-height-default\" data-id=\"51713bb\" data-element_type=\"section\" data-settings=\"{&quot;background_background&quot;:&quot;classic&quot;}\">\n\t\t\t\t\t\t<div class=\"elementor-container elementor-column-gap-no\">\n\t\t\t\t\t<div class=\"elementor-column elementor-col-100 elementor-top-column elementor-element elementor-element-4594f1c\" data-id=\"4594f1c\" data-element_type=\"column\">\n\t\t\t<div class=\"elementor-widget-wrap elementor-element-populated\">\n\t\t\t\t\t\t<section data-particle_enable=\"false\" data-particle-mobile-disabled=\"false\" class=\"elementor-section elementor-inner-section elementor-element elementor-element-9485dab elementor-section-content-middle elementor-section-boxed elementor-section-height-default elementor-section-height-default\" data-id=\"9485dab\" data-element_type=\"section\">\n\t\t\t\t\t\t<div class=\"elementor-container elementor-column-gap-default\">\n\t\t\t\t\t<div class=\"elementor-column elementor-col-100 elementor-inner-column elementor-element elementor-element-5ef2d7a\" data-id=\"5ef2d7a\" data-element_type=\"column\">\n\t\t\t<div class=\"elementor-widget-wrap elementor-element-populated\">\n\t\t\t\t\t\t<div class=\"elementor-element elementor-element-279c5a5 elementor-widget elementor-widget-image\" data-id=\"279c5a5\" data-element_type=\"widget\" data-widget_type=\"image.default\">\n\t\t\t\t<div class=\"elementor-widget-container\">\n\t\t\t\t\t\t\t\t\t\t\t\t\t\t\t<img loading=\"lazy\" decoding=\"async\" width=\"806\" height=\"1267\" src=\"https:\/\/mikailakar.com\/wp-content\/uploads\/2023\/07\/MINIK-RESSAMIN-DEPREM-TABLOSU-15-BIN-EUROYA-ALICI-BULDU.jpeg\" class=\"attachment-full size-full wp-image-1237\" alt=\"\" srcset=\"https:\/\/mikailakar.com\/wp-content\/uploads\/2023\/07\/MINIK-RESSAMIN-DEPREM-TABLOSU-15-BIN-EUROYA-ALICI-BULDU.jpeg 806w, https:\/\/mikailakar.com\/wp-content\/uploads\/2023\/07\/MINIK-RESSAMIN-DEPREM-TABLOSU-15-BIN-EUROYA-ALICI-BULDU-191x300.jpeg 191w, https:\/\/mikailakar.com\/wp-content\/uploads\/2023\/07\/MINIK-RESSAMIN-DEPREM-TABLOSU-15-BIN-EUROYA-ALICI-BULDU-651x1024.jpeg 651w, https:\/\/mikailakar.com\/wp-content\/uploads\/2023\/07\/MINIK-RESSAMIN-DEPREM-TABLOSU-15-BIN-EUROYA-ALICI-BULDU-768x1207.jpeg 768w\" sizes=\"(max-width: 806px) 100vw, 806px\" \/>\t\t\t\t\t\t\t\t\t\t\t\t\t\t\t<\/div>\n\t\t\t\t<\/div>\n\t\t\t\t\t<\/div>\n\t\t<\/div>\n\t\t\t\t\t<\/div>\n\t\t<\/section>\n\t\t\t\t<div class=\"elementor-element elementor-element-afca23e elementor-widget elementor-widget-heading\" data-id=\"afca23e\" data-element_type=\"widget\" data-widget_type=\"heading.default\">\n\t\t\t\t<div class=\"elementor-widget-container\">\n\t\t\t\t\t<h3 class=\"elementor-heading-title elementor-size-default\">MINIK RESSAMIN DEPREM TABLOSU 15 BIN EUROYA ALICI BULDU<\/h3>\t\t\t\t<\/div>\n\t\t\t\t<\/div>\n\t\t\t\t<div class=\"elementor-element elementor-element-93d4680 elementor-widget elementor-widget-theme-post-excerpt\" data-id=\"93d4680\" data-element_type=\"widget\" data-widget_type=\"theme-post-excerpt.default\">\n\t\t\t\t<div class=\"elementor-widget-container\">\n\t\t\t\t\t<p>Almanya\u2019da ya\u015fayan minik ressam Mikail Akar\u2019\u0131n Yunan meslekta\u015f\u0131 ile Ege\u2019deki depremzeler yarar\u0131na yapt\u0131\u011f\u0131 tablo a\u00e7\u0131k art\u0131rmada 15 bin euroya sat\u0131ld\u0131.<\/p>\n\t\t\t\t<\/div>\n\t\t\t\t<\/div>\n\t\t\t\t\t<\/div>\n\t\t<\/div>\n\t\t\t\t\t<\/div>\n\t\t<\/section>\n\t\t\t\t<\/div>\n\t\t\t\t<div data-elementor-type=\"loop-item\" data-elementor-id=\"6347\" class=\"elementor elementor-6347 elementor-2616 e-loop-item e-loop-item-1232 post-1232 press type-press status-publish has-post-thumbnail hentry\" data-elementor-post-type=\"elementor_library\" data-custom-edit-handle=\"1\">\n\t\t\t<a class=\"eael-wrapper-link-51713bb --eael-wrapper-link-tag\" href=\"https:\/\/www.rtl.de\/videos\/sind-die-bilder-von-wunderkind-mikail-akar-wirklich-kunst-5f6777ca4775556ee95d8eb7.html\" target=\"_blank\" rel=\"nofollow noopener\"><\/a>\t\t<section data-eael-wrapper-link=\"eael-wrapper-link-51713bb\" data-particle_enable=\"false\" data-particle-mobile-disabled=\"false\" class=\"elementor-section elementor-top-section elementor-element elementor-element-51713bb elementor-section-boxed elementor-section-height-default elementor-section-height-default\" data-id=\"51713bb\" data-element_type=\"section\" data-settings=\"{&quot;background_background&quot;:&quot;classic&quot;}\">\n\t\t\t\t\t\t<div class=\"elementor-container elementor-column-gap-no\">\n\t\t\t\t\t<div class=\"elementor-column elementor-col-100 elementor-top-column elementor-element elementor-element-4594f1c\" data-id=\"4594f1c\" data-element_type=\"column\">\n\t\t\t<div class=\"elementor-widget-wrap elementor-element-populated\">\n\t\t\t\t\t\t<section data-particle_enable=\"false\" data-particle-mobile-disabled=\"false\" class=\"elementor-section elementor-inner-section elementor-element elementor-element-9485dab elementor-section-content-middle elementor-section-boxed elementor-section-height-default elementor-section-height-default\" data-id=\"9485dab\" data-element_type=\"section\">\n\t\t\t\t\t\t<div class=\"elementor-container elementor-column-gap-default\">\n\t\t\t\t\t<div class=\"elementor-column elementor-col-100 elementor-inner-column elementor-element elementor-element-5ef2d7a\" data-id=\"5ef2d7a\" data-element_type=\"column\">\n\t\t\t<div class=\"elementor-widget-wrap elementor-element-populated\">\n\t\t\t\t\t\t<div class=\"elementor-element elementor-element-279c5a5 elementor-widget elementor-widget-image\" data-id=\"279c5a5\" data-element_type=\"widget\" data-widget_type=\"image.default\">\n\t\t\t\t<div class=\"elementor-widget-container\">\n\t\t\t\t\t\t\t\t\t\t\t\t\t\t\t<img loading=\"lazy\" decoding=\"async\" width=\"828\" height=\"1257\" src=\"https:\/\/mikailakar.com\/wp-content\/uploads\/2023\/07\/SCHULER-IST-SCHON-EIN-STAR-IN-DER-KUNSTWELT.jpg\" class=\"attachment-full size-full wp-image-1233\" alt=\"\" srcset=\"https:\/\/mikailakar.com\/wp-content\/uploads\/2023\/07\/SCHULER-IST-SCHON-EIN-STAR-IN-DER-KUNSTWELT.jpg 828w, https:\/\/mikailakar.com\/wp-content\/uploads\/2023\/07\/SCHULER-IST-SCHON-EIN-STAR-IN-DER-KUNSTWELT-198x300.jpg 198w, https:\/\/mikailakar.com\/wp-content\/uploads\/2023\/07\/SCHULER-IST-SCHON-EIN-STAR-IN-DER-KUNSTWELT-675x1024.jpg 675w, https:\/\/mikailakar.com\/wp-content\/uploads\/2023\/07\/SCHULER-IST-SCHON-EIN-STAR-IN-DER-KUNSTWELT-768x1166.jpg 768w\" sizes=\"(max-width: 828px) 100vw, 828px\" \/>\t\t\t\t\t\t\t\t\t\t\t\t\t\t\t<\/div>\n\t\t\t\t<\/div>\n\t\t\t\t\t<\/div>\n\t\t<\/div>\n\t\t\t\t\t<\/div>\n\t\t<\/section>\n\t\t\t\t<div class=\"elementor-element elementor-element-afca23e elementor-widget elementor-widget-heading\" data-id=\"afca23e\" data-element_type=\"widget\" data-widget_type=\"heading.default\">\n\t\t\t\t<div class=\"elementor-widget-container\">\n\t\t\t\t\t<h3 class=\"elementor-heading-title elementor-size-default\">SCH\u00dcLER IST SCHON EIN STAR IN DER KUNSTWELT<\/h3>\t\t\t\t<\/div>\n\t\t\t\t<\/div>\n\t\t\t\t<div class=\"elementor-element elementor-element-93d4680 elementor-widget elementor-widget-theme-post-excerpt\" data-id=\"93d4680\" data-element_type=\"widget\" data-widget_type=\"theme-post-excerpt.default\">\n\t\t\t\t<div class=\"elementor-widget-container\">\n\t\t\t\t\t<p>Sind die Bilder von Wunderkind Mikail Akar wirklich Kunst?<\/p>\n\t\t\t\t<\/div>\n\t\t\t\t<\/div>\n\t\t\t\t\t<\/div>\n\t\t<\/div>\n\t\t\t\t\t<\/div>\n\t\t<\/section>\n\t\t\t\t<\/div>\n\t\t\t\t<div data-elementor-type=\"loop-item\" data-elementor-id=\"6347\" class=\"elementor elementor-6347 elementor-2616 e-loop-item e-loop-item-1228 post-1228 press type-press status-publish has-post-thumbnail hentry\" data-elementor-post-type=\"elementor_library\" data-custom-edit-handle=\"1\">\n\t\t\t<a class=\"eael-wrapper-link-51713bb --eael-wrapper-link-tag\" href=\"https:\/\/kurier.at\/freizeit\/leben-liebe-sex\/wunderkind-mikail-der-mini-miro\/401035424\" target=\"_blank\" rel=\"nofollow noopener\"><\/a>\t\t<section data-eael-wrapper-link=\"eael-wrapper-link-51713bb\" data-particle_enable=\"false\" data-particle-mobile-disabled=\"false\" class=\"elementor-section elementor-top-section elementor-element elementor-element-51713bb elementor-section-boxed elementor-section-height-default elementor-section-height-default\" data-id=\"51713bb\" data-element_type=\"section\" data-settings=\"{&quot;background_background&quot;:&quot;classic&quot;}\">\n\t\t\t\t\t\t<div class=\"elementor-container elementor-column-gap-no\">\n\t\t\t\t\t<div class=\"elementor-column elementor-col-100 elementor-top-column elementor-element elementor-element-4594f1c\" data-id=\"4594f1c\" data-element_type=\"column\">\n\t\t\t<div class=\"elementor-widget-wrap elementor-element-populated\">\n\t\t\t\t\t\t<section data-particle_enable=\"false\" data-particle-mobile-disabled=\"false\" class=\"elementor-section elementor-inner-section elementor-element elementor-element-9485dab elementor-section-content-middle elementor-section-boxed elementor-section-height-default elementor-section-height-default\" data-id=\"9485dab\" data-element_type=\"section\">\n\t\t\t\t\t\t<div class=\"elementor-container elementor-column-gap-default\">\n\t\t\t\t\t<div class=\"elementor-column elementor-col-100 elementor-inner-column elementor-element elementor-element-5ef2d7a\" data-id=\"5ef2d7a\" data-element_type=\"column\">\n\t\t\t<div class=\"elementor-widget-wrap elementor-element-populated\">\n\t\t\t\t\t\t<div class=\"elementor-element elementor-element-279c5a5 elementor-widget elementor-widget-image\" data-id=\"279c5a5\" data-element_type=\"widget\" data-widget_type=\"image.default\">\n\t\t\t\t<div class=\"elementor-widget-container\">\n\t\t\t\t\t\t\t\t\t\t\t\t\t\t\t<img loading=\"lazy\" decoding=\"async\" width=\"814\" height=\"934\" src=\"https:\/\/mikailakar.com\/wp-content\/uploads\/2023\/07\/WUNDERKIND-MIKAIL-DER-MINI-MIRO.jpg\" class=\"attachment-full size-full wp-image-1229\" alt=\"\" srcset=\"https:\/\/mikailakar.com\/wp-content\/uploads\/2023\/07\/WUNDERKIND-MIKAIL-DER-MINI-MIRO.jpg 814w, https:\/\/mikailakar.com\/wp-content\/uploads\/2023\/07\/WUNDERKIND-MIKAIL-DER-MINI-MIRO-261x300.jpg 261w, https:\/\/mikailakar.com\/wp-content\/uploads\/2023\/07\/WUNDERKIND-MIKAIL-DER-MINI-MIRO-768x881.jpg 768w\" sizes=\"(max-width: 814px) 100vw, 814px\" \/>\t\t\t\t\t\t\t\t\t\t\t\t\t\t\t<\/div>\n\t\t\t\t<\/div>\n\t\t\t\t\t<\/div>\n\t\t<\/div>\n\t\t\t\t\t<\/div>\n\t\t<\/section>\n\t\t\t\t<div class=\"elementor-element elementor-element-afca23e elementor-widget elementor-widget-heading\" data-id=\"afca23e\" data-element_type=\"widget\" data-widget_type=\"heading.default\">\n\t\t\t\t<div class=\"elementor-widget-container\">\n\t\t\t\t\t<h3 class=\"elementor-heading-title elementor-size-default\">WUNDERKIND: MIKAIL, DER MINI-MIR\u00d3<\/h3>\t\t\t\t<\/div>\n\t\t\t\t<\/div>\n\t\t\t\t<div class=\"elementor-element elementor-element-93d4680 elementor-widget elementor-widget-theme-post-excerpt\" data-id=\"93d4680\" data-element_type=\"widget\" data-widget_type=\"theme-post-excerpt.default\">\n\t\t\t\t<div class=\"elementor-widget-container\">\n\t\t\t\t\t<p>Ein siebenj\u00e4hriger Deutscher mischt mit seinen abstrakten Bildern die Kunstszene auf.<\/p>\n\t\t\t\t<\/div>\n\t\t\t\t<\/div>\n\t\t\t\t\t<\/div>\n\t\t<\/div>\n\t\t\t\t\t<\/div>\n\t\t<\/section>\n\t\t\t\t<\/div>\n\t\t\t\t<div data-elementor-type=\"loop-item\" data-elementor-id=\"6347\" class=\"elementor elementor-6347 elementor-2616 e-loop-item e-loop-item-1221 post-1221 press type-press status-publish has-post-thumbnail hentry\" data-elementor-post-type=\"elementor_library\" data-custom-edit-handle=\"1\">\n\t\t\t<a class=\"eael-wrapper-link-51713bb --eael-wrapper-link-tag\" href=\"https:\/\/www.elpais.com.uy\/vida-actual\/mini-picasso-aleman-agita-mundo-arte-anos.html\" target=\"_blank\" rel=\"nofollow noopener\"><\/a>\t\t<section data-eael-wrapper-link=\"eael-wrapper-link-51713bb\" data-particle_enable=\"false\" data-particle-mobile-disabled=\"false\" class=\"elementor-section elementor-top-section elementor-element elementor-element-51713bb elementor-section-boxed elementor-section-height-default elementor-section-height-default\" data-id=\"51713bb\" data-element_type=\"section\" data-settings=\"{&quot;background_background&quot;:&quot;classic&quot;}\">\n\t\t\t\t\t\t<div class=\"elementor-container elementor-column-gap-no\">\n\t\t\t\t\t<div class=\"elementor-column elementor-col-100 elementor-top-column elementor-element elementor-element-4594f1c\" data-id=\"4594f1c\" data-element_type=\"column\">\n\t\t\t<div class=\"elementor-widget-wrap elementor-element-populated\">\n\t\t\t\t\t\t<section data-particle_enable=\"false\" data-particle-mobile-disabled=\"false\" class=\"elementor-section elementor-inner-section elementor-element elementor-element-9485dab elementor-section-content-middle elementor-section-boxed elementor-section-height-default elementor-section-height-default\" data-id=\"9485dab\" data-element_type=\"section\">\n\t\t\t\t\t\t<div class=\"elementor-container elementor-column-gap-default\">\n\t\t\t\t\t<div class=\"elementor-column elementor-col-100 elementor-inner-column elementor-element elementor-element-5ef2d7a\" data-id=\"5ef2d7a\" data-element_type=\"column\">\n\t\t\t<div class=\"elementor-widget-wrap elementor-element-populated\">\n\t\t\t\t\t\t<div class=\"elementor-element elementor-element-279c5a5 elementor-widget elementor-widget-image\" data-id=\"279c5a5\" data-element_type=\"widget\" data-widget_type=\"image.default\">\n\t\t\t\t<div class=\"elementor-widget-container\">\n\t\t\t\t\t\t\t\t\t\t\t\t\t\t\t<img loading=\"lazy\" decoding=\"async\" width=\"1024\" height=\"731\" src=\"https:\/\/mikailakar.com\/wp-content\/uploads\/2023\/07\/EL-MINI-PICASSO-ALEMAN-QUE-AGITA-EL-MUNDO-DEL-ARTE-CON-SOLO-7-ANOS-1.jpg\" class=\"attachment-full size-full wp-image-1225\" alt=\"\" srcset=\"https:\/\/mikailakar.com\/wp-content\/uploads\/2023\/07\/EL-MINI-PICASSO-ALEMAN-QUE-AGITA-EL-MUNDO-DEL-ARTE-CON-SOLO-7-ANOS-1.jpg 1024w, https:\/\/mikailakar.com\/wp-content\/uploads\/2023\/07\/EL-MINI-PICASSO-ALEMAN-QUE-AGITA-EL-MUNDO-DEL-ARTE-CON-SOLO-7-ANOS-1-300x214.jpg 300w, https:\/\/mikailakar.com\/wp-content\/uploads\/2023\/07\/EL-MINI-PICASSO-ALEMAN-QUE-AGITA-EL-MUNDO-DEL-ARTE-CON-SOLO-7-ANOS-1-768x548.jpg 768w\" sizes=\"(max-width: 1024px) 100vw, 1024px\" \/>\t\t\t\t\t\t\t\t\t\t\t\t\t\t\t<\/div>\n\t\t\t\t<\/div>\n\t\t\t\t\t<\/div>\n\t\t<\/div>\n\t\t\t\t\t<\/div>\n\t\t<\/section>\n\t\t\t\t<div class=\"elementor-element elementor-element-afca23e elementor-widget elementor-widget-heading\" data-id=\"afca23e\" data-element_type=\"widget\" data-widget_type=\"heading.default\">\n\t\t\t\t<div class=\"elementor-widget-container\">\n\t\t\t\t\t<h3 class=\"elementor-heading-title elementor-size-default\">EL &#8220;MINI PICASSO&#8221; ALEM\u00c1N QUE AGITA EL MUNDO DEL ARTE CON S\u00d3LO 7 A\u00d1OS<\/h3>\t\t\t\t<\/div>\n\t\t\t\t<\/div>\n\t\t\t\t<div class=\"elementor-element elementor-element-93d4680 elementor-widget elementor-widget-theme-post-excerpt\" data-id=\"93d4680\" data-element_type=\"widget\" data-widget_type=\"theme-post-excerpt.default\">\n\t\t\t\t<div class=\"elementor-widget-container\">\n\t\t\t\t\t<p>Mikail Akar naci\u00f3 en Colonia, Alemania, y vende cuadros en todo el mundo que valen miles de euros<\/p>\n\t\t\t\t<\/div>\n\t\t\t\t<\/div>\n\t\t\t\t\t<\/div>\n\t\t<\/div>\n\t\t\t\t\t<\/div>\n\t\t<\/section>\n\t\t\t\t<\/div>\n\t\t\t\t<div data-elementor-type=\"loop-item\" data-elementor-id=\"6347\" class=\"elementor elementor-6347 elementor-2616 e-loop-item e-loop-item-1214 post-1214 press type-press status-publish has-post-thumbnail hentry\" data-elementor-post-type=\"elementor_library\" data-custom-edit-handle=\"1\">\n\t\t\t<a class=\"eael-wrapper-link-51713bb --eael-wrapper-link-tag\" href=\"https:\/\/www.bfmtv.com\/mediaplayer\/video\/a-7-ans-mikail-akar-agite-le-monde-de-l-art-1213916.html\" target=\"_blank\" rel=\"nofollow noopener\"><\/a>\t\t<section data-eael-wrapper-link=\"eael-wrapper-link-51713bb\" data-particle_enable=\"false\" data-particle-mobile-disabled=\"false\" class=\"elementor-section elementor-top-section elementor-element elementor-element-51713bb elementor-section-boxed elementor-section-height-default elementor-section-height-default\" data-id=\"51713bb\" data-element_type=\"section\" data-settings=\"{&quot;background_background&quot;:&quot;classic&quot;}\">\n\t\t\t\t\t\t<div class=\"elementor-container elementor-column-gap-no\">\n\t\t\t\t\t<div class=\"elementor-column elementor-col-100 elementor-top-column elementor-element elementor-element-4594f1c\" data-id=\"4594f1c\" data-element_type=\"column\">\n\t\t\t<div class=\"elementor-widget-wrap elementor-element-populated\">\n\t\t\t\t\t\t<section data-particle_enable=\"false\" data-particle-mobile-disabled=\"false\" class=\"elementor-section elementor-inner-section elementor-element elementor-element-9485dab elementor-section-content-middle elementor-section-boxed elementor-section-height-default elementor-section-height-default\" data-id=\"9485dab\" data-element_type=\"section\">\n\t\t\t\t\t\t<div class=\"elementor-container elementor-column-gap-default\">\n\t\t\t\t\t<div class=\"elementor-column elementor-col-100 elementor-inner-column elementor-element elementor-element-5ef2d7a\" data-id=\"5ef2d7a\" data-element_type=\"column\">\n\t\t\t<div class=\"elementor-widget-wrap elementor-element-populated\">\n\t\t\t\t\t\t<div class=\"elementor-element elementor-element-279c5a5 elementor-widget elementor-widget-image\" data-id=\"279c5a5\" data-element_type=\"widget\" data-widget_type=\"image.default\">\n\t\t\t\t<div class=\"elementor-widget-container\">\n\t\t\t\t\t\t\t\t\t\t\t\t\t\t\t<img loading=\"lazy\" decoding=\"async\" width=\"1023\" height=\"812\" src=\"https:\/\/mikailakar.com\/wp-content\/uploads\/2023\/07\/A-7-ANS-MIKAIL-AKAR-AGITE-LE-MONDE-DE-LART-1.jpg\" class=\"attachment-full size-full wp-image-1218\" alt=\"\" srcset=\"https:\/\/mikailakar.com\/wp-content\/uploads\/2023\/07\/A-7-ANS-MIKAIL-AKAR-AGITE-LE-MONDE-DE-LART-1.jpg 1023w, https:\/\/mikailakar.com\/wp-content\/uploads\/2023\/07\/A-7-ANS-MIKAIL-AKAR-AGITE-LE-MONDE-DE-LART-1-300x238.jpg 300w, https:\/\/mikailakar.com\/wp-content\/uploads\/2023\/07\/A-7-ANS-MIKAIL-AKAR-AGITE-LE-MONDE-DE-LART-1-768x610.jpg 768w\" sizes=\"(max-width: 1023px) 100vw, 1023px\" \/>\t\t\t\t\t\t\t\t\t\t\t\t\t\t\t<\/div>\n\t\t\t\t<\/div>\n\t\t\t\t\t<\/div>\n\t\t<\/div>\n\t\t\t\t\t<\/div>\n\t\t<\/section>\n\t\t\t\t<div class=\"elementor-element elementor-element-afca23e elementor-widget elementor-widget-heading\" data-id=\"afca23e\" data-element_type=\"widget\" data-widget_type=\"heading.default\">\n\t\t\t\t<div class=\"elementor-widget-container\">\n\t\t\t\t\t<h3 class=\"elementor-heading-title elementor-size-default\">\u00c0 7 ANS, MIKAIL AKAR AGITE LE MONDE DE L&#8217;ART<\/h3>\t\t\t\t<\/div>\n\t\t\t\t<\/div>\n\t\t\t\t<div class=\"elementor-element elementor-element-93d4680 elementor-widget elementor-widget-theme-post-excerpt\" data-id=\"93d4680\" data-element_type=\"widget\" data-widget_type=\"theme-post-excerpt.default\">\n\t\t\t\t<div class=\"elementor-widget-container\">\n\t\t\t\t\t<p>\u00c0 7 ans, Mikail Akar agite le monde de l&#8217;art. Le jeune allemand a d\u00e9j\u00e0 vendu plusieurs tableaux, pour plusieurs millions d&#8217;euros,<\/p>\n\t\t\t\t<\/div>\n\t\t\t\t<\/div>\n\t\t\t\t\t<\/div>\n\t\t<\/div>\n\t\t\t\t\t<\/div>\n\t\t<\/section>\n\t\t\t\t<\/div>\n\t\t\t\t<div data-elementor-type=\"loop-item\" data-elementor-id=\"6347\" class=\"elementor elementor-6347 elementor-2616 e-loop-item e-loop-item-1210 post-1210 press type-press status-publish has-post-thumbnail hentry\" data-elementor-post-type=\"elementor_library\" data-custom-edit-handle=\"1\">\n\t\t\t<a class=\"eael-wrapper-link-51713bb --eael-wrapper-link-tag\" href=\"https:\/\/nypost.com\/2020\/01\/10\/7-year-old-german-painting-prodigy-sells-work-for-over-12000\/\" target=\"_blank\" rel=\"nofollow noopener\"><\/a>\t\t<section data-eael-wrapper-link=\"eael-wrapper-link-51713bb\" data-particle_enable=\"false\" data-particle-mobile-disabled=\"false\" class=\"elementor-section elementor-top-section elementor-element elementor-element-51713bb elementor-section-boxed elementor-section-height-default elementor-section-height-default\" data-id=\"51713bb\" data-element_type=\"section\" data-settings=\"{&quot;background_background&quot;:&quot;classic&quot;}\">\n\t\t\t\t\t\t<div class=\"elementor-container elementor-column-gap-no\">\n\t\t\t\t\t<div class=\"elementor-column elementor-col-100 elementor-top-column elementor-element elementor-element-4594f1c\" data-id=\"4594f1c\" data-element_type=\"column\">\n\t\t\t<div class=\"elementor-widget-wrap elementor-element-populated\">\n\t\t\t\t\t\t<section data-particle_enable=\"false\" data-particle-mobile-disabled=\"false\" class=\"elementor-section elementor-inner-section elementor-element elementor-element-9485dab elementor-section-content-middle elementor-section-boxed elementor-section-height-default elementor-section-height-default\" data-id=\"9485dab\" data-element_type=\"section\">\n\t\t\t\t\t\t<div class=\"elementor-container elementor-column-gap-default\">\n\t\t\t\t\t<div class=\"elementor-column elementor-col-100 elementor-inner-column elementor-element elementor-element-5ef2d7a\" data-id=\"5ef2d7a\" data-element_type=\"column\">\n\t\t\t<div class=\"elementor-widget-wrap elementor-element-populated\">\n\t\t\t\t\t\t<div class=\"elementor-element elementor-element-279c5a5 elementor-widget elementor-widget-image\" data-id=\"279c5a5\" data-element_type=\"widget\" data-widget_type=\"image.default\">\n\t\t\t\t<div class=\"elementor-widget-container\">\n\t\t\t\t\t\t\t\t\t\t\t\t\t\t\t<img loading=\"lazy\" decoding=\"async\" width=\"2433\" height=\"1648\" src=\"https:\/\/mikailakar.com\/wp-content\/uploads\/2023\/07\/7-YEAR-OLD-GERMAN-PAINTING-PRODIGY-1.jpg\" class=\"attachment-full size-full wp-image-1211\" alt=\"\" srcset=\"https:\/\/mikailakar.com\/wp-content\/uploads\/2023\/07\/7-YEAR-OLD-GERMAN-PAINTING-PRODIGY-1.jpg 2433w, https:\/\/mikailakar.com\/wp-content\/uploads\/2023\/07\/7-YEAR-OLD-GERMAN-PAINTING-PRODIGY-1-300x203.jpg 300w, https:\/\/mikailakar.com\/wp-content\/uploads\/2023\/07\/7-YEAR-OLD-GERMAN-PAINTING-PRODIGY-1-1024x694.jpg 1024w, https:\/\/mikailakar.com\/wp-content\/uploads\/2023\/07\/7-YEAR-OLD-GERMAN-PAINTING-PRODIGY-1-768x520.jpg 768w, https:\/\/mikailakar.com\/wp-content\/uploads\/2023\/07\/7-YEAR-OLD-GERMAN-PAINTING-PRODIGY-1-1536x1040.jpg 1536w, https:\/\/mikailakar.com\/wp-content\/uploads\/2023\/07\/7-YEAR-OLD-GERMAN-PAINTING-PRODIGY-1-2048x1387.jpg 2048w\" sizes=\"(max-width: 2433px) 100vw, 2433px\" \/>\t\t\t\t\t\t\t\t\t\t\t\t\t\t\t<\/div>\n\t\t\t\t<\/div>\n\t\t\t\t\t<\/div>\n\t\t<\/div>\n\t\t\t\t\t<\/div>\n\t\t<\/section>\n\t\t\t\t<div class=\"elementor-element elementor-element-afca23e elementor-widget elementor-widget-heading\" data-id=\"afca23e\" data-element_type=\"widget\" data-widget_type=\"heading.default\">\n\t\t\t\t<div class=\"elementor-widget-container\">\n\t\t\t\t\t<h3 class=\"elementor-heading-title elementor-size-default\">7-YEAR-OLD GERMAN PAINTING PRODIGY SELLS WORK FOR OVER $12,000<\/h3>\t\t\t\t<\/div>\n\t\t\t\t<\/div>\n\t\t\t\t<div class=\"elementor-element elementor-element-93d4680 elementor-widget elementor-widget-theme-post-excerpt\" data-id=\"93d4680\" data-element_type=\"widget\" data-widget_type=\"theme-post-excerpt.default\">\n\t\t\t\t<div class=\"elementor-widget-container\">\n\t\t\t\t\t<p>The kid\u2019s a pint-sized Picasso. Mikail Akar is just 7-years-old but already his work is selling for tens of thousands of dollars and being compared to the most legendary expressionist painters.<\/p>\n\t\t\t\t<\/div>\n\t\t\t\t<\/div>\n\t\t\t\t\t<\/div>\n\t\t<\/div>\n\t\t\t\t\t<\/div>\n\t\t<\/section>\n\t\t\t\t<\/div>\n\t\t\t\t<div data-elementor-type=\"loop-item\" data-elementor-id=\"6347\" class=\"elementor elementor-6347 elementor-2616 e-loop-item e-loop-item-1206 post-1206 press type-press status-publish has-post-thumbnail hentry\" data-elementor-post-type=\"elementor_library\" data-custom-edit-handle=\"1\">\n\t\t\t<a class=\"eael-wrapper-link-51713bb --eael-wrapper-link-tag\" href=\"https:\/\/www.foxnews.com\/science\/preschool-picasso-art-world-germany\" target=\"_blank\" rel=\"nofollow noopener\"><\/a>\t\t<section data-eael-wrapper-link=\"eael-wrapper-link-51713bb\" data-particle_enable=\"false\" data-particle-mobile-disabled=\"false\" class=\"elementor-section elementor-top-section elementor-element elementor-element-51713bb elementor-section-boxed elementor-section-height-default elementor-section-height-default\" data-id=\"51713bb\" data-element_type=\"section\" data-settings=\"{&quot;background_background&quot;:&quot;classic&quot;}\">\n\t\t\t\t\t\t<div class=\"elementor-container elementor-column-gap-no\">\n\t\t\t\t\t<div class=\"elementor-column elementor-col-100 elementor-top-column elementor-element elementor-element-4594f1c\" data-id=\"4594f1c\" data-element_type=\"column\">\n\t\t\t<div class=\"elementor-widget-wrap elementor-element-populated\">\n\t\t\t\t\t\t<section data-particle_enable=\"false\" data-particle-mobile-disabled=\"false\" class=\"elementor-section elementor-inner-section elementor-element elementor-element-9485dab elementor-section-content-middle elementor-section-boxed elementor-section-height-default elementor-section-height-default\" data-id=\"9485dab\" data-element_type=\"section\">\n\t\t\t\t\t\t<div class=\"elementor-container elementor-column-gap-default\">\n\t\t\t\t\t<div class=\"elementor-column elementor-col-100 elementor-inner-column elementor-element elementor-element-5ef2d7a\" data-id=\"5ef2d7a\" data-element_type=\"column\">\n\t\t\t<div class=\"elementor-widget-wrap elementor-element-populated\">\n\t\t\t\t\t\t<div class=\"elementor-element elementor-element-279c5a5 elementor-widget elementor-widget-image\" data-id=\"279c5a5\" data-element_type=\"widget\" data-widget_type=\"image.default\">\n\t\t\t\t<div class=\"elementor-widget-container\">\n\t\t\t\t\t\t\t\t\t\t\t\t\t\t\t<img loading=\"lazy\" decoding=\"async\" width=\"2560\" height=\"1445\" src=\"https:\/\/mikailakar.com\/wp-content\/uploads\/2023\/07\/7-YEAR-OLD-PAINTER-WOWS-ART-WORLD-IN-GERMANY-1-scaled.jpg\" class=\"attachment-full size-full wp-image-1207\" alt=\"\" srcset=\"https:\/\/mikailakar.com\/wp-content\/uploads\/2023\/07\/7-YEAR-OLD-PAINTER-WOWS-ART-WORLD-IN-GERMANY-1-scaled.jpg 2560w, https:\/\/mikailakar.com\/wp-content\/uploads\/2023\/07\/7-YEAR-OLD-PAINTER-WOWS-ART-WORLD-IN-GERMANY-1-300x169.jpg 300w, https:\/\/mikailakar.com\/wp-content\/uploads\/2023\/07\/7-YEAR-OLD-PAINTER-WOWS-ART-WORLD-IN-GERMANY-1-1024x578.jpg 1024w, https:\/\/mikailakar.com\/wp-content\/uploads\/2023\/07\/7-YEAR-OLD-PAINTER-WOWS-ART-WORLD-IN-GERMANY-1-768x433.jpg 768w, https:\/\/mikailakar.com\/wp-content\/uploads\/2023\/07\/7-YEAR-OLD-PAINTER-WOWS-ART-WORLD-IN-GERMANY-1-1536x867.jpg 1536w, https:\/\/mikailakar.com\/wp-content\/uploads\/2023\/07\/7-YEAR-OLD-PAINTER-WOWS-ART-WORLD-IN-GERMANY-1-2048x1156.jpg 2048w\" sizes=\"(max-width: 2560px) 100vw, 2560px\" \/>\t\t\t\t\t\t\t\t\t\t\t\t\t\t\t<\/div>\n\t\t\t\t<\/div>\n\t\t\t\t\t<\/div>\n\t\t<\/div>\n\t\t\t\t\t<\/div>\n\t\t<\/section>\n\t\t\t\t<div class=\"elementor-element elementor-element-afca23e elementor-widget elementor-widget-heading\" data-id=\"afca23e\" data-element_type=\"widget\" data-widget_type=\"heading.default\">\n\t\t\t\t<div class=\"elementor-widget-container\">\n\t\t\t\t\t<h3 class=\"elementor-heading-title elementor-size-default\">7-YEAR-OLD PAINTER WOWS ART WORLD IN GERMANY<\/h3>\t\t\t\t<\/div>\n\t\t\t\t<\/div>\n\t\t\t\t\t<\/div>\n\t\t<\/div>\n\t\t\t\t\t<\/div>\n\t\t<\/section>\n\t\t\t\t<\/div>\n\t\t\t\t<\/div>\n\t\t\t\t\t<span class=\"e-load-more-spinner\">\n\t\t\t\t<i aria-hidden=\"true\" class=\"fas fa-spinner\"><\/i>\t\t\t<\/span>\n\t\t\n\t\t\t\t<div class=\"e-load-more-anchor\" data-page=\"1\" data-max-page=\"2\" data-next-page=\"https:\/\/mikailakar.com\/en\/wp-json\/wp\/v2\/pages\/4423\/page\/2\/\"><\/div>\n\t\t\t\t<div class=\"e-load-more-message\"><\/div>\n\t\t\t\t\t\t<\/div>\n\t\t\t\t<\/div>\n\t\t\t\t\t<\/div>\n\t\t<\/div>\n\t\t\t\t\t<\/div>\n\t\t<\/section>\n\t\t\t\t<\/div>\n\t\t","protected":false},"excerpt":{"rendered":"<p>Stay up to date with the latest reports from Mikail Akar Welcome to the press release page about Mikail Akar, where you can stay informed about the latest news, announcements and exciting developments of the young artist. Send press inquiry \u2192<\/p>\n","protected":false},"author":2,"featured_media":0,"parent":0,"menu_order":0,"comment_status":"closed","ping_status":"closed","template":"","meta":{"_acf_changed":false,"footnotes":""},"class_list":["post-4423","page","type-page","status-publish","hentry"],"acf":[],"_links":{"self":[{"href":"https:\/\/mikailakar.com\/en\/wp-json\/wp\/v2\/pages\/4423","targetHints":{"allow":["GET"]}}],"collection":[{"href":"https:\/\/mikailakar.com\/en\/wp-json\/wp\/v2\/pages"}],"about":[{"href":"https:\/\/mikailakar.com\/en\/wp-json\/wp\/v2\/types\/page"}],"author":[{"embeddable":true,"href":"https:\/\/mikailakar.com\/en\/wp-json\/wp\/v2\/users\/2"}],"replies":[{"embeddable":true,"href":"https:\/\/mikailakar.com\/en\/wp-json\/wp\/v2\/comments?post=4423"}],"version-history":[{"count":13,"href":"https:\/\/mikailakar.com\/en\/wp-json\/wp\/v2\/pages\/4423\/revisions"}],"predecessor-version":[{"id":6567,"href":"https:\/\/mikailakar.com\/en\/wp-json\/wp\/v2\/pages\/4423\/revisions\/6567"}],"wp:attachment":[{"href":"https:\/\/mikailakar.com\/en\/wp-json\/wp\/v2\/media?parent=4423"}],"curies":[{"name":"wp","href":"https:\/\/api.w.org\/{rel}","templated":true}]}}